{"id":116192,"date":"2021-07-13T14:22:25","date_gmt":"2021-07-13T11:22:25","guid":{"rendered":"http:\/\/walltopia.com\/politica-de-privacidad\/"},"modified":"2024-03-26T12:21:18","modified_gmt":"2024-03-26T09:21:18","slug":"politica-de-privacidad","status":"publish","type":"page","link":"https:\/\/walltopia.com\/es\/politica-de-privacidad\/","title":{"rendered":"Pol\u00edtica de privacidad"},"content":{"rendered":"<div class=\"wpb-content-wrapper\">[vc_row css=\u00bb.vc_custom_1610054112370{padding-top: 100px !important;}\u00bb el_id=\u00bbI\u00bb][vc_column][vc_custom_heading text=\u00bbPol\u00edtica general de protecci\u00f3n de datos personales\u00bb font_container=\u00bbtag:h3|text_align:center|line_height:1&#8243; use_theme_fonts=\u00bbyes\u00bb el_class=\u00bbuppercase letter-spacing-1px\u00bb css=\u00bb.vc_custom_1610048606009{margin-top: 0px !important;margin-bottom: 25px !important;}\u00bb][vc_column_text el_class=\u00bbtext-align-center\u00bb](en vigor a partir del 24.05.2018)<\/p>\n[\/vc_column_text][vc_custom_heading text=\u00bbI. \u00c1mbito de aplicaci\u00f3n\u00bb font_container=\u00bbtag:h4|text_align:center|line_height:1&#8243; use_theme_fonts=\u00bbyes\u00bb el_class=\u00bbuppercase letter-spacing-1px\u00bb css=\u00bb.vc_custom_1610052713789{margin-top: 25px !important;margin-bottom: 25px !important;}\u00bb][vc_column_text]\n<p>Walltopia AD (\u00abWalltopia\u00bb, \u00abnosotros\u00bb, \u00abnuestro\u00bb o \u00abnos\u00bb), UIC 204143670, sede y direcci\u00f3n de registro: Letnitsa 5570, 1B Bulgaria Blvd., como responsable del tratamiento de datos personales, es consciente de la importancia de proteger sus datos personales.<\/p>\n<p>La presente Pol\u00edtica General de Protecci\u00f3n de Datos Personales (la \u00abPol\u00edtica General\u00bb) tiene por objeto informarle de lo siguiente:<\/p>\n<ol>\n<li>\n              <strong>Las categor\u00edas de datos personales que recogemos y tratamos:<\/strong>\n            <\/li>\n<\/ol>\n<p>(i) cuando se registre o utilice nuestro sitio web www.walltopia.com o algunos de los sitios o p\u00e1ginas asociados al mismo en las redes sociales, o cuando utilice otra aplicaci\u00f3n o servicio en l\u00ednea que haga referencia a la presente pol\u00edtica de protecci\u00f3n de datos personales (en lo sucesivo, los <strong>\u00abServicios\u00bb)<\/strong>;<\/p>\n<p>(ii) cuando solicite un puesto de trabajo que hayamos anunciado o durante el proceso de selecci\u00f3n o contrataci\u00f3n como empleado, trabajador o subcontratista nuestro;<\/p>\n<p>(iii) cuando se ponga en contacto con nosotros (incluso a trav\u00e9s de algunos de nuestros sitios web) o nos solicite informaci\u00f3n sobre los bienes y servicios que ofrecemos;<\/p>\n<p>(iv) cuando llevamos a cabo el trabajo que nos ha encomendado, incluida la venta de bienes y servicios que ofrecemos.<\/p>\n<ol start=\"2\">\n<li>\n              <strong>Las fuentes y m\u00e9todos de recogida y protecci\u00f3n de los datos personales que tratamos.<\/strong>\n            <\/li>\n<li>\n              <strong>Los fines del tratamiento de sus datos personales y la base jur\u00eddica para hacerlo.<\/strong>\n            <\/li>\n<li>\n              <strong>Recogida y tratamiento de datos personales de menores.<\/strong>\n            <\/li>\n<li>\n              <strong>Los casos en que transferimos sus datos personales a terceros.<\/strong>\n            <\/li>\n<li>\n              <strong>El plazo durante el cual conservamos sus datos personales y cu\u00e1ndo los suprimimos.<\/strong>\n            <\/li>\n<li>\n              <strong>Sus derechos en relaci\u00f3n con el tratamiento de sus datos personales.<\/strong>\n            <\/li>\n<li>\n              <strong>Protecci\u00f3n de sus datos personales.<\/strong>\n            <\/li>\n<li>\n              <strong>Los medios a trav\u00e9s de los cuales puede ponerse en contacto con nosotros sobre cuestiones relacionadas con el tratamiento de sus datos personales.<\/strong>\n            <\/li>\n<\/ol>\n<p>La presente Pol\u00edtica General de Protecci\u00f3n de Datos Personales se aplica siempre que tratamos sus datos personales. Adem\u00e1s de la presente Pol\u00edtica General, se aplican nuestras pol\u00edticas especiales de protecci\u00f3n de determinadas categor\u00edas de datos.<\/p>\n<p>Es posible que actualicemos peri\u00f3dicamente esta Pol\u00edtica general de protecci\u00f3n de datos personales. Cuando lo hagamos, publicaremos en nuestro sitio web una notificaci\u00f3n de la actualizaci\u00f3n, as\u00ed como la versi\u00f3n modificada de la pol\u00edtica.<\/p>\n<p>Si tiene alguna pregunta relacionada con esta Pol\u00edtica General, no dude en ponerse en contacto con nosotros a trav\u00e9s de cualquiera de los m\u00e9todos descritos al final de este documento.<\/p>\n<p>A efectos de la presente Pol\u00edtica General:<\/p>\n<p><strong>\u00abDatos personales<\/strong>  cualquier informaci\u00f3n relacionada con una persona f\u00edsica identificada o identificable (\u00abinteresado\u00bb); una persona f\u00edsica identificable es aquella que puede ser identificada, directa o indirectamente, en particular por referencia a un identificador como un nombre, un n\u00famero de identificaci\u00f3n, datos de localizaci\u00f3n, un identificador en l\u00ednea o a uno o m\u00e1s factores espec\u00edficos de la identidad f\u00edsica, fisiol\u00f3gica, gen\u00e9tica, psicol\u00f3gica, mental, econ\u00f3mica, cultural o social de dicha persona f\u00edsica<\/p>\n<p><strong>\u00abDatos personales sensibles\u00bb<\/strong>  incluye los datos personales que revelen el origen racial o \u00e9tnico, las opiniones pol\u00edticas, las convicciones religiosas o filos\u00f3ficas, o la afiliaci\u00f3n sindical, as\u00ed como el tratamiento de datos gen\u00e9ticos, datos biom\u00e9tricos destinados a identificar de manera un\u00edvoca a una persona f\u00edsica, datos relativos a la salud o datos relativos a la vida sexual o a la orientaci\u00f3n sexual de una persona f\u00edsica.<\/p>\n<p>No tratamos datos personales sensibles a menos que sea necesario para cumplir con nuestras obligaciones reglamentarias, por ejemplo, las obligaciones que tenemos en virtud de la legislaci\u00f3n laboral o antidiscriminaci\u00f3n. Le rogamos que no nos env\u00ede ni facilite de ning\u00fan otro modo datos personales sensibles relacionados con usted (u otra persona) a menos que se lo hayamos pedido expresamente por escrito y despu\u00e9s de haberle confirmado que contamos con los consentimientos necesarios y que se cumplen todos los dem\u00e1s requisitos legales para el tratamiento de datos.<\/p>\n<p><strong>\u00abDatos personales\u00bb<\/strong> no incluye datos que no puedan relacionarse o asociarse con una persona f\u00edsica concreta.<\/p>\n[\/vc_column_text][\/vc_column][\/vc_row][vc_row el_id=\u00bbII\u00bb][vc_column][vc_custom_heading text=\u00bbII. Categor\u00edas de datos personales que tratamos\u00bb font_container=\u00bbtag:h4|text_align:center|line_height:1&#8243; use_theme_fonts=\u00bbyes\u00bb el_class=\u00bbuppercase letter-spacing-1px\u00bb css=\u00bb.vc_custom_1610052554807{margin-top: 25px !important;margin-bottom: 25px !important;}\u00bb][vc_column_text]Los Datos Personales que tratamos incluyen:<\/p>\n<p><strong>Informaci\u00f3n b\u00e1sica<\/strong>, como su nombre (incluido el cargo), la organizaci\u00f3n a la que representa o para la que trabaja y su puesto en la misma.<\/p>\n<p><strong>Informaci\u00f3n de contacto<\/strong>, como direcci\u00f3n postal, correo electr\u00f3nico, n\u00famero de tel\u00e9fono, n\u00famero de fax y nombre de Skype.<\/p>\n<p><strong>Informaci\u00f3n financiera<\/strong>, como el n\u00famero de su tarjeta de cr\u00e9dito\/d\u00e9bito o su cuenta bancaria en relaci\u00f3n con una transacci\u00f3n concreta o una serie de transacciones relacionadas.<\/p>\n<p><strong>Informaci\u00f3n t\u00e9cnica<\/strong>, como los datos generados como resultado de su uso del sitio web o de una aplicaci\u00f3n integrada en el mismo (app, plug-in, etc.), as\u00ed como informaci\u00f3n relativa a los materiales y comunicaciones recibidos de usted o enviados a usted por v\u00eda electr\u00f3nica.<\/p>\n<p><strong>Informaci\u00f3n relacionada con reuniones de negocios<\/strong>, como cualquier informaci\u00f3n que nos proporcione sobre su participaci\u00f3n en seminarios de negocios, conferencias y otros eventos comerciales similares organizados por nosotros o algunas de las empresas asociadas con nosotros.<\/p>\n<p><strong>Otros datos personales<\/strong> que nos facilite usted o que se generen en su nombre en relaci\u00f3n con la preparaci\u00f3n o ejecuci\u00f3n de un pedido que nos haya hecho, como el historial de pedidos y pagos.[\/vc_column_text][\/vc_column][\/vc_row][vc_row el_id=\u00bbIII\u00bb][vc_column][vc_custom_heading text=\u00bbIII. Fuentes y m\u00e9todos de recogida de datos personales\u00bb font_container=\u00bbtag:h4|text_align:center|line_height:1&#8243; use_theme_fonts=\u00bbyes\u00bb el_class=\u00bbuppercase letter-spacing-1px\u00bb css=\u00bb.vc_custom_1610052560794{margin-top: 25px !important;margin-bottom: 25px !important;}\u00bb][vc_custom_heading text=\u00bb01. Datos personales que nos proporciona directamente\u00bb font_container=\u00bbtag:h6|text_align:left\u00bb use_theme_fonts=\u00bbyes\u00bb el_class=\u00bbbold\u00bb][vc_column_text]Parte de los datos personales que recopilamos y tratamos los facilita usted directamente (por ejemplo, cuando se registra o utiliza algunos de los sitios web que gestionamos o se pone en contacto con nosotros por tel\u00e9fono o en l\u00ednea para solicitar un empleo u obtener informaci\u00f3n sobre los bienes y servicios que ofrecemos o sobre el estado de ejecuci\u00f3n de su pedido).<\/p>\n<p>Para especificar, los datos personales que usted nos proporciona directamente incluyen:<\/p>\n<p>Datos de identificaci\u00f3n, como su nombre, fecha de nacimiento, direcci\u00f3n permanente, direcci\u00f3n de entrega o de correspondencia, n\u00famero de tel\u00e9fono, direcci\u00f3n de correo electr\u00f3nico, contrase\u00f1a y nombre de usuario cuando crea su propia cuenta de cliente en algunos de los sitios web que gestionamos (en la medida en que el sitio web correspondiente admita dicha funcionalidad);<\/p>\n<p>En algunos casos, los datos personales que facilite pueden incluir la edad, el sexo, los intereses o la pertenencia a una organizaci\u00f3n sectorial;<\/p>\n<p>Los datos personales contenidos en la comunicaci\u00f3n electr\u00f3nica que nos haya enviado, como los datos de un mensaje de correo electr\u00f3nico dirigido a nosotros, a nuestro empleado o representante de ventas;<\/p>\n<p>Datos creados por usted en el contexto de la asignaci\u00f3n y ejecuci\u00f3n de \u00f3rdenes que haya creado a trav\u00e9s de un sitio web gestionado por nosotros o de otro modo, como el historial de \u00f3rdenes, incluidos los datos de la fecha de asignaci\u00f3n y\/o aceptaci\u00f3n de las \u00f3rdenes y el estado de su ejecuci\u00f3n;<\/p>\n<p>Informaci\u00f3n financiera, como el n\u00famero de su tarjeta de cr\u00e9dito\/d\u00e9bito o su cuenta bancaria, con el fin de ejecutar una transacci\u00f3n financiera concreta o una serie de transacciones de ese tipo;<\/p>\n<p>Datos personales generados por usted o relacionados con su cuenta de cliente en el sitio web correspondiente, como los datos que introduce al actualizar su cuenta de cliente o la informaci\u00f3n de los productos que ha a\u00f1adido a su cesta o lista de deseos;<\/p>\n<p>Datos que usted genera cuando utiliza determinados plug-ins de redes sociales, como los plug-ins \u00abme gusta\u00bb o \u00abseguir\u00bb de Facebook, con el fin de expresar su actitud hacia determinado material o contenido publicado en nuestros sitios web o p\u00e1ginas de redes sociales;<\/p>\n<p>Otros datos personales que nos facilite a petici\u00f3n nuestra cuando la ley nos exija o nos permita recabar dichos datos para identificarle o confirmar la informaci\u00f3n de que ya disponemos.<\/p>\n<p>En determinados casos, cuando la ley lo permite, recopilamos datos relacionados con condenas e infracciones penales. Por ejemplo, cuando la ley nos proh\u00edba contratar para determinados puestos a personas que hayan sido condenadas por determinados delitos, procesaremos los datos que nos facilite s\u00f3lo durante el tiempo necesario para cumplir con nuestra obligaci\u00f3n legal.[\/vc_column_text][vc_custom_heading text=\u00bb02. Datos personales recogidos autom\u00e1ticamente\u00bb font_container=\u00bbtag:h6|text_align:left\u00bb use_theme_fonts=\u00bbyes\u00bb el_class=\u00bbbold\u00bb][vc_column_text]Parte de los datos personales procesados por nosotros se recopilan autom\u00e1ticamente cuando usted se registra o utiliza un sitio web operado por nosotros para ponerse en contacto con nosotros o realizar un pedido. Esta informaci\u00f3n es proporcionada por los dispositivos (como su ordenador personal o de trabajo, smartphone, tableta, etc.) que utiliza para acceder a nuestros sitios web, p\u00e1ginas de medios sociales o las aplicaciones y otros servicios en l\u00ednea que ofrecemos e incluyen el ID de su dispositivo o el identificador \u00fanico relacionado con el dispositivo o navegador que utiliza, datos de localizaci\u00f3n, el tipo de dispositivo o navegador que utiliza.<\/p>\n<p>Recopilamos datos de sus interacciones con nuestros sitios web y p\u00e1ginas de redes sociales, como informaci\u00f3n sobre su ubicaci\u00f3n y direcci\u00f3n IP. Utilizamos cookies y otras tecnolog\u00edas similares, como etiquetas de p\u00edxel o balizas web, para recopilar informaci\u00f3n estad\u00edstica que nos permita comprender mejor el comportamiento de los usuarios de nuestros servicios y evaluar la eficacia de nuestros anuncios en l\u00ednea, como informaci\u00f3n sobre los sitios web que ha visitado y los enlaces publicados en nuestros sitios web en los que ha hecho clic. Puede encontrar m\u00e1s informaci\u00f3n sobre las cookies que utilizamos y las formas en que puede controlarlas en nuestra pol\u00edtica de cookies y otras tecnolog\u00edas similares.<\/p>\n<p>No utilizamos la toma de decisiones automatizada, incluida la elaboraci\u00f3n de perfiles como resultado del tratamiento automatizado de datos personales.[\/vc_column_text][vc_custom_heading text=\u00bb03. Datos personales que recopilamos de otras fuentes\u00bb font_container=\u00bbtag:h6|text_align:left\u00bb use_theme_fonts=\u00bbyes\u00bb el_class=\u00bbbold\u00bb][vc_column_text]Adem\u00e1s de los datos personales que recogemos directamente de usted o del dispositivo que utiliza, recopilamos datos de otras fuentes. A modo de ejemplo, en algunos casos, si no lo proh\u00edbe la ley, recopilamos informaci\u00f3n relacionada con su historial crediticio, as\u00ed como otra informaci\u00f3n similar proporcionada por \u0430 oficina de cr\u00e9dito o instituciones financieras o de cr\u00e9dito autorizadas con las que usted haya tenido o tenga relaciones financieras o comerciales.<\/p>\n<p>Los datos personales proporcionados por terceros incluyen los datos contenidos en su perfil p\u00fablico en las redes sociales, a los que tenemos acceso cuando decide iniciar sesi\u00f3n en su cuenta de cliente utilizando su cuenta de redes sociales, como Facebook o G+. Tenga en cuenta que la mayor\u00eda de los datos publicados en sus perfiles en las redes sociales, como su perfil p\u00fablico, datos de localizaci\u00f3n, idioma, publicaciones p\u00fablicas y comentarios, est\u00e1n a disposici\u00f3n del p\u00fablico, lo que conlleva ciertas responsabilidades y plantea ciertos riesgos para la inviolabilidad de su espacio personal. Usted controla qu\u00e9 datos comparte con nosotros a trav\u00e9s de la configuraci\u00f3n del sitio de las respectivas redes sociales, as\u00ed como los consentimientos que nos da en relaci\u00f3n con el tratamiento de sus datos personales contenidos en los sitios de las redes sociales.[\/vc_column_text][\/vc_column][\/vc_row][vc_row el_id=\u00bbIV\u00bb][vc_column][vc_custom_heading text=\u00bbIV. Los fines del tratamiento de sus datos personales y la base jur\u00eddica para hacerlo\u00bb font_container=\u00bbtag:h4|text_align:center|line_height:1&#8243; use_theme_fonts=\u00bbyes\u00bb el_class=\u00bbuppercase letter-spacing-1px\u00bb css=\u00bb.vc_custom_1610053359442{margin-top: 25px !important;margin-bottom: 25px !important;}\u00bb][vc_column_text]\n<p>Recopilamos, conservamos y procesamos datos personales en la medida en que ello se ajuste a la ley y a nuestras pol\u00edticas de protecci\u00f3n de datos personales. Tratamos los datos personales con diversos fines comerciales y sobre distintas bases jur\u00eddicas. De conformidad con la legislaci\u00f3n aplicable, debemos tener una base jur\u00eddica para procesar sus datos personales. Dependiendo de la base sobre la que tratemos sus datos personales, usted tiene determinados derechos. Encontrar\u00e1 m\u00e1s informaci\u00f3n sobre sus derechos en la secci\u00f3n IX.<\/p>\n<p>En concreto, tratamos los datos personales que hemos recopilado sobre las bases jur\u00eddicas que se enumeran a continuaci\u00f3n para uno o varios de los siguientes fines:<\/p>\n<p>\n            <strong>Tratamos sus datos personales para ejecutar y cumplir un contrato con usted.<\/strong>\n          <\/p>\n<p>Podemos recoger y tratar sus datos personales para ejecutar y cumplir un contrato con usted y para tomar determinadas medidas antes de la ejecuci\u00f3n del contrato a petici\u00f3n suya. Las principales finalidades del tratamiento de sus datos personales sobre esta base son las siguientes:<\/p>\n[\/vc_column_text][vc_column_text]\n<ul>\n<li>para identificar a un cliente que quiere pedir o ha pedido productos y servicios que ofrecemos y a personas que quieren convertirse o ya se han convertido en nuestros proveedores o subcontratistas;<\/li>\n<li>establecer el fundamento jur\u00eddico para la celebraci\u00f3n de un contrato, as\u00ed como los requisitos adicionales para la validez del contrato, como la presencia de consentimientos de terceros;<\/li>\n<li>para la preparaci\u00f3n y comunicaci\u00f3n de ofertas de ejecuci\u00f3n de modificaci\u00f3n de un contrato, proyectos de contrato y contratos a distancia;<\/li>\n<li>proporcionar informaci\u00f3n adicional y aclaraciones sobre las caracter\u00edsticas y el modo de uso de los productos y servicios que ofrecemos;<\/li>\n<li>ejecutar un pedido de productos y servicios realizado por un cliente;<\/li>\n<li>preparar cuentas, facturas, notas de cr\u00e9dito\/d\u00e9bito y extractos para nuestras ventas o entregas gratuitas de productos y servicios;<\/li>\n<li>para rastrear los pagos de los pedidos realizados;<\/li>\n<li>ponerse en contacto con clientes, proveedores y subcontratistas sobre asuntos relacionados con la ejecuci\u00f3n o modificaci\u00f3n de contratos celebrados para la entrega de bienes y la prestaci\u00f3n de servicios;<\/li>\n<li>proporcionar informaci\u00f3n y asesoramiento t\u00e9cnico oral y escrito, incluido asesoramiento sobre el uso \u00f3ptimo y seguro de los productos y servicios que ofrecemos;<\/li>\n<li>enviar mensajes, boletines y notificaciones para la retirada de determinados productos del mercado;<\/li>\n<li>para cumplir nuestras obligaciones en virtud de las garant\u00edas de productos que ofrecemos;<\/li>\n<li>coordinar la ejecuci\u00f3n de un determinado contrato con un cliente o un subcontratista;<\/li>\n<li>realizar evaluaciones del riesgo de cr\u00e9dito, incluso cuando se aplaza el pago de obligaciones contractuales;<\/li>\n<li>revisar y analizar las reclamaciones y se\u00f1ales relacionadas con nuestros productos y servicios para tomar las medidas necesarias para eliminar los problemas relacionados con la ejecuci\u00f3n de los contratos que hemos celebrado o el uso de los productos o servicios que hemos suministrado;<\/li>\n<li>establecer y prevenir cualquier actividad ilegal por parte de los clientes, incluidas las actividades contrarias a un contrato legalmente vinculante con nosotros;<\/li>\n<li>impedir la divulgaci\u00f3n, utilizaci\u00f3n, modificaci\u00f3n o destrucci\u00f3n no autorizadas de informaci\u00f3n confidencial u otra informaci\u00f3n protegida legalmente;<\/li>\n<li>garantizar el normal funcionamiento de las tiendas electr\u00f3nicas operadas por nosotros u otros canales de venta y distribuci\u00f3n de nuestros productos y servicios;<\/li>\n<li>para registrar cuentas de clientes en los sitios web que mantenemos y gestionamos.<\/li>\n<\/ul>\n[\/vc_column_text][vc_column_text]<strong>Tratamos sus datos personales para cumplir las obligaciones legales que nos impone la legislaci\u00f3n de la Uni\u00f3n Europea y de los Estados miembros de la UE.<\/strong><\/p>\n<p>En concreto, tratamos datos personales cuando cumplimos las obligaciones legales que tenemos por el hecho de ser simult\u00e1neamente empleador y vendedor\/comprador de bienes y servicios. En este sentido, tratamos datos personales para cumplir nuestras obligaciones espec\u00edficas que tienen su origen o est\u00e1n relacionadas con lo siguiente:[\/vc_column_text][vc_column_text]\n<ul>\n<li>los derechos de seguridad social de los empleados, trabajadores y subcontratistas, incluidas las obligaciones que tenemos en virtud del C\u00f3digo de la Seguridad Social, la Ley del Seguro de Enfermedad y las leyes que rigen la fiscalidad individual de las personas f\u00edsicas, as\u00ed como sus equivalentes en los dem\u00e1s Estados miembros de la UE;<\/li>\n<li>ventas (incluidas las ventas a distancia) de bienes y servicios a consumidores en el sentido de la Ley de Protecci\u00f3n de los Consumidores;<\/li>\n<li>identificaci\u00f3n de clientes cuando sea necesario para cumplir las obligaciones que nos impone la Ley de Medidas contra el Blanqueo de Capitales o la Ley de Medidas contra la Financiaci\u00f3n del Terrorismo;<\/li>\n<li>la contabilidad legal de las operaciones econ\u00f3micas en las que participamos, incluida la tributaci\u00f3n de las entregas de bienes y prestaciones de servicios realizadas o recibidas por nosotros;<\/li>\n<li>nuestra obligaci\u00f3n de ayudar a las autoridades competentes en el curso de las auditor\u00edas, revisiones e inspecciones que lleven a cabo y en otros casos en que dichas autoridades ejerzan sus derechos de control por motivos legales;<\/li>\n<li>nuestra participaci\u00f3n en procedimientos judiciales y procedimientos conexos como parte o como tercero responsable, como por ejemplo nuestra obligaci\u00f3n de facilitar datos e informaci\u00f3n necesarios para la resoluci\u00f3n de un litigio judicial concreto;<\/li>\n<\/ul>\n[\/vc_column_text][vc_column_text]<strong>Podemos recoger y tratar sus datos personales con su consentimiento<\/strong>\n          <\/p>\n<p>En algunos casos, una vez recibido su consentimiento para procesar sus datos personales con un fin espec\u00edfico, podemos utilizar estos datos de la siguiente manera:<\/p>\n<ul>\n<li>con fines de <strong>marketing directo<\/strong> en relaci\u00f3n con los productos y servicios ofrecidos por nosotros o nuestras filiales, cuando el marketing pueda realizarse en forma de llamadas telef\u00f3nicas, env\u00edo de cartas, SMS o correos electr\u00f3nicos. Por ejemplo, si se suscribe a nuestro bolet\u00edn de noticias o desea recibir ofertas promocionales, podemos pedirle que nos facilite datos personales, como su nombre, n\u00famero de tel\u00e9fono, direcci\u00f3n de correo electr\u00f3nico, as\u00ed como otra informaci\u00f3n pertinente. Si no desea seguir recibiendo mensajes promocionales y de marketing nuestros, puede hac\u00e9rnoslo saber en cualquier momento o simplemente seguir las instrucciones para darse de baja que figuran en las comunicaciones y mensajes que le enviamos Tomamos medidas para limitar el contenido de marketing que le enviamos a una cantidad razonable y proporcional, envi\u00e1ndole \u00fanicamente contenido que creemos que podr\u00eda interesarle o ser relevante para usted en funci\u00f3n de la informaci\u00f3n de que disponemos;<\/li>\n<li>a efectos de su participaci\u00f3n en diversos sondeos, encuestas y eventos de car\u00e1cter comercial o no comercial, como fiestas organizadas por nosotros o algunas de nuestras empresas asociadas;<\/li>\n<li>para el cumplimiento de obligaciones espec\u00edficas para con usted derivadas de la ley o de un contrato, siempre que el tratamiento de los respectivos datos personales (por ejemplo, informaci\u00f3n sanitaria u otros datos personales sensibles) no est\u00e9 prohibido por la ley.<\/li>\n<\/ul>\n<p>Tiene derecho a retirar su consentimiento para el tratamiento de datos personales en cualquier momento. A continuaci\u00f3n encontrar\u00e1 m\u00e1s informaci\u00f3n sobre este derecho.<\/p>\n<p><strong>Podemos tratar sus datos personales cuando tengamos un inter\u00e9s legal (leg\u00edtimo) para hacerlo<\/strong>, como por ejemplo, nuestro inter\u00e9s leg\u00edtimo para:<\/p>\n<ul>\n<li>mejorar y desarrollar constantemente los productos y servicios que ofrecemos, incluidas sus funcionalidades, dise\u00f1o y\/o contenido;<\/li>\n<li>fomentar y supervisar la introducci\u00f3n y aplicaci\u00f3n de medidas mejoradas y\/o innovadoras para el uso seguro de los productos y servicios ofrecidos por nosotros o nuestras filiales;<\/li>\n<li>controlar y analizar nuestros resultados en el mercado correspondiente;<\/li>\n<li>Desarrollar las capacidades de nuestro personal y subcontratistas para trabajar con los clientes en los respectivos mercados;<\/li>\n<li>personalizar los productos y servicios que ofrecemos para aumentar su satisfacci\u00f3n general con ellos y su comunicaci\u00f3n con nosotros;<\/li>\n<li>supervisar el estado t\u00e9cnico de nuestros sistemas y recursos de informaci\u00f3n, incluidas nuestras tiendas electr\u00f3nicas y otros sitios web, as\u00ed como eliminar problemas con el correcto funcionamiento, la seguridad y la integridad de los mismos.<strong><br \/>\n<\/strong><\/li>\n<\/ul>\n[\/vc_column_text][\/vc_column][\/vc_row][vc_row el_id=\u00bbV\u00bb][vc_column][vc_custom_heading text=\u00bbV. Recogida y tratamiento de datos personales de menores\u00bb font_container=\u00bbtag:h4|text_align:center|line_height:1&#8243; use_theme_fonts=\u00bbyes\u00bb el_class=\u00bbuppercase letter-spacing-1px\u00bb css=\u00bb.vc_custom_1610054313645{margin-top: 25px !important;margin-bottom: 25px !important;}\u00bb][vc_column_text]Somos conscientes de la importancia de tomar medidas adicionales para proteger los datos personales de los ni\u00f1os que utilizan nuestros productos y servicios, incluidos los sitios web que gestionamos. No recopilamos datos personales de ni\u00f1os menores de 16 a\u00f1os ni datos relacionados con ni\u00f1os menores de 16 a\u00f1os sin el consentimiento de los padres o, si procede, sin el consentimiento de otra persona que pueda autorizar legalmente el tratamiento de los datos personales del ni\u00f1o (como el tutor del ni\u00f1o).<\/p>\n<p>No permitimos que los menores de 16 a\u00f1os creen sus propias cuentas de cliente en los sitios web que gestionamos ni que nos faciliten de otro modo sus datos personales.<\/p>\n<p>Si descubrimos que hemos recopilado o procesado datos personales de un ni\u00f1o sin contar con el consentimiento paterno exigido por ley, tomaremos medidas para destruir dicha informaci\u00f3n sin ninguna demora indebida.<br \/>\n[\/vc_column_text][\/vc_column][\/vc_row][vc_row el_id=\u00bbVI\u00bb][vc_column][vc_custom_heading text=\u00bbVI. En qu\u00e9 casos transferimos sus datos personales a terceros\u00bb font_container=\u00bbtag:h4|text_align:center|line_height:1&#8243; use_theme_fonts=\u00bbyes\u00bb el_class=\u00bbuppercase letter-spacing-1px\u00bb css=\u00bb.vc_custom_1610054420156{margin-top: 25px !important;margin-bottom: 25px !important;}\u00bb][vc_custom_heading text=\u00bb01. Terceros que tratan datos por cuenta de la Empresa\u00bb font_container=\u00bbtag:h6|text_align:left\u00bb use_theme_fonts=\u00bbyes\u00bb el_class=\u00bbbold\u00bb][vc_column_text]Podemos ceder el tratamiento de sus datos personales a terceros &#8211; subcontratistas que nos ayudan en el tratamiento de datos. Estos terceros procesan sus datos en nuestro nombre y en correspondencia con nuestras instrucciones para todos o algunos de los fines indicados en esta Pol\u00edtica General. No permitimos que terceros &#8211; subcontratistas &#8211; utilicen sus datos personales para sus propios fines, incluido el marketing directo.<\/p>\n<p>Exigimos a todos los terceros que procesan sus datos personales en nuestro nombre que procesen los datos de conformidad con la legislaci\u00f3n aplicable y que garanticen la seguridad de los datos, incluyendo la adopci\u00f3n de las medidas t\u00e9cnicas y organizativas necesarias para la protecci\u00f3n de los datos personales. Las categor\u00edas de destinatarios que tratan datos personales en nuestro nombre son:<\/p>\n<ul>\n<li>empresas de contabilidad y auditor\u00eda que tratan datos personales con fines de contabilidad y auditor\u00eda de nuestros informes financieros, as\u00ed como para cumplir con nuestras obligaciones en virtud de la legislaci\u00f3n laboral, fiscal y de seguros;<\/li>\n<li>entidades que prestan servicios de la sociedad de la informaci\u00f3n, incluidos servicios de alojamiento y\/o informaci\u00f3n y servicios t\u00e9cnicos relacionados con el mantenimiento, la seguridad y el desarrollo de nuestras infraestructuras y recursos de informaci\u00f3n y comunicaci\u00f3n;<\/li>\n<li>operadores postales autorizados y empresas de transporte o expedici\u00f3n cuando entregamos productos que usted ha pedido, as\u00ed como proveedores autorizados de servicios de pago a efectos de procesar pagos de\/para usted;<\/li>\n<li>empresas de seguridad con licencia para prestar servicios de seguridad privada con el fin de garantizar la seguridad y el acceso controlado a los edificios y locales que poseemos o utilizamos por motivos legales; y<\/li>\n<\/ul>\n[\/vc_column_text][vc_custom_heading text=\u00bb02. Para proteger nuestros intereses leg\u00edtimos\u00bb font_container=\u00bbtag:h6|text_align:left\u00bb use_theme_fonts=\u00bbyes\u00bb el_class=\u00bbbold\u00bb][vc_column_text]En algunos casos, cuando sea necesario para proteger nuestros intereses leg\u00edtimos, podemos revelar sus datos personales a terceros, como por ejemplo:<\/p>\n<ul>\n<li>nuestros asesores jur\u00eddicos y representantes con el fin de obtener asesoramiento jur\u00eddico o preparar y organizar nuestra representaci\u00f3n en litigios pendientes o potenciales, incluso con el fin de participar en un procedimiento de mediaci\u00f3n u otro procedimiento voluntario de resoluci\u00f3n de litigios;<\/li>\n<li>entidades que hayan adquirido parte o la totalidad de nuestra empresa o actividad como resultado de una reorganizaci\u00f3n (como una fusi\u00f3n, adquisici\u00f3n, etc.), una transacci\u00f3n comercial con nosotros (como una venta, un intercambio) o un acto de una autoridad competente.<\/li>\n<\/ul>\n[\/vc_column_text][vc_custom_heading text=\u00bb03. Entidades, para las que hemos recibido su consentimiento, tales como:\u00bb font_container=\u00bbtag:h6|text_align:left\u00bb use_theme_fonts=\u00bbyes\u00bb el_class=\u00bbbold\u00bb][vc_column_text]Empresas que pueden facilitarle informaci\u00f3n u ofertas de sus propios productos y servicios.[\/vc_column_text][\/vc_column][\/vc_row][vc_row el_id=\u00bbVII\u00bb][vc_column][vc_custom_heading text=\u00bbVII. El plazo durante el cual conservamos sus datos personales y cu\u00e1ndo los suprimimos\u00bb font_container=\u00bbtag:h4|text_align:center|line_height:1&#8243; use_theme_fonts=\u00bbyes\u00bb el_class=\u00bbuppercase letter-spacing-1px\u00bb css=\u00bb.vc_custom_1610055031841{margin-top: 25px !important;margin-bottom: 25px !important;}\u00bb][vc_column_text]\n<p>Conservamos sus datos personales durante el per\u00edodo necesario o permitido para cumplir los fines para los que los procesamos. Una vez cumplidos estos fines o en caso de que ya no tengamos inter\u00e9s leg\u00edtimo o base jur\u00eddica para el tratamiento de datos (por ejemplo, cuando se haya retirado el consentimiento para el tratamiento), borraremos sus datos personales sin demora indebida.<\/p>\n<p>Los criterios que sirven de base para determinar el periodo de conservaci\u00f3n de sus datos personales incluyen: (\u0430) el periodo durante el cual mantenemos relaciones comerciales con usted y le prestamos nuestros servicios, (b) los periodos de conservaci\u00f3n de datos establecidos en la normativa legal que nos sea de aplicaci\u00f3n, y (c) el per\u00edodo durante el cual estamos obligados a conservar sus datos en relaci\u00f3n con nuestra participaci\u00f3n y la protecci\u00f3n de nuestros derechos e intereses legales en procedimientos judiciales y administrativos y la expiraci\u00f3n de los respectivos plazos de prescripci\u00f3n.<\/p>\n<p>Conservaremos los datos personales, contenidos en nuestros libros de contabilidad, durante los periodos establecidos en la Ley de Contabilidad.[\/vc_column_text][\/vc_column][\/vc_row][vc_row el_id=\u00bbVIII\u00bb][vc_column][vc_custom_heading text=\u00bbVIII. \u00bfC\u00f3mo se protege su informaci\u00f3n personal?\u00bb font_container=\u00bbtag:h4|text_align:center|line_height:1&#8243; use_theme_fonts=\u00bbyes\u00bb el_class=\u00bbuppercase letter-spacing-1px\u00bb css=\u00bb.vc_custom_1610055559609{margin-top: 25px !important;margin-bottom: 25px !important;}\u00bb][vc_column_text]Al procesar sus datos personales, adoptamos las medidas t\u00e9cnicas y organizativas necesarias para proteger dichos datos del acceso no autorizado, la modificaci\u00f3n o la supresi\u00f3n. Entre estas medidas figuran las siguientes:<\/p>\n<ul>\n<li>establecer pol\u00edticas internas de tratamiento de datos personales para impedir el acceso no autorizado a los sistemas y locales donde almacenamos sus datos personales;<\/li>\n<li>que establece un deber de confidencialidad para nuestros empleados, subcontratistas y proveedores;<\/li>\n<li>asignar el tratamiento de sus datos personales \u00fanicamente a organizaciones que traten los datos personales de conformidad con la ley y garanticen la seguridad de los datos, incluso mediante la adopci\u00f3n de las medidas t\u00e9cnicas y organizativas necesarias para la protecci\u00f3n de sus datos personales.<\/li>\n<\/ul>\n[\/vc_column_text][\/vc_column][\/vc_row][vc_row el_id=\u00bbIX\u00bb][vc_column][vc_custom_heading text=\u00bbIX. Sus derechos en relaci\u00f3n con el tratamiento de sus datos personales\u00bb font_container=\u00bbtag:h4|text_align:center|line_height:1&#8243; use_theme_fonts=\u00bbyes\u00bb el_class=\u00bbuppercase letter-spacing-1px\u00bb css=\u00bb.vc_custom_1610055837434{margin-top: 25px !important;margin-bottom: 25px !important;}\u00bb][vc_column_text]En todo momento durante el periodo de tratamiento de sus datos personales, usted tiene ciertos derechos que se enumeran a continuaci\u00f3n.<\/p>\n<p>Puede ejercer sus derechos en virtud de esta Pol\u00edtica y del Reglamento General de Protecci\u00f3n de Datos enviando un correo electr\u00f3nico o una carta a nuestro Responsable de Protecci\u00f3n de Datos describiendo su solicitud concreta. Si es posible, su solicitud se firmar\u00e1 a mano o con una firma electr\u00f3nica reconocida. Si no puede firmar su solicitud de una de las formas mencionadas, podemos pedirle que nos facilite informaci\u00f3n adicional para establecer su identidad.<\/p>\n<p>Responderemos a su solicitud gratuitamente y sin demoras indebidas. En caso de que recibamos solicitudes duplicadas, podremos negarnos a dar curso a la solicitud o fijar una tarifa (basada en los gastos por nuestra parte) que usted tendr\u00e1 que pagar para que le proporcionemos la informaci\u00f3n o comunicaci\u00f3n o realicemos las acciones solicitadas.[\/vc_column_text][vc_custom_heading text=\u00bbDerecho de acceso e informaci\u00f3n\u00bb font_container=\u00bbtag:h6|text_align:left\u00bb use_theme_fonts=\u00bbyes\u00bb el_class=\u00bbbold\u00bb][vc_column_text]Tiene derecho a solicitar y recibir<\/p>\n<ul>\n<li>informaci\u00f3n sobre los fines para los que tratamos sus datos personales, las categor\u00edas de datos personales que tratamos y los destinatarios o categor\u00edas de destinatarios a los que revelamos sus datos personales, as\u00ed como cualquier otra informaci\u00f3n relativa al origen de sus datos personales;<\/li>\n<li>una copia de sus datos personales que procesamos en formato electr\u00f3nico u otro formato adecuado.<\/li>\n<\/ul>\n[\/vc_column_text][vc_custom_heading text=\u00bbDerecho de rectificaci\u00f3n y cumplimentaci\u00f3n\u00bb font_container=\u00bbtag:h6|text_align:left\u00bb use_theme_fonts=\u00bbyes\u00bb el_class=\u00bbbold\u00bb][vc_column_text]Si descubre que los datos personales que tratamos son inexactos y\/o incompletos, puede pedirnos que los rectifiquemos y\/o completemos.[\/vc_column_text][vc_custom_heading text=\u00bbDerecho de oposici\u00f3n\u00bb font_container=\u00bbtag:h6|text_align:left\u00bb use_theme_fonts=\u00bbyes\u00bb el_class=\u00bbbold\u00bb][vc_column_text]Cuando tratamos sus datos personales bas\u00e1ndonos en nuestro inter\u00e9s leg\u00edtimo, tiene derecho a oponerse a dicho tratamiento. Dejaremos de tratar sus datos sin dilaci\u00f3n indebida y borraremos los datos a menos que tengamos motivos leg\u00edtimos imperiosos para seguir tratando sus datos, que prevalezcan sobre sus derechos e intereses legales, o si el tratamiento de sus datos personales es necesario para el establecimiento, ejercicio o defensa de reclamaciones legales. Adem\u00e1s, tiene derecho a oponerse en cualquier momento al tratamiento de sus datos personales con fines de marketing y publicidad. Pondremos fin al tratamiento sin demora indebida, inmediatamente despu\u00e9s de recibir su objeci\u00f3n.[\/vc_column_text][vc_custom_heading text=\u00bbDerecho a la limitaci\u00f3n del tratamiento\u00bb font_container=\u00bbtag:h6|text_align:left\u00bb use_theme_fonts=\u00bbyes\u00bb el_class=\u00bbbold\u00bb][vc_column_text]Tiene derecho a pedirnos que suspendamos el tratamiento de sus datos personales en el futuro cuando:<\/p>\n<ul>\n<li>usted considera que los datos personales que tratamos son inexactos y desea que los rectifiquemos durante el periodo necesario para que verifiquemos la exactitud de sus datos y realicemos las rectificaciones requeridas;<\/li>\n<li>se establece que por alguna raz\u00f3n tratamos ilegalmente sus datos personales, pero usted no desea borrar sus datos, sino que desea que tratemos s\u00f3lo parte de sus datos;<\/li>\n<li>ya no necesitamos sus datos, pero usted desea que los conservemos para ejercer sus derechos o defendernos de reclamaciones legales de terceros, o<\/li>\n<li>usted se ha opuesto al tratamiento de sus datos personales (cuando tratamos los datos bas\u00e1ndonos en nuestro inter\u00e9s leg\u00edtimo), pero necesitamos verificar si tenemos motivos leg\u00edtimos u obligaci\u00f3n legal de tratar sus datos personales.<\/li>\n<\/ul>\n[\/vc_column_text][vc_custom_heading text=\u00bbDerecho de supresi\u00f3n (&quot;derecho al olvido&quot;)\u00bb font_container=\u00bbtag:h6|text_align:left\u00bb use_theme_fonts=\u00bbyes\u00bb el_class=\u00bbbold\u00bb][vc_column_text]Tiene derecho a pedirnos que borremos sus datos personales y estamos obligados a borrarlos sin demora indebida cuando:<\/p>\n<ul>\n<li>sus datos personales ya no son necesarios para los fines para los que fueron recogidos o tratados de otro modo;<\/li>\n<li>ha retirado su consentimiento en base al cual se llev\u00f3 a cabo el tratamiento de datos y no existe ning\u00fan otro fundamento jur\u00eddico para el tratamiento;<\/li>\n<li>se ha opuesto al tratamiento y no tenemos motivos leg\u00edtimos que prevalezcan sobre sus intereses, derechos y libertades;<\/li>\n<li>sus datos personales han sido tratados ilegalmente;<\/li>\n<li>sus datos personales tienen que ser borrados en cumplimiento de nuestra obligaci\u00f3n legal;<\/li>\n<li>sus datos personales han sido recogidos en relaci\u00f3n con la oferta de servicios de la sociedad de la informaci\u00f3n.<\/li>\n<\/ul>\n<p>En algunos casos, no podremos atender su solicitud, como cuando el tratamiento de sus datos personales sea necesario para lo siguiente<\/p>\n<ul>\n<li>ejercer el derecho a la libertad de expresi\u00f3n e informaci\u00f3n;<\/li>\n<li>el cumplimiento de una obligaci\u00f3n legal que tengamos;<\/li>\n<li>la formulaci\u00f3n, el ejercicio o la defensa de reclamaciones judiciales.<\/li>\n<\/ul>\n[\/vc_column_text][vc_custom_heading text=\u00bbDerecho a retirar su consentimiento\u00bb font_container=\u00bbtag:h6|text_align:left\u00bb use_theme_fonts=\u00bbyes\u00bb el_class=\u00bbbold\u00bb][vc_column_text]Cuando nos basemos en su consentimiento para tratar sus datos personales, tiene derecho a retirar su consentimiento con efecto inmediato. En este caso, detendremos cualquier tratamiento futuro de sus datos personales.[\/vc_column_text][vc_custom_heading text=\u00bbPortabilidad de sus datos\u00bb font_container=\u00bbtag:h6|text_align:left\u00bb use_theme_fonts=\u00bbyes\u00bb el_class=\u00bbbold\u00bb][vc_column_text]Cuando tratemos sus datos personales sobre la base de su consentimiento o con el fin de cumplir cualquier obligaci\u00f3n contractual que tengamos con usted, siempre que ello no afecte negativamente a los derechos y libertades de otras personas, usted tiene derecho a obtener los datos que nos ha facilitado en formato estructural, de uso frecuente y lectura mec\u00e1nica o, si es t\u00e9cnicamente posible, a pedirnos que transfiramos los datos a un tercero.[\/vc_column_text][vc_custom_heading text=\u00bbDerecho a reclamar\u00bb font_container=\u00bbtag:h6|text_align:left\u00bb use_theme_fonts=\u00bbyes\u00bb el_class=\u00bbbold\u00bb][vc_column_text]La autoridad competente en la Rep\u00fablica de Bulgaria es la Comisi\u00f3n de Protecci\u00f3n de Datos Personales, con domicilio:<\/p>\n<p>Sof\u00eda, 1592<br \/>\n2, Prof. Tsvetan Lazarov Blvd.<br \/>\ntel.: 02\/915 &#8211; 3518<br \/>\nCorreo electr\u00f3nico: kzld@cpdp.bg[\/vc_column_text][\/vc_column][\/vc_row][vc_row el_id=\u00bbX\u00bb css=\u00bb.vc_custom_1610056458879{padding-bottom: 75px !important;}\u00bb][vc_column][vc_custom_heading text=\u00bbX. C\u00f3mo ponerse en contacto con nosotros\u00bb font_container=\u00bbtag:h4|text_align:center|line_height:1&#8243; use_theme_fonts=\u00bbyes\u00bb el_class=\u00bbuppercase letter-spacing-1px\u00bb css=\u00bb.vc_custom_1610056411470{margin-top: 25px !important;margin-bottom: 25px !important;}\u00bb][vc_column_text]Para todas las cuestiones relacionadas con el tratamiento de sus datos personales o el ejercicio de sus derechos, puede ponerse en contacto con nuestro responsable de protecci\u00f3n de datos de una de las siguientes maneras:<\/p>\n<p><strong>Por correo<\/strong> electr\u00f3nico, enviando un mensaje electr\u00f3nico a dpo@walltopia.com.<\/p>\n<p>o<\/p>\n<p><strong>Por correo<\/strong>, a la direcci\u00f3n postal Sof\u00eda 1784, 111V Tsarigradsko Shose Blvd., fl. 3[\/vc_column_text][\/vc_column][\/vc_row]\n<\/div>","protected":false},"excerpt":{"rendered":"[vc_row css=\u00bb.vc_custom_1610054112370{padding-top: 100px !important;}\u00bb el_id=\u00bbI\u00bb][vc_column][vc_custom_heading text=\u00bbPol\u00edtica general de protecci\u00f3n de datos personales\u00bb font_container=\u00bbtag:h3|text_align:center|line_height:1&#8243; use_theme_fonts=\u00bbyes\u00bb el_class=\u00bbuppercase letter-spacing-1px\u00bb css=\u00bb.vc_custom_1610048606009{margin-top: 0px !important;margin-bottom: 25px&#8230;","protected":false},"author":5,"featured_media":0,"parent":0,"menu_order":0,"comment_status":"closed","ping_status":"closed","template":"page-small-header.php","meta":{"_acf_changed":false,"inline_featured_image":false,"footnotes":""},"class_list":["post-116192","page","type-page","status-publish","hentry"],"acf":[],"yoast_head":"<!-- This site is optimized with the Yoast SEO Premium plugin v28.3 (Yoast SEO v28.3) - https:\/\/yoast.com\/product\/yoast-seo-premium-wordpress\/ -->\n<title>Pol\u00edtica de privacidad | Walltopia<\/title>\n<meta name=\"robots\" content=\"index, follow, max-snippet:-1, max-image-preview:large, max-video-preview:-1\" \/>\n<link rel=\"canonical\" href=\"https:\/\/walltopia.com\/es\/politica-de-privacidad\/\" \/>\n<meta property=\"og:locale\" content=\"es_ES\" \/>\n<meta property=\"og:type\" content=\"article\" \/>\n<meta property=\"og:title\" content=\"Pol\u00edtica de privacidad\" \/>\n<meta property=\"og:description\" content=\"[vc_row css=\u00bb.vc_custom_1610054112370{padding-top: 100px !important;}\u00bb el_id=\u00bbI\u00bb][vc_column][vc_custom_heading text=\u00bbPol\u00edtica general de protecci\u00f3n de datos personales\u00bb font_container=\u00bbtag:h3|text_align:center|line_height:1&#8243; use_theme_fonts=\u00bbyes\u00bb el_class=\u00bbuppercase letter-spacing-1px\u00bb css=\u00bb.vc_custom_1610048606009{margin-top: 0px !important;margin-bottom: 25px...\" \/>\n<meta property=\"og:url\" content=\"https:\/\/walltopia.com\/es\/politica-de-privacidad\/\" \/>\n<meta property=\"og:site_name\" content=\"Walltopia\" \/>\n<meta property=\"article:publisher\" content=\"https:\/\/www.facebook.com\/walltopiaclimbing\/\" \/>\n<meta property=\"article:modified_time\" content=\"2024-03-26T09:21:18+00:00\" \/>\n<meta name=\"twitter:card\" content=\"summary_large_image\" \/>\n<meta name=\"twitter:site\" content=\"@walltopiabg\" \/>\n<script type=\"application\/ld+json\" class=\"yoast-schema-graph\">{\"@context\":\"https:\\\/\\\/schema.org\",\"@graph\":[{\"@type\":\"WebPage\",\"@id\":\"https:\\\/\\\/walltopia.com\\\/es\\\/politica-de-privacidad\\\/\",\"url\":\"https:\\\/\\\/walltopia.com\\\/es\\\/politica-de-privacidad\\\/\",\"name\":\"Pol\u00edtica de privacidad | Walltopia\",\"isPartOf\":{\"@id\":\"https:\\\/\\\/walltopia.com\\\/es\\\/#website\"},\"datePublished\":\"2021-07-13T11:22:25+00:00\",\"dateModified\":\"2024-03-26T09:21:18+00:00\",\"breadcrumb\":{\"@id\":\"https:\\\/\\\/walltopia.com\\\/es\\\/politica-de-privacidad\\\/#breadcrumb\"},\"inLanguage\":\"es\",\"potentialAction\":[{\"@type\":\"ReadAction\",\"target\":[\"https:\\\/\\\/walltopia.com\\\/es\\\/politica-de-privacidad\\\/\"]}]},{\"@type\":\"BreadcrumbList\",\"@id\":\"https:\\\/\\\/walltopia.com\\\/es\\\/politica-de-privacidad\\\/#breadcrumb\",\"itemListElement\":[{\"@type\":\"ListItem\",\"position\":1,\"name\":\"Home\",\"item\":\"https:\\\/\\\/walltopia.com\\\/es\\\/inicio-es\\\/\"},{\"@type\":\"ListItem\",\"position\":2,\"name\":\"Pol\u00edtica de privacidad\"}]},{\"@type\":\"WebSite\",\"@id\":\"https:\\\/\\\/walltopia.com\\\/es\\\/#website\",\"url\":\"https:\\\/\\\/walltopia.com\\\/es\\\/\",\"name\":\"Walltopia\",\"description\":\"World leader in the design and production of climbing walls and active entertainment attractions\",\"publisher\":{\"@id\":\"https:\\\/\\\/walltopia.com\\\/es\\\/#organization\"},\"potentialAction\":[{\"@type\":\"SearchAction\",\"target\":{\"@type\":\"EntryPoint\",\"urlTemplate\":\"https:\\\/\\\/walltopia.com\\\/es\\\/?s={search_term_string}\"},\"query-input\":{\"@type\":\"PropertyValueSpecification\",\"valueRequired\":true,\"valueName\":\"search_term_string\"}}],\"inLanguage\":\"es\"},{\"@type\":\"Organization\",\"@id\":\"https:\\\/\\\/walltopia.com\\\/es\\\/#organization\",\"name\":\"Walltopia\",\"url\":\"https:\\\/\\\/walltopia.com\\\/es\\\/\",\"logo\":{\"@type\":\"ImageObject\",\"inLanguage\":\"es\",\"@id\":\"https:\\\/\\\/walltopia.com\\\/es\\\/#\\\/schema\\\/logo\\\/image\\\/\",\"url\":\"\",\"contentUrl\":\"\",\"caption\":\"Walltopia\"},\"image\":{\"@id\":\"https:\\\/\\\/walltopia.com\\\/es\\\/#\\\/schema\\\/logo\\\/image\\\/\"},\"sameAs\":[\"https:\\\/\\\/www.facebook.com\\\/walltopiaclimbing\\\/\",\"https:\\\/\\\/x.com\\\/walltopiabg\",\"https:\\\/\\\/www.instagram.com\\\/walltopia.active\\\/\",\"https:\\\/\\\/www.linkedin.com\\\/company\\\/walltopia-ltd.\",\"https:\\\/\\\/www.youtube.com\\\/user\\\/WALLTOPIA\"]}]}<\/script>\n<!-- \/ Yoast SEO Premium plugin. -->","yoast_head_json":{"title":"Pol\u00edtica de privacidad | Walltopia","robots":{"index":"index","follow":"follow","max-snippet":"max-snippet:-1","max-image-preview":"max-image-preview:large","max-video-preview":"max-video-preview:-1"},"canonical":"https:\/\/walltopia.com\/es\/politica-de-privacidad\/","og_locale":"es_ES","og_type":"article","og_title":"Pol\u00edtica de privacidad","og_description":"[vc_row css=\u00bb.vc_custom_1610054112370{padding-top: 100px !important;}\u00bb el_id=\u00bbI\u00bb][vc_column][vc_custom_heading text=\u00bbPol\u00edtica general de protecci\u00f3n de datos personales\u00bb font_container=\u00bbtag:h3|text_align:center|line_height:1&#8243; use_theme_fonts=\u00bbyes\u00bb el_class=\u00bbuppercase letter-spacing-1px\u00bb css=\u00bb.vc_custom_1610048606009{margin-top: 0px !important;margin-bottom: 25px...","og_url":"https:\/\/walltopia.com\/es\/politica-de-privacidad\/","og_site_name":"Walltopia","article_publisher":"https:\/\/www.facebook.com\/walltopiaclimbing\/","article_modified_time":"2024-03-26T09:21:18+00:00","twitter_card":"summary_large_image","twitter_site":"@walltopiabg","schema":{"@context":"https:\/\/schema.org","@graph":[{"@type":"WebPage","@id":"https:\/\/walltopia.com\/es\/politica-de-privacidad\/","url":"https:\/\/walltopia.com\/es\/politica-de-privacidad\/","name":"Pol\u00edtica de privacidad | Walltopia","isPartOf":{"@id":"https:\/\/walltopia.com\/es\/#website"},"datePublished":"2021-07-13T11:22:25+00:00","dateModified":"2024-03-26T09:21:18+00:00","breadcrumb":{"@id":"https:\/\/walltopia.com\/es\/politica-de-privacidad\/#breadcrumb"},"inLanguage":"es","potentialAction":[{"@type":"ReadAction","target":["https:\/\/walltopia.com\/es\/politica-de-privacidad\/"]}]},{"@type":"BreadcrumbList","@id":"https:\/\/walltopia.com\/es\/politica-de-privacidad\/#breadcrumb","itemListElement":[{"@type":"ListItem","position":1,"name":"Home","item":"https:\/\/walltopia.com\/es\/inicio-es\/"},{"@type":"ListItem","position":2,"name":"Pol\u00edtica de privacidad"}]},{"@type":"WebSite","@id":"https:\/\/walltopia.com\/es\/#website","url":"https:\/\/walltopia.com\/es\/","name":"Walltopia","description":"World leader in the design and production of climbing walls and active entertainment attractions","publisher":{"@id":"https:\/\/walltopia.com\/es\/#organization"},"potentialAction":[{"@type":"SearchAction","target":{"@type":"EntryPoint","urlTemplate":"https:\/\/walltopia.com\/es\/?s={search_term_string}"},"query-input":{"@type":"PropertyValueSpecification","valueRequired":true,"valueName":"search_term_string"}}],"inLanguage":"es"},{"@type":"Organization","@id":"https:\/\/walltopia.com\/es\/#organization","name":"Walltopia","url":"https:\/\/walltopia.com\/es\/","logo":{"@type":"ImageObject","inLanguage":"es","@id":"https:\/\/walltopia.com\/es\/#\/schema\/logo\/image\/","url":"","contentUrl":"","caption":"Walltopia"},"image":{"@id":"https:\/\/walltopia.com\/es\/#\/schema\/logo\/image\/"},"sameAs":["https:\/\/www.facebook.com\/walltopiaclimbing\/","https:\/\/x.com\/walltopiabg","https:\/\/www.instagram.com\/walltopia.active\/","https:\/\/www.linkedin.com\/company\/walltopia-ltd.","https:\/\/www.youtube.com\/user\/WALLTOPIA"]}]}},"_links":{"self":[{"href":"https:\/\/walltopia.com\/es\/wp-json\/wp\/v2\/pages\/116192","targetHints":{"allow":["GET"]}}],"collection":[{"href":"https:\/\/walltopia.com\/es\/wp-json\/wp\/v2\/pages"}],"about":[{"href":"https:\/\/walltopia.com\/es\/wp-json\/wp\/v2\/types\/page"}],"author":[{"embeddable":true,"href":"https:\/\/walltopia.com\/es\/wp-json\/wp\/v2\/users\/5"}],"replies":[{"embeddable":true,"href":"https:\/\/walltopia.com\/es\/wp-json\/wp\/v2\/comments?post=116192"}],"version-history":[{"count":0,"href":"https:\/\/walltopia.com\/es\/wp-json\/wp\/v2\/pages\/116192\/revisions"}],"wp:attachment":[{"href":"https:\/\/walltopia.com\/es\/wp-json\/wp\/v2\/media?parent=116192"}],"curies":[{"name":"wp","href":"https:\/\/api.w.org\/{rel}","templated":true}]}}