{"id":111029,"date":"2021-07-13T14:22:25","date_gmt":"2021-07-13T11:22:25","guid":{"rendered":"http:\/\/walltopia.com\/politique-de-confidentialite\/"},"modified":"2024-07-09T12:04:06","modified_gmt":"2024-07-09T09:04:06","slug":"politique-de-confidentialite","status":"publish","type":"page","link":"https:\/\/walltopia.com\/fr\/politique-de-confidentialite\/","title":{"rendered":"Politique de confidentialit\u00e9"},"content":{"rendered":"<div class=\"wpb-content-wrapper\">[vc_row css=\u00a0\u00bb.vc_custom_1610054112370{padding-top: 100px !important;}\u00a0\u00bb el_id=\u00a0\u00bbI\u00a0\u00bb][vc_column][vc_custom_heading text=\u00a0\u00bbPolitique g\u00e9n\u00e9rale de protection des donn\u00e9es personnelles\u00a0\u00bb font_container=\u00a0\u00bbtag:h3|text_align:center|line_height:1&Prime; use_theme_fonts=\u00a0\u00bbyes\u00a0\u00bb el_class=\u00a0\u00bbuppercase letter-spacing-1px\u00a0\u00bb css=\u00a0\u00bb.vc_custom_1610048606009{margin-top: 0px !important;margin-bottom: 25px !important;}\u00a0\u00bb][vc_column_text el_class=\u00a0\u00bbtext-align-center\u00a0\u00bb](en vigueur \u00e0 partir du 24.05.2018)<\/p>\n[\/vc_column_text][vc_custom_heading text=\u00a0\u00bbI. Champ d&apos;application\u00a0\u00bb font_container=\u00a0\u00bbtag:h4|text_align:center|line_height:1&Prime; use_theme_fonts=\u00a0\u00bbyes\u00a0\u00bb el_class=\u00a0\u00bbuppercase letter-spacing-1px\u00a0\u00bb css=\u00a0\u00bb.vc_custom_1610052713789{margin-top: 25px !important;margin-bottom: 25px !important;}\u00a0\u00bb][vc_column_text]\n<p>Walltopia AD (\u00ab\u00a0Walltopia\u00a0\u00bb, \u00ab\u00a0nous\u00a0\u00bb, \u00ab\u00a0notre\u00a0\u00bb ou \u00ab\u00a0nos\u00a0\u00bb), UIC 204143670, si\u00e8ge et adresse d&rsquo;enregistrement : Letnitsa 5570, 1B Bulgaria Blvd, en tant que responsable du traitement des donn\u00e9es \u00e0 caract\u00e8re personnel, est conscient de l&rsquo;importance de la protection de vos donn\u00e9es \u00e0 caract\u00e8re personnel.<\/p>\n<p>La pr\u00e9sente politique g\u00e9n\u00e9rale de protection des donn\u00e9es \u00e0 caract\u00e8re personnel (la \u00ab\u00a0politique g\u00e9n\u00e9rale\u00a0\u00bb) a pour objet de vous informer sur les points suivants :<\/p>\n<ol>\n<li>\n              <strong>Les cat\u00e9gories de donn\u00e9es personnelles que nous collectons et traitons :<\/strong>\n            <\/li>\n<\/ol>\n<p>(i) lorsque vous vous inscrivez ou utilisez notre site web www.walltopia.com ou certains des sites ou pages qui lui sont associ\u00e9s sur les m\u00e9dias sociaux, ou lorsque vous utilisez une autre application ou un autre service en ligne faisant r\u00e9f\u00e9rence \u00e0 la pr\u00e9sente politique de protection des donn\u00e9es \u00e0 caract\u00e8re personnel (ci-apr\u00e8s d\u00e9nomm\u00e9s les <strong>\u00ab\u00a0services\u00a0\u00bb<\/strong>) ;<\/p>\n<p>(ii) lorsque vous posez votre candidature \u00e0 un poste que nous avons annonc\u00e9 ou au cours du processus de recrutement ou d&#8217;embauche en tant qu&#8217;employ\u00e9, travailleur ou sous-traitant ;<\/p>\n<p>(iii) lorsque vous entrez en contact avec nous (y compris via certains de nos sites web) ou que vous nous demandez des informations sur les biens et services que nous proposons ;<\/p>\n<p>(iv) lorsque nous effectuons le travail que vous nous avez confi\u00e9, y compris la vente de biens et de services que nous proposons.<\/p>\n<ol start=\"2\">\n<li>\n              <strong>Les sources et les m\u00e9thodes selon lesquelles nous collectons et prot\u00e9geons les donn\u00e9es personnelles que nous traitons.<\/strong>\n            <\/li>\n<li>\n              <strong>Les finalit\u00e9s du traitement de vos donn\u00e9es \u00e0 caract\u00e8re personnel et la base juridique de ce traitement.<\/strong>\n            <\/li>\n<li>\n              <strong>Collecte et traitement des donn\u00e9es personnelles des enfants.<\/strong>\n            <\/li>\n<li>\n              <strong>Les cas o\u00f9 nous transf\u00e9rons vos donn\u00e9es personnelles \u00e0 des tiers.<\/strong>\n            <\/li>\n<li>\n              <strong>La dur\u00e9e pendant laquelle nous conservons vos donn\u00e9es \u00e0 caract\u00e8re personnel et la date \u00e0 laquelle nous les supprimons.<\/strong>\n            <\/li>\n<li>\n              <strong>Vos droits concernant le traitement de vos donn\u00e9es personnelles.<\/strong>\n            <\/li>\n<li>\n              <strong>Protection de vos donn\u00e9es personnelles.<\/strong>\n            <\/li>\n<li>\n              <strong>Les moyens par lesquels vous pouvez nous contacter sur des questions li\u00e9es au traitement de vos donn\u00e9es personnelles.<\/strong>\n            <\/li>\n<\/ol>\n<p>La pr\u00e9sente politique g\u00e9n\u00e9rale de protection des donn\u00e9es \u00e0 caract\u00e8re personnel s&rsquo;applique chaque fois que nous traitons vos donn\u00e9es \u00e0 caract\u00e8re personnel. Nos politiques sp\u00e9ciales de protection de certaines cat\u00e9gories de donn\u00e9es s&rsquo;appliquent en plus de la pr\u00e9sente politique g\u00e9n\u00e9rale.<\/p>\n<p>Nous pouvons de temps \u00e0 autre mettre \u00e0 jour la pr\u00e9sente politique g\u00e9n\u00e9rale de protection des donn\u00e9es \u00e0 caract\u00e8re personnel. Le cas \u00e9ch\u00e9ant, nous publierons sur notre site web une notification de la mise \u00e0 jour, ainsi que la version modifi\u00e9e de la politique.<\/p>\n<p>Si vous avez des questions concernant cette politique g\u00e9n\u00e9rale, n&rsquo;h\u00e9sitez pas \u00e0 nous contacter par l&rsquo;un des moyens d\u00e9crits \u00e0 la fin de ce document.<\/p>\n<p>Aux fins de la pr\u00e9sente politique g\u00e9n\u00e9rale :<\/p>\n<p><strong>\u00ab\u00a0Donn\u00e9es \u00e0 caract\u00e8re personnel<\/strong> toute information concernant une personne physique identifi\u00e9e ou identifiable (\u00ab\u00a0personne concern\u00e9e\u00a0\u00bb) ; une personne physique identifiable est une personne qui peut \u00eatre identifi\u00e9e, directement ou indirectement, notamment par r\u00e9f\u00e9rence \u00e0 un identifiant tel qu&rsquo;un nom, un num\u00e9ro d&rsquo;identification, des donn\u00e9es de localisation, un identifiant en ligne ou \u00e0 un ou plusieurs \u00e9l\u00e9ments sp\u00e9cifiques propres \u00e0 l&rsquo;identit\u00e9 physique, physiologique, g\u00e9n\u00e9tique, psychologique, mentale, \u00e9conomique, culturelle ou sociale de cette personne physique<\/p>\n<p><strong>\u00ab\u00a0Donn\u00e9es personnelles sensibles<\/strong> comprend les donn\u00e9es \u00e0 caract\u00e8re personnel qui r\u00e9v\u00e8lent l&rsquo;origine raciale ou ethnique, les opinions politiques, les convictions religieuses ou philosophiques, ou l&rsquo;appartenance syndicale, ainsi que le traitement des donn\u00e9es g\u00e9n\u00e9tiques, des donn\u00e9es biom\u00e9triques aux fins de l&rsquo;identification unique d&rsquo;une personne physique, des donn\u00e9es relatives \u00e0 la sant\u00e9 ou des donn\u00e9es relatives \u00e0 la vie sexuelle ou \u00e0 l&rsquo;orientation sexuelle d&rsquo;une personne physique.<\/p>\n<p>Nous ne traitons pas de donn\u00e9es \u00e0 caract\u00e8re personnel sensibles, sauf si cela est n\u00e9cessaire pour remplir nos obligations r\u00e9glementaires, par exemple les obligations qui nous incombent en vertu de la l\u00e9gislation du travail ou de la l\u00e9gislation antidiscrimination. Veuillez ne pas nous envoyer ou nous fournir d&rsquo;une autre mani\u00e8re des donn\u00e9es personnelles sensibles vous concernant (ou concernant quelqu&rsquo;un d&rsquo;autre) \u00e0 moins que nous ne vous ayons express\u00e9ment demand\u00e9 de le faire par \u00e9crit et que nous vous ayons confirm\u00e9 que nous disposons des consentements n\u00e9cessaires et que toutes les autres exigences l\u00e9gales en mati\u00e8re de traitement des donn\u00e9es ont \u00e9t\u00e9 respect\u00e9es.<\/p>\n<p>Les <strong>\u00ab\u00a0donn\u00e9es \u00e0 caract\u00e8re personnel\u00a0\u00bb<\/strong> ne comprennent pas les donn\u00e9es qui ne peuvent pas \u00eatre mises en relation ou associ\u00e9es \u00e0 une personne physique en particulier.<\/p>\n[\/vc_column_text][\/vc_column][\/vc_row][vc_row el_id=\u00a0\u00bbII\u00a0\u00bb][vc_column][vc_custom_heading text=\u00a0\u00bbII. Les cat\u00e9gories de donn\u00e9es personnelles que nous traitons\u00a0\u00bb font_container=\u00a0\u00bbtag:h4|text_align:center|line_height:1&Prime; use_theme_fonts=\u00a0\u00bbyes\u00a0\u00bb el_class=\u00a0\u00bbuppercase letter-spacing-1px\u00a0\u00bb css=\u00a0\u00bb.vc_custom_1610052554807{margin-top: 25px !important;margin-bottom: 25px !important;}\u00a0\u00bb][vc_column_text]Les donn\u00e9es personnelles que nous traitons sont les suivantes :<\/p>\n<p>Des <strong>informations de base<\/strong>, telles que votre nom (y compris votre titre), l&rsquo;organisation que vous repr\u00e9sentez ou pour laquelle vous travaillez et le poste que vous occupez au sein de cette organisation.<\/p>\n<p>Les <strong>informations de contact<\/strong>, telles que l&rsquo;adresse postale, l&rsquo;e-mail, le num\u00e9ro de t\u00e9l\u00e9phone, le num\u00e9ro de fax et le nom Skype.<\/p>\n<p>des <strong>informations financi\u00e8res<\/strong>, telles que votre num\u00e9ro de carte de cr\u00e9dit\/d\u00e9bit ou votre compte bancaire en ce qui concerne une transaction particuli\u00e8re ou une s\u00e9rie de transactions li\u00e9es.<\/p>\n<p><strong>Informations techniques<\/strong>, telles que les donn\u00e9es g\u00e9n\u00e9r\u00e9es \u00e0 la suite de votre utilisation du site web ou d&rsquo;une application int\u00e9gr\u00e9e \u00e0 celui-ci (app, plug-in, etc.), ainsi que les informations concernant les mat\u00e9riaux et les communications re\u00e7us de vous ou qui vous sont envoy\u00e9s par voie \u00e9lectronique.<\/p>\n<p>les <strong>informations relatives aux r\u00e9unions d&rsquo;affaires<\/strong>, telles que les informations que vous nous fournissez concernant votre participation \u00e0 des s\u00e9minaires d&rsquo;affaires, \u00e0 des conf\u00e9rences et \u00e0 d&rsquo;autres \u00e9v\u00e9nements commerciaux similaires organis\u00e9s par nous ou par certaines des entreprises qui nous sont associ\u00e9es.<\/p>\n<p>d&rsquo;<strong>autres donn\u00e9es \u00e0 caract\u00e8re personnel<\/strong> que vous nous avez fournies ou que vous avez fournies en votre nom ou qui ont \u00e9t\u00e9 g\u00e9n\u00e9r\u00e9es dans le cadre de la pr\u00e9paration ou de l&rsquo;ex\u00e9cution d&rsquo;une commande que vous nous avez confi\u00e9e, telles que l&rsquo;historique des commandes et des paiements.[\/vc_column_text][\/vc_column][\/vc_row][vc_row el_id=\u00a0\u00bbIII\u00a0\u00bb][vc_column][vc_custom_heading text=\u00a0\u00bbIII. Sources et m\u00e9thodes de collecte de donn\u00e9es \u00e0 caract\u00e8re personnel\u00a0\u00bb font_container=\u00a0\u00bbtag:h4|text_align:center|line_height:1&Prime; use_theme_fonts=\u00a0\u00bbyes\u00a0\u00bb el_class=\u00a0\u00bbuppercase letter-spacing-1px\u00a0\u00bb css=\u00a0\u00bb.vc_custom_1610052560794{margin-top: 25px !important;margin-bottom: 25px !important;}\u00a0\u00bb][vc_custom_heading text=\u00a0\u00bb01. Donn\u00e9es personnelles que vous nous fournissez directement\u00a0\u00bb font_container=\u00a0\u00bbtag:h6|text_align:left\u00a0\u00bb use_theme_fonts=\u00a0\u00bbyes\u00a0\u00bb el_class=\u00a0\u00bbbold\u00a0\u00bb][vc_column_text]Une partie des donn\u00e9es \u00e0 caract\u00e8re personnel que nous collectons et traitons est fournie directement par vous (par exemple, lorsque vous vous inscrivez ou utilisez certains des sites web que nous exploitons ou lorsque vous nous contactez par t\u00e9l\u00e9phone ou en ligne pour postuler \u00e0 un emploi ou obtenir des informations sur les biens et services que nous fournissons ou sur l&rsquo;\u00e9tat d&rsquo;ex\u00e9cution de votre commande).<\/p>\n<p>Pour pr\u00e9ciser, les donn\u00e9es personnelles que vous nous fournissez directement sont les suivantes :<\/p>\n<p>Donn\u00e9es d&rsquo;identification, telles que votre nom, votre date de naissance, votre adresse permanente, votre adresse de livraison ou de correspondance, votre num\u00e9ro de t\u00e9l\u00e9phone, votre adresse \u00e9lectronique, votre mot de passe et votre nom d&rsquo;utilisateur lorsque vous cr\u00e9ez votre propre compte client sur certains des sites web que nous exploitons (dans la mesure o\u00f9 le site web concern\u00e9 prend en charge une telle fonctionnalit\u00e9) ;<\/p>\n<p>Dans certains cas, les donn\u00e9es personnelles que vous fournissez peuvent inclure l&rsquo;\u00e2ge, le sexe, les int\u00e9r\u00eats ou l&rsquo;appartenance \u00e0 une organisation de branche ;<\/p>\n<p>Les donn\u00e9es personnelles contenues dans la communication \u00e9lectronique que vous nous avez envoy\u00e9e, telles que les donn\u00e9es contenues dans un message \u00e9lectronique adress\u00e9 \u00e0 nous, \u00e0 notre employ\u00e9 ou \u00e0 notre repr\u00e9sentant commercial ;<\/p>\n<p>les donn\u00e9es cr\u00e9\u00e9es par vous dans le cadre de l&rsquo;attribution et de l&rsquo;ex\u00e9cution des ordres que vous avez cr\u00e9\u00e9s via un site web que nous exploitons ou autrement, telles que l&rsquo;historique des ordres, y compris les donn\u00e9es relatives \u00e0 la date de l&rsquo;attribution et\/ou de l&rsquo;acceptation des ordres et le statut de leur ex\u00e9cution ;<\/p>\n<p>des informations financi\u00e8res, telles que votre num\u00e9ro de carte de cr\u00e9dit\/d\u00e9bit ou votre compte bancaire, aux fins de l&rsquo;ex\u00e9cution d&rsquo;une transaction financi\u00e8re particuli\u00e8re ou d&rsquo;une s\u00e9rie de transactions de ce type ;<\/p>\n<p>Les donn\u00e9es personnelles g\u00e9n\u00e9r\u00e9es par vous ou li\u00e9es \u00e0 votre compte client sur le site web concern\u00e9, telles que les donn\u00e9es que vous saisissez lorsque vous mettez \u00e0 jour votre compte client ou les informations sur les produits que vous avez ajout\u00e9s \u00e0 votre panier ou \u00e0 votre liste de souhaits ;<\/p>\n<p>Les donn\u00e9es que vous g\u00e9n\u00e9rez lorsque vous utilisez certains plug-ins de m\u00e9dias sociaux, tels que les plug-ins \u00ab\u00a0like\u00a0\u00bb ou \u00ab\u00a0follow\u00a0\u00bb de Facebook, dans le but d&rsquo;exprimer votre attitude \u00e0 l&rsquo;\u00e9gard de certains mat\u00e9riels ou contenus publi\u00e9s sur nos sites web ou nos pages de m\u00e9dias sociaux ;<\/p>\n<p>d&rsquo;autres donn\u00e9es \u00e0 caract\u00e8re personnel que vous fournissez \u00e0 notre demande lorsque la loi nous oblige ou nous autorise \u00e0 collecter ces donn\u00e9es afin de vous identifier ou de confirmer les informations dont nous disposons d\u00e9j\u00e0.<\/p>\n<p>Dans certains cas, lorsque la loi le permet, nous collectons des donn\u00e9es relatives aux condamnations p\u00e9nales et aux infractions. Par exemple, lorsque la loi nous interdit d&#8217;embaucher \u00e0 certains postes des personnes qui ont \u00e9t\u00e9 condamn\u00e9es pour certains d\u00e9lits, nous ne traiterons les donn\u00e9es que vous nous avez fournies que le temps n\u00e9cessaire pour nous conformer \u00e0 notre obligation l\u00e9gale.[\/vc_column_text][vc_custom_heading text=\u00a0\u00bb02. Donn\u00e9es \u00e0 caract\u00e8re personnel collect\u00e9es automatiquement\u00a0\u00bb font_container=\u00a0\u00bbtag:h6|text_align:left\u00a0\u00bb use_theme_fonts=\u00a0\u00bbyes\u00a0\u00bb el_class=\u00a0\u00bbbold\u00a0\u00bb][vc_column_text]Une partie des donn\u00e9es personnelles que nous traitons est collect\u00e9e automatiquement lorsque vous vous inscrivez ou utilisez un site web g\u00e9r\u00e9 par nous afin de nous contacter ou de passer une commande. Ces informations sont fournies par les appareils (tels que votre ordinateur personnel ou professionnel, votre smartphone, votre tablette, etc.) que vous utilisez pour acc\u00e9der \u00e0 nos sites web, \u00e0 nos pages de m\u00e9dias sociaux ou aux applications et autres services en ligne que nous proposons et comprennent l&rsquo;identifiant de votre appareil ou l&rsquo;identifiant unique li\u00e9 \u00e0 l&rsquo;appareil ou au navigateur que vous utilisez, les donn\u00e9es de localisation, le type d&rsquo;appareil ou de navigateur que vous utilisez.<\/p>\n<p>Nous collectons des donn\u00e9es pour vos interactions avec nos sites web et nos pages de m\u00e9dias sociaux, telles que des informations sur votre localisation et votre adresse IP. Nous utilisons des cookies et d&rsquo;autres technologies similaires, telles que des balises pixel ou des pixels invisibles, pour collecter des informations statistiques nous permettant de mieux comprendre le comportement des utilisateurs de nos services et d&rsquo;\u00e9valuer l&rsquo;efficacit\u00e9 de nos publicit\u00e9s en ligne, telles que des informations sur les sites web que vous avez visit\u00e9s et les liens publi\u00e9s sur nos sites web sur lesquels vous avez cliqu\u00e9. Vous trouverez plus d&rsquo;informations sur les cookies que nous utilisons et les moyens de les contr\u00f4ler dans notre politique en mati\u00e8re de cookies et autres technologies similaires.<\/p>\n<p>Nous n&rsquo;utilisons pas la prise de d\u00e9cision automatis\u00e9e, y compris le profilage r\u00e9sultant du traitement automatis\u00e9 des donn\u00e9es \u00e0 caract\u00e8re personnel.[\/vc_column_text][vc_custom_heading text=\u00a0\u00bb03. Donn\u00e9es personnelles collect\u00e9es aupr\u00e8s d&apos;autres sources\u00a0\u00bb font_container=\u00a0\u00bbtag:h6|text_align:left\u00a0\u00bb use_theme_fonts=\u00a0\u00bbyes\u00a0\u00bb el_class=\u00a0\u00bbbold\u00a0\u00bb][vc_column_text]Outre les donn\u00e9es personnelles que nous recueillons directement aupr\u00e8s de vous ou de l&rsquo;appareil que vous utilisez, nous recueillons des donn\u00e9es provenant d&rsquo;autres sources. Par exemple, dans certains cas, si la loi ne l&rsquo;interdit pas, nous recueillons des informations relatives \u00e0 votre historique de cr\u00e9dit ainsi que d&rsquo;autres informations similaires fournies par \u0430 bureau de cr\u00e9dit ou par des institutions financi\u00e8res ou de cr\u00e9dit agr\u00e9\u00e9es avec lesquelles vous avez eu ou avez des relations financi\u00e8res ou commerciales.<\/p>\n<p>Les donn\u00e9es personnelles fournies par des tiers comprennent les donn\u00e9es contenues dans votre profil public dans les m\u00e9dias sociaux, auxquelles nous avons acc\u00e8s lorsque vous choisissez de vous connecter \u00e0 votre compte client \u00e0 l&rsquo;aide de votre compte de m\u00e9dias sociaux, tel que Facebook ou G+. Notez que la plupart des donn\u00e9es publi\u00e9es dans vos profils dans les m\u00e9dias sociaux, telles que votre profil public, vos donn\u00e9es de localisation, votre langue, vos messages publics et vos commentaires, sont accessibles au public, ce qui entra\u00eene certaines responsabilit\u00e9s et pose certains risques pour l&rsquo;inviolabilit\u00e9 de votre espace personnel. Vous contr\u00f4lez les donn\u00e9es que vous partagez avec nous par le biais des param\u00e8tres du site des m\u00e9dias sociaux respectifs, ainsi que les consentements que vous nous donnez en ce qui concerne le traitement de vos donn\u00e9es personnelles contenues sur les sites des m\u00e9dias sociaux.[\/vc_column_text][\/vc_column][\/vc_row][vc_row el_id=\u00a0\u00bbIV\u00a0\u00bb][vc_column][vc_custom_heading text=\u00a0\u00bbIV. Les finalit\u00e9s du traitement de vos donn\u00e9es \u00e0 caract\u00e8re personnel et la base juridique de ce traitement\u00a0\u00bb font_container=\u00a0\u00bbtag:h4|text_align:center|line_height:1&Prime; use_theme_fonts=\u00a0\u00bbyes\u00a0\u00bb el_class=\u00a0\u00bbuppercase letter-spacing-1px\u00a0\u00bb css=\u00a0\u00bb.vc_custom_1610053359442{margin-top: 25px !important;margin-bottom: 25px !important;}\u00a0\u00bb][vc_column_text]\n<p>Nous collectons, conservons et traitons les donn\u00e9es \u00e0 caract\u00e8re personnel tant que cela est conforme \u00e0 la loi et \u00e0 nos politiques de protection des donn\u00e9es \u00e0 caract\u00e8re personnel. Nous traitons les donn\u00e9es \u00e0 caract\u00e8re personnel \u00e0 diverses fins commerciales et sur diverses bases juridiques. Conform\u00e9ment \u00e0 la l\u00e9gislation applicable, nous devons disposer d&rsquo;une base juridique pour traiter vos donn\u00e9es \u00e0 caract\u00e8re personnel. Selon la base sur laquelle nous traitons vos donn\u00e9es personnelles, vous disposez de certains droits. Vous trouverez de plus amples informations sur vos droits dans la section IX.<\/p>\n<p>En particulier, nous traitons les donn\u00e9es \u00e0 caract\u00e8re personnel que nous avons collect\u00e9es sur les bases juridiques \u00e9num\u00e9r\u00e9es ci-dessous pour une ou plusieurs des finalit\u00e9s suivantes :<\/p>\n<p>\n            <strong>Nous traitons vos donn\u00e9es \u00e0 caract\u00e8re personnel dans le but d&rsquo;ex\u00e9cuter et de r\u00e9aliser un contrat avec vous.<\/strong>\n          <\/p>\n<p>Nous pouvons collecter et traiter vos donn\u00e9es personnelles afin d&rsquo;ex\u00e9cuter un contrat avec vous et de prendre certaines mesures avant l&rsquo;ex\u00e9cution du contrat \u00e0 votre demande. Les principales finalit\u00e9s du traitement de vos donn\u00e9es \u00e0 caract\u00e8re personnel sur cette base sont les suivantes :<\/p>\n[\/vc_column_text][vc_column_text]\n<ul>\n<li>pour identifier un client qui veut commander ou a command\u00e9 des produits et services que nous offrons et des personnes qui veulent devenir ou sont d\u00e9j\u00e0 devenues nos fournisseurs ou sous-traitants ;<\/li>\n<li>\u00e9tablir le fondement juridique de la conclusion d&rsquo;un contrat, ainsi que les conditions suppl\u00e9mentaires pour la validit\u00e9 du contrat, telles que la pr\u00e9sence de consentements de tiers ;<\/li>\n<li>pour la pr\u00e9paration et la communication d&rsquo;offres d&rsquo;ex\u00e9cution ou de modification d&rsquo;un contrat, de projets de contrats et de contrats \u00e0 distance ;<\/li>\n<li>fournir des informations compl\u00e9mentaires et des pr\u00e9cisions sur les caract\u00e9ristiques et le mode d&rsquo;utilisation des produits et services que nous proposons ;<\/li>\n<li>ex\u00e9cuter une commande de produits et de services pass\u00e9e par un client ;<\/li>\n<li>pour pr\u00e9parer des comptes, des factures, des notes de cr\u00e9dit\/d\u00e9bit et des relev\u00e9s pour nos ventes ou nos livraisons gratuites de produits et de services ;<\/li>\n<li>de retracer les paiements pour les commandes pass\u00e9es ;<\/li>\n<li>contacter les clients, les fournisseurs et les sous-traitants sur des questions li\u00e9es \u00e0 l&rsquo;ex\u00e9cution ou \u00e0 la modification des contrats conclus pour la livraison de biens et de services ;<\/li>\n<li>fournir des conseils et des informations techniques orales et \u00e9crites, y compris des conseils sur l&rsquo;utilisation optimale et s\u00fbre des produits et services que nous offrons ;<\/li>\n<li>pour envoyer des messages, des bulletins d&rsquo;information et des notifications de rappel de certains produits du march\u00e9 ;<\/li>\n<li>de remplir nos obligations dans le cadre des garanties de produits que nous fournissons ;<\/li>\n<li>coordonner l&rsquo;ex\u00e9cution d&rsquo;un contrat particulier avec un client ou un sous-traitant ;<\/li>\n<li>de proc\u00e9der \u00e0 des \u00e9valuations du risque de cr\u00e9dit, y compris lorsque le paiement d&rsquo;obligations contractuelles est diff\u00e9r\u00e9 ;<\/li>\n<li>examiner et analyser les plaintes et les signaux relatifs \u00e0 nos produits et services afin de prendre les mesures n\u00e9cessaires pour r\u00e9soudre les probl\u00e8mes li\u00e9s \u00e0 l&rsquo;ex\u00e9cution des contrats que nous avons conclus ou \u00e0 l&rsquo;utilisation des produits ou services que nous avons fournis ;<\/li>\n<li>\u00e9tablir et pr\u00e9venir toute activit\u00e9 ill\u00e9gale de la part des clients, y compris les activit\u00e9s contraires \u00e0 un contrat juridiquement contraignant conclu avec nous ;<\/li>\n<li>emp\u00eacher la divulgation, l&rsquo;utilisation, la modification ou la destruction non autoris\u00e9es d&rsquo;informations confidentielles ou d&rsquo;autres informations prot\u00e9g\u00e9es par la loi ;<\/li>\n<li>assurer le fonctionnement normal des magasins \u00e9lectroniques que nous exploitons ou d&rsquo;autres canaux de vente et de distribution de nos produits et services ;<\/li>\n<li>pour enregistrer les comptes des clients sur les sites web que nous g\u00e9rons et exploitons.<\/li>\n<\/ul>\n[\/vc_column_text][vc_column_text]<strong>Nous traitons vos donn\u00e9es personnelles afin de remplir les obligations l\u00e9gales qui nous incombent en vertu du droit de l&rsquo;Union europ\u00e9enne et des \u00c9tats membres de l&rsquo;UE.<\/strong><\/p>\n<p>Plus pr\u00e9cis\u00e9ment, nous traitons des donn\u00e9es \u00e0 caract\u00e8re personnel lorsque nous ex\u00e9cutons les obligations l\u00e9gales qui nous incombent du fait que nous sommes \u00e0 la fois un employeur et un vendeur\/acheteur de biens et de services. \u00c0 cet \u00e9gard, nous traitons des donn\u00e9es \u00e0 caract\u00e8re personnel afin d&rsquo;ex\u00e9cuter nos obligations sp\u00e9cifiques qui d\u00e9coulent des \u00e9l\u00e9ments suivants ou qui y sont li\u00e9es :[\/vc_column_text][vc_column_text]\n<ul>\n<li>les droits de s\u00e9curit\u00e9 sociale des employ\u00e9s, des travailleurs et des sous-traitants, y compris les obligations qui nous incombent en vertu du code de la s\u00e9curit\u00e9 sociale, de la loi sur l&rsquo;assurance maladie et des lois r\u00e9gissant l&rsquo;imposition individuelle des personnes physiques, ainsi que leurs \u00e9quivalents dans les autres \u00c9tats membres de l&rsquo;UE ;<\/li>\n<li>les ventes (y compris les ventes \u00e0 distance) de biens et de services aux consommateurs au sens de la loi sur la protection des consommateurs ;<\/li>\n<li>l&rsquo;identification des clients lorsque cela est n\u00e9cessaire pour remplir les obligations qui nous incombent en vertu de la loi sur la lutte contre le blanchiment d&rsquo;argent ou de la loi sur la lutte contre le financement du terrorisme ;<\/li>\n<li>la comptabilit\u00e9 l\u00e9gale des op\u00e9rations \u00e9conomiques auxquelles nous participons, y compris l&rsquo;imposition des livraisons de biens et des services effectu\u00e9s ou re\u00e7us par nous ;<\/li>\n<li>notre obligation d&rsquo;assister les autorit\u00e9s comp\u00e9tentes dans le cadre des audits, r\u00e9visions et inspections qu&rsquo;elles effectuent et dans d&rsquo;autres cas lorsque ces autorit\u00e9s exercent leurs droits de contr\u00f4le sur la base de motifs l\u00e9gaux ;<\/li>\n<li>notre participation \u00e0 des proc\u00e9dures judiciaires et \u00e0 des proc\u00e9dures connexes en tant que partie ou tiers responsable, comme par exemple notre obligation de fournir des donn\u00e9es et des informations n\u00e9cessaires \u00e0 la r\u00e9solution d&rsquo;un litige juridique particulier ;<\/li>\n<\/ul>\n[\/vc_column_text][vc_column_text]<strong>Nous pouvons collecter et traiter vos donn\u00e9es personnelles avec votre consentement<\/strong>\n          <\/p>\n<p>Dans certains cas, apr\u00e8s avoir re\u00e7u votre consentement au traitement de vos donn\u00e9es personnelles pour une finalit\u00e9 sp\u00e9cifique, nous pouvons utiliser ces donn\u00e9es comme suit :<\/p>\n<ul>\n<li>\u00e0 des fins de <strong>marketing direct<\/strong> en relation avec les produits et services offerts par nous ou nos affili\u00e9s, lorsque le marketing peut \u00eatre effectu\u00e9 sous forme d&rsquo;appels t\u00e9l\u00e9phoniques, d&rsquo;envoi de lettres, de SMS ou de courriels. Par exemple, si vous vous inscrivez \u00e0 notre lettre d&rsquo;information ou si vous souhaitez recevoir des offres promotionnelles, nous pouvons vous demander de nous fournir des donn\u00e9es personnelles, telles que votre nom, votre num\u00e9ro de t\u00e9l\u00e9phone, votre adresse \u00e9lectronique, ainsi que d&rsquo;autres informations pertinentes. Si vous ne souhaitez plus recevoir de messages promotionnels et marketing de notre part, vous pouvez nous le faire savoir \u00e0 tout moment ou simplement suivre les instructions de d\u00e9sinscription contenues dans les communications et messages qui vous sont envoy\u00e9s. Nous prenons des mesures pour limiter le contenu marketing que nous envoyons \u00e0 une quantit\u00e9 raisonnable et proportionnelle en vous envoyant uniquement le contenu que nous pensons pouvoir vous int\u00e9resser ou vous concerner sur la base des informations dont nous disposons ;<\/li>\n<li>aux fins de votre participation \u00e0 divers sondages, enqu\u00eates et \u00e9v\u00e9nements de nature commerciale ou non commerciale, tels que les f\u00eates organis\u00e9es par nous ou certaines de nos entreprises associ\u00e9es ;<\/li>\n<li>pour l&rsquo;ex\u00e9cution d&rsquo;obligations sp\u00e9cifiques \u00e0 votre \u00e9gard d\u00e9coulant de la loi ou d&rsquo;un contrat, pour autant que le traitement des donn\u00e9es \u00e0 caract\u00e8re personnel concern\u00e9es (par exemple, des informations sur la sant\u00e9 ou d&rsquo;autres donn\u00e9es \u00e0 caract\u00e8re personnel sensibles) ne soit pas interdit par la loi.<\/li>\n<\/ul>\n<p>Vous avez le droit de retirer votre consentement au traitement des donn\u00e9es \u00e0 caract\u00e8re personnel \u00e0 tout moment. De plus amples informations sur ce droit sont disponibles ci-dessous.<\/p>\n<p><strong>Nous pouvons traiter vos donn\u00e9es \u00e0 caract\u00e8re personnel lorsque nous avons un int\u00e9r\u00eat l\u00e9gal (l\u00e9gitime) \u00e0<\/strong> le faire, comme par exemple notre int\u00e9r\u00eat l\u00e9gitime \u00e0 :<\/p>\n<ul>\n<li>am\u00e9liorer et d\u00e9velopper en permanence les produits et services que nous proposons, y compris leurs fonctionnalit\u00e9s, leur conception et\/ou leur contenu ;<\/li>\n<li>encourager et surveiller l&rsquo;introduction et la mise en \u0153uvre de mesures am\u00e9lior\u00e9es et\/ou innovantes pour l&rsquo;utilisation en toute s\u00e9curit\u00e9 des produits et services offerts par nous ou nos affili\u00e9s ;<\/li>\n<li>suivre et analyser nos performances sur les diff\u00e9rents march\u00e9s ;<\/li>\n<li>d\u00e9velopper les comp\u00e9tences de notre personnel et de nos sous-traitants en ce qui concerne la collaboration avec les clients sur les march\u00e9s respectifs ;<\/li>\n<li>personnaliser les produits et services que nous fournissons afin d&rsquo;accro\u00eetre votre satisfaction globale \u00e0 leur \u00e9gard et votre communication avec nous ;<\/li>\n<li>contr\u00f4ler l&rsquo;\u00e9tat technique de nos syst\u00e8mes d&rsquo;information et de nos ressources, y compris nos magasins \u00e9lectroniques et d&rsquo;autres sites web, ainsi qu&rsquo;\u00e9liminer les probl\u00e8mes li\u00e9s au bon fonctionnement, \u00e0 la s\u00e9curit\u00e9 et \u00e0 l&rsquo;int\u00e9grit\u00e9 de ces derniers.<strong><br \/>\n<\/strong><\/li>\n<\/ul>\n[\/vc_column_text][\/vc_column][\/vc_row][vc_row el_id=\u00a0\u00bbV\u00a0\u00bb][vc_column][vc_custom_heading text=\u00a0\u00bbV. Collecte et traitement des donn\u00e9es personnelles des enfants\u00a0\u00bb font_container=\u00a0\u00bbtag:h4|text_align:center|line_height:1&Prime; use_theme_fonts=\u00a0\u00bbyes\u00a0\u00bb el_class=\u00a0\u00bbuppercase letter-spacing-1px\u00a0\u00bb css=\u00a0\u00bb.vc_custom_1610054313645{margin-top: 25px !important;margin-bottom: 25px !important;}\u00a0\u00bb][vc_column_text]Nous comprenons l&rsquo;importance de prendre des mesures suppl\u00e9mentaires pour prot\u00e9ger les donn\u00e9es personnelles des enfants qui utilisent nos produits et services, y compris les sites web que nous exploitons. Nous ne collectons pas les donn\u00e9es personnelles d&rsquo;enfants de moins de 16 ans ou les donn\u00e9es relatives \u00e0 des enfants de moins de 16 ans sans le consentement des parents ou, le cas \u00e9ch\u00e9ant, sans le consentement d&rsquo;une autre personne qui peut l\u00e9galement consentir au traitement des donn\u00e9es personnelles de l&rsquo;enfant (par exemple, le tuteur de l&rsquo;enfant).<\/p>\n<p>Nous n&rsquo;autorisons pas les enfants de moins de 16 ans \u00e0 cr\u00e9er leur propre compte client sur les sites web que nous exploitons ou \u00e0 nous fournir leurs donn\u00e9es personnelles.<\/p>\n<p>Si nous d\u00e9couvrons que nous avons collect\u00e9 ou trait\u00e9 des donn\u00e9es \u00e0 caract\u00e8re personnel concernant un enfant sans avoir obtenu le consentement parental requis par la loi, nous prendrons des mesures pour d\u00e9truire ces informations dans les plus brefs d\u00e9lais.<br \/>\n[\/vc_column_text][\/vc_column][\/vc_row][vc_row el_id=\u00a0\u00bbVI\u00a0\u00bb][vc_column][vc_custom_heading text=\u00a0\u00bbVI. Dans quels cas nous transmettons vos donn\u00e9es \u00e0 caract\u00e8re personnel \u00e0 des tiers ?\u00a0\u00bb font_container=\u00a0\u00bbtag:h4|text_align:center|line_height:1&Prime; use_theme_fonts=\u00a0\u00bbyes\u00a0\u00bb el_class=\u00a0\u00bbuppercase letter-spacing-1px\u00a0\u00bb css=\u00a0\u00bb.vc_custom_1610054420156{margin-top: 25px !important;margin-bottom: 25px !important;}\u00a0\u00bb][vc_custom_heading text=\u00a0\u00bb01. Tiers traitant des donn\u00e9es pour le compte de l&apos;entreprise\u00a0\u00bb font_container=\u00a0\u00bbtag:h6|text_align:left\u00a0\u00bb use_theme_fonts=\u00a0\u00bbyes\u00a0\u00bb el_class=\u00a0\u00bbbold\u00a0\u00bb][vc_column_text]Nous pouvons confier le traitement de vos donn\u00e9es \u00e0 caract\u00e8re personnel \u00e0 des tiers &#8211; des sous-traitants qui nous assistent dans le traitement des donn\u00e9es. Ces tiers traitent vos donn\u00e9es en notre nom et conform\u00e9ment \u00e0 nos instructions pour tout ou partie des finalit\u00e9s indiqu\u00e9es dans la pr\u00e9sente politique g\u00e9n\u00e9rale. Nous n&rsquo;autorisons pas les tiers &#8211; sous-traitants &#8211; \u00e0 utiliser vos donn\u00e9es \u00e0 caract\u00e8re personnel \u00e0 leurs propres fins, y compris \u00e0 des fins de marketing direct.<\/p>\n<p>Nous demandons \u00e0 tous les tiers qui traitent vos donn\u00e9es personnelles en notre nom de traiter les donn\u00e9es conform\u00e9ment \u00e0 la l\u00e9gislation applicable et de garantir la s\u00e9curit\u00e9 des donn\u00e9es, notamment en prenant les mesures techniques et organisationnelles n\u00e9cessaires \u00e0 la protection des donn\u00e9es personnelles. Les cat\u00e9gories de destinataires qui traitent les donn\u00e9es \u00e0 caract\u00e8re personnel en notre nom sont les suivantes :<\/p>\n<ul>\n<li>les soci\u00e9t\u00e9s de comptabilit\u00e9 et d&rsquo;audit qui traitent les donn\u00e9es \u00e0 caract\u00e8re personnel \u00e0 des fins de comptabilit\u00e9 et d&rsquo;audit de nos rapports financiers, ainsi que pour se conformer \u00e0 nos obligations en vertu du droit du travail, du droit fiscal et du droit des assurances ;<\/li>\n<li>les entit\u00e9s qui fournissent des services de la soci\u00e9t\u00e9 de l&rsquo;information, y compris des services d&rsquo;h\u00e9bergement et\/ou des services d&rsquo;information et des services techniques li\u00e9s \u00e0 la maintenance, \u00e0 la s\u00e9curit\u00e9 et au d\u00e9veloppement de notre infrastructure et de nos ressources en mati\u00e8re d&rsquo;information et de communication ;<\/li>\n<li>les op\u00e9rateurs postaux agr\u00e9\u00e9s et les soci\u00e9t\u00e9s de transport ou d&rsquo;exp\u00e9dition lorsque nous livrons les produits que vous avez command\u00e9s, ainsi que les fournisseurs agr\u00e9\u00e9s de services de paiement aux fins du traitement des paiements effectu\u00e9s par vous ou en votre faveur ;<\/li>\n<li>les soci\u00e9t\u00e9s de s\u00e9curit\u00e9 autoris\u00e9es \u00e0 fournir des services de s\u00e9curit\u00e9 priv\u00e9e dans le but de garantir la s\u00e9curit\u00e9 et l&rsquo;acc\u00e8s contr\u00f4l\u00e9 aux b\u00e2timents et aux locaux que nous poss\u00e9dons ou utilisons pour des raisons juridiques ; et<\/li>\n<\/ul>\n[\/vc_column_text][vc_custom_heading text=\u00a0\u00bb02. Prot\u00e9ger nos int\u00e9r\u00eats l\u00e9gitimes\u00a0\u00bb font_container=\u00a0\u00bbtag:h6|text_align:left\u00a0\u00bb use_theme_fonts=\u00a0\u00bbyes\u00a0\u00bb el_class=\u00a0\u00bbbold\u00a0\u00bb][vc_column_text]Dans certains cas, lorsque cela est n\u00e9cessaire pour prot\u00e9ger nos int\u00e9r\u00eats l\u00e9gitimes, nous pouvons divulguer vos donn\u00e9es personnelles \u00e0 des tiers, comme par exemple :<\/p>\n<ul>\n<li>nos conseillers et repr\u00e9sentants juridiques afin d&rsquo;obtenir des conseils juridiques ou de pr\u00e9parer et d&rsquo;organiser notre repr\u00e9sentation dans le cadre de litiges juridiques en cours ou potentiels, y compris dans le but de participer \u00e0 une proc\u00e9dure de m\u00e9diation ou \u00e0 une autre proc\u00e9dure volontaire de r\u00e9solution des litiges ;<\/li>\n<li>les entit\u00e9s qui ont acquis une partie ou la totalit\u00e9 de notre entreprise ou activit\u00e9 \u00e0 la suite d&rsquo;une r\u00e9organisation (telle que fusion, acquisition, etc.), d&rsquo;une transaction commerciale avec nous (telle que vente, \u00e9change) ou d&rsquo;un acte d&rsquo;une autorit\u00e9 comp\u00e9tente.<\/li>\n<\/ul>\n[\/vc_column_text][vc_custom_heading text=\u00a0\u00bb03. Entit\u00e9s pour lesquelles nous avons re\u00e7u votre consentement, telles que :\u00a0\u00bb font_container=\u00a0\u00bbtag:h6|text_align:left\u00a0\u00bb use_theme_fonts=\u00a0\u00bbyes\u00a0\u00bb el_class=\u00a0\u00bbbold\u00a0\u00bb][vc_column_text]Les entreprises qui peuvent vous fournir des informations ou des offres pour leurs propres produits et services.[\/vc_column_text][\/vc_column][\/vc_row][vc_row el_id=\u00a0\u00bbVII\u00a0\u00bb][vc_column][vc_custom_heading text=\u00a0\u00bbVII. La dur\u00e9e pendant laquelle nous conservons vos donn\u00e9es \u00e0 caract\u00e8re personnel et la date \u00e0 laquelle nous les supprimons\u00a0\u00bb font_container=\u00a0\u00bbtag:h4|text_align:center|line_height:1&Prime; use_theme_fonts=\u00a0\u00bbyes\u00a0\u00bb el_class=\u00a0\u00bbuppercase letter-spacing-1px\u00a0\u00bb css=\u00a0\u00bb.vc_custom_1610055031841{margin-top: 25px !important;margin-bottom: 25px !important;}\u00a0\u00bb][vc_column_text]\n<p>Nous conservons vos donn\u00e9es \u00e0 caract\u00e8re personnel pendant la p\u00e9riode n\u00e9cessaire ou autoris\u00e9e pour atteindre les objectifs pour lesquels nous traitons les donn\u00e9es. Une fois ces objectifs atteints ou si nous n&rsquo;avons plus d&rsquo;int\u00e9r\u00eat l\u00e9gitime ou de base juridique pour le traitement des donn\u00e9es (par exemple, lorsque le consentement au traitement a \u00e9t\u00e9 retir\u00e9), nous effacerons vos donn\u00e9es \u00e0 caract\u00e8re personnel dans les plus brefs d\u00e9lais.<\/p>\n<p>Les crit\u00e8res qui servent de base \u00e0 la d\u00e9termination de la p\u00e9riode de conservation de vos donn\u00e9es \u00e0 caract\u00e8re personnel comprennent : (\u0430) la p\u00e9riode pendant laquelle nous entretenons des relations commerciales avec vous et vous fournissons nos services, (b) les p\u00e9riodes de conservation des donn\u00e9es pr\u00e9vues par les r\u00e9glementations l\u00e9gales qui s&rsquo;appliquent \u00e0 nous, et (c) la p\u00e9riode pendant laquelle nous sommes tenus de conserver vos donn\u00e9es dans le cadre de notre participation et de la protection de nos droits et int\u00e9r\u00eats l\u00e9gaux dans des proc\u00e9dures judiciaires et administratives et l&rsquo;expiration des d\u00e9lais de prescription respectifs.<\/p>\n<p>Nous conserverons les donn\u00e9es personnelles contenues dans nos livres comptables pendant les p\u00e9riodes pr\u00e9vues par la loi sur la comptabilit\u00e9.[\/vc_column_text][\/vc_column][\/vc_row][vc_row el_id=\u00a0\u00bbVIII\u00a0\u00bb][vc_column][vc_custom_heading text=\u00a0\u00bbVIII. Comment vos informations personnelles sont-elles prot\u00e9g\u00e9es ?\u00a0\u00bb font_container=\u00a0\u00bbtag:h4|text_align:center|line_height:1&Prime; use_theme_fonts=\u00a0\u00bbyes\u00a0\u00bb el_class=\u00a0\u00bbuppercase letter-spacing-1px\u00a0\u00bb css=\u00a0\u00bb.vc_custom_1610055559609{margin-top: 25px !important;margin-bottom: 25px !important;}\u00a0\u00bb][vc_column_text]Lors du traitement de vos donn\u00e9es personnelles, nous prenons les mesures techniques et organisationnelles n\u00e9cessaires pour prot\u00e9ger ces donn\u00e9es contre tout acc\u00e8s non autoris\u00e9, toute modification ou tout effacement. Ces mesures sont les suivantes :<\/p>\n<ul>\n<li>\u00e9tablir des politiques internes pour le traitement des donn\u00e9es \u00e0 caract\u00e8re personnel afin d&#8217;emp\u00eacher tout acc\u00e8s non autoris\u00e9 aux syst\u00e8mes et aux locaux dans lesquels nous stockons vos donn\u00e9es \u00e0 caract\u00e8re personnel ;<\/li>\n<li>l&rsquo;obligation de confidentialit\u00e9 pour nos employ\u00e9s, nos sous-traitants et nos fournisseurs ;<\/li>\n<li>confier le traitement de vos donn\u00e9es \u00e0 caract\u00e8re personnel uniquement \u00e0 des organisations qui traitent les donn\u00e9es \u00e0 caract\u00e8re personnel conform\u00e9ment \u00e0 la loi et garantissent la s\u00e9curit\u00e9 des donn\u00e9es, notamment en prenant les mesures techniques et organisationnelles n\u00e9cessaires \u00e0 la protection de vos donn\u00e9es \u00e0 caract\u00e8re personnel.<\/li>\n<\/ul>\n[\/vc_column_text][\/vc_column][\/vc_row][vc_row el_id=\u00a0\u00bbIX\u00a0\u00bb][vc_column][vc_custom_heading text=\u00a0\u00bbIX. Vos droits concernant le traitement de vos donn\u00e9es personnelles\u00a0\u00bb font_container=\u00a0\u00bbtag:h4|text_align:center|line_height:1&Prime; use_theme_fonts=\u00a0\u00bbyes\u00a0\u00bb el_class=\u00a0\u00bbuppercase letter-spacing-1px\u00a0\u00bb css=\u00a0\u00bb.vc_custom_1610055837434{margin-top: 25px !important;margin-bottom: 25px !important;}\u00a0\u00bb][vc_column_text]\u00c0 tout moment pendant la p\u00e9riode de traitement de vos donn\u00e9es personnelles, vous disposez de certains droits qui sont \u00e9num\u00e9r\u00e9s ci-dessous.<\/p>\n<p>Vous pouvez exercer vos droits en vertu de la pr\u00e9sente politique et du r\u00e8glement g\u00e9n\u00e9ral sur la protection des donn\u00e9es en envoyant un courriel ou une lettre \u00e0 notre d\u00e9l\u00e9gu\u00e9 \u00e0 la protection des donn\u00e9es d\u00e9crivant votre demande sp\u00e9cifique. Dans la mesure du possible, votre demande doit \u00eatre sign\u00e9e \u00e0 la main ou \u00e0 l&rsquo;aide d&rsquo;une signature \u00e9lectronique qualifi\u00e9e. Si vous n&rsquo;\u00eates pas en mesure de signer votre demande de l&rsquo;une des mani\u00e8res susmentionn\u00e9es, nous pouvons vous demander de fournir des informations suppl\u00e9mentaires afin d&rsquo;\u00e9tablir votre identit\u00e9.<\/p>\n<p>Nous r\u00e9pondrons \u00e0 votre demande gratuitement et dans les meilleurs d\u00e9lais. Si nous recevons des demandes r\u00e9p\u00e9t\u00e9es, nous pouvons refuser de donner suite \u00e0 la demande ou fixer une redevance (bas\u00e9e sur les d\u00e9penses engag\u00e9es par nous) que vous devrez payer pour que nous puissions vous fournir l&rsquo;information ou la communication ou prendre les mesures demand\u00e9es.[\/vc_column_text][vc_custom_heading text=\u00a0\u00bbDroit d&apos;acc\u00e8s et d&apos;information\u00a0\u00bb font_container=\u00a0\u00bbtag:h6|text_align:left\u00a0\u00bb use_theme_fonts=\u00a0\u00bbyes\u00a0\u00bb el_class=\u00a0\u00bbbold\u00a0\u00bb][vc_column_text]Vous avez le droit de demander et de recevoir<\/p>\n<ul>\n<li>des informations sur les finalit\u00e9s pour lesquelles nous traitons vos donn\u00e9es \u00e0 caract\u00e8re personnel, les cat\u00e9gories de donn\u00e9es \u00e0 caract\u00e8re personnel que nous traitons et les destinataires ou cat\u00e9gories de destinataires auxquels nous divulguons vos donn\u00e9es \u00e0 caract\u00e8re personnel, ainsi que toute autre information concernant la source de vos donn\u00e9es \u00e0 caract\u00e8re personnel ;<\/li>\n<li>une copie des donn\u00e9es \u00e0 caract\u00e8re personnel que nous traitons, sous forme \u00e9lectronique ou sous une autre forme appropri\u00e9e.<\/li>\n<\/ul>\n[\/vc_column_text][vc_custom_heading text=\u00a0\u00bbDroit de rectification et d&apos;ach\u00e8vement\u00a0\u00bb font_container=\u00a0\u00bbtag:h6|text_align:left\u00a0\u00bb use_theme_fonts=\u00a0\u00bbyes\u00a0\u00bb el_class=\u00a0\u00bbbold\u00a0\u00bb][vc_column_text]Si vous constatez que les donn\u00e9es \u00e0 caract\u00e8re personnel que nous traitons sont inexactes et\/ou incompl\u00e8tes, vous pouvez nous demander de les rectifier et\/ou de les compl\u00e9ter.[\/vc_column_text][vc_custom_heading text=\u00a0\u00bbDroit d&apos;opposition\u00a0\u00bb font_container=\u00a0\u00bbtag:h6|text_align:left\u00a0\u00bb use_theme_fonts=\u00a0\u00bbyes\u00a0\u00bb el_class=\u00a0\u00bbbold\u00a0\u00bb][vc_column_text]Lorsque nous traitons vos donn\u00e9es personnelles sur la base de notre int\u00e9r\u00eat l\u00e9gitime, vous avez le droit de vous opposer \u00e0 ce traitement. Nous cesserons le traitement de vos donn\u00e9es dans les meilleurs d\u00e9lais et nous les effacerons, sauf si nous avons des motifs l\u00e9gitimes imp\u00e9rieux de continuer \u00e0 traiter vos donn\u00e9es, qui pr\u00e9valent sur vos droits et int\u00e9r\u00eats l\u00e9gaux, ou si le traitement de vos donn\u00e9es \u00e0 caract\u00e8re personnel est n\u00e9cessaire \u00e0 la constatation, \u00e0 l&rsquo;exercice ou \u00e0 la d\u00e9fense d&rsquo;un droit en justice. En outre, vous avez le droit de vous opposer \u00e0 tout moment au traitement de vos donn\u00e9es personnelles \u00e0 des fins de marketing et de publicit\u00e9. Nous mettrons fin au traitement sans d\u00e9lai injustifi\u00e9, d\u00e8s r\u00e9ception de votre objection.[\/vc_column_text][vc_custom_heading text=\u00a0\u00bbDroit \u00e0 la limitation du traitement\u00a0\u00bb font_container=\u00a0\u00bbtag:h6|text_align:left\u00a0\u00bb use_theme_fonts=\u00a0\u00bbyes\u00a0\u00bb el_class=\u00a0\u00bbbold\u00a0\u00bb][vc_column_text]Vous avez le droit de nous demander de suspendre le traitement de vos donn\u00e9es \u00e0 caract\u00e8re personnel \u00e0 l&rsquo;avenir dans les cas suivants :<\/p>\n<ul>\n<li>vous estimez que les donn\u00e9es \u00e0 caract\u00e8re personnel que nous traitons sont inexactes et vous souhaitez que nous les rectifiions pendant la p\u00e9riode n\u00e9cessaire pour nous permettre de v\u00e9rifier l&rsquo;exactitude de vos donn\u00e9es et d&rsquo;effectuer les rectifications requises ;<\/li>\n<li>il est \u00e9tabli que, pour une raison quelconque, nous traitons ill\u00e9galement vos donn\u00e9es \u00e0 caract\u00e8re personnel, mais vous ne voulez pas effacer vos donn\u00e9es, mais vous voulez que nous ne traitions qu&rsquo;une partie de vos donn\u00e9es ;<\/li>\n<li>nous n&rsquo;avons plus besoin de vos donn\u00e9es mais vous souhaitez que nous les conservions afin d&rsquo;exercer vos droits ou de vous d\u00e9fendre contre les actions en justice de tiers, ou<\/li>\n<li>vous vous \u00eates oppos\u00e9 au traitement de vos donn\u00e9es \u00e0 caract\u00e8re personnel (lorsque nous traitons les donn\u00e9es sur la base de notre int\u00e9r\u00eat l\u00e9gitime), mais nous devons v\u00e9rifier si nous avons des motifs l\u00e9gitimes ou une obligation l\u00e9gale de traiter vos donn\u00e9es \u00e0 caract\u00e8re personnel.<\/li>\n<\/ul>\n[\/vc_column_text][vc_custom_heading text=\u00a0\u00bbDroit \u00e0 l&apos;effacement (&quot;droit \u00e0 l&apos;oubli&quot;)\u00a0\u00bb font_container=\u00a0\u00bbtag:h6|text_align:left\u00a0\u00bb use_theme_fonts=\u00a0\u00bbyes\u00a0\u00bb el_class=\u00a0\u00bbbold\u00a0\u00bb][vc_column_text]Vous avez le droit de nous demander d&rsquo;effacer vos donn\u00e9es \u00e0 caract\u00e8re personnel et nous sommes tenus de les effacer sans retard injustifi\u00e9 lorsque :<\/p>\n<ul>\n<li>vos donn\u00e9es \u00e0 caract\u00e8re personnel ne sont plus n\u00e9cessaires aux fins pour lesquelles elles ont \u00e9t\u00e9 collect\u00e9es ou trait\u00e9es ;<\/li>\n<li>vous avez retir\u00e9 votre consentement sur la base duquel le traitement des donn\u00e9es a \u00e9t\u00e9 effectu\u00e9 et il n&rsquo;existe pas d&rsquo;autre motif l\u00e9gal pour le traitement ;<\/li>\n<li>vous vous \u00eates oppos\u00e9 au traitement et nous n&rsquo;avons pas de motifs l\u00e9gitimes pr\u00e9valant sur vos int\u00e9r\u00eats, droits et libert\u00e9s ;<\/li>\n<li>vos donn\u00e9es personnelles ont fait l&rsquo;objet d&rsquo;un traitement ill\u00e9gal ;<\/li>\n<li>vos donn\u00e9es personnelles doivent \u00eatre effac\u00e9es conform\u00e9ment \u00e0 notre obligation l\u00e9gale ;<\/li>\n<li>vos donn\u00e9es personnelles ont \u00e9t\u00e9 collect\u00e9es dans le cadre de l&rsquo;offre de services de la soci\u00e9t\u00e9 de l&rsquo;information.<\/li>\n<\/ul>\n<p>Dans certains cas, nous ne serons pas en mesure de r\u00e9pondre \u00e0 votre demande, par exemple lorsque le traitement de vos donn\u00e9es \u00e0 caract\u00e8re personnel est n\u00e9cessaire pour les raisons suivantes :<\/p>\n<ul>\n<li>l&rsquo;exercice du droit \u00e0 la libert\u00e9 d&rsquo;expression et d&rsquo;information ;<\/li>\n<li>le respect d&rsquo;une obligation l\u00e9gale qui nous incombe ;<\/li>\n<li>la constatation, l&rsquo;exercice ou la d\u00e9fense de droits en justice.<\/li>\n<\/ul>\n[\/vc_column_text][vc_custom_heading text=\u00a0\u00bbDroit de retirer son consentement\u00a0\u00bb font_container=\u00a0\u00bbtag:h6|text_align:left\u00a0\u00bb use_theme_fonts=\u00a0\u00bbyes\u00a0\u00bb el_class=\u00a0\u00bbbold\u00a0\u00bb][vc_column_text]Lorsque nous nous appuyons sur votre consentement pour traiter vos donn\u00e9es \u00e0 caract\u00e8re personnel, vous avez le droit de retirer votre consentement avec effet imm\u00e9diat. Dans ce cas, nous cesserons tout traitement futur de vos donn\u00e9es personnelles.[\/vc_column_text][vc_custom_heading text=\u00a0\u00bbPortabilit\u00e9 de vos donn\u00e9es\u00a0\u00bb font_container=\u00a0\u00bbtag:h6|text_align:left\u00a0\u00bb use_theme_fonts=\u00a0\u00bbyes\u00a0\u00bb el_class=\u00a0\u00bbbold\u00a0\u00bb][vc_column_text]Lorsque nous traitons vos donn\u00e9es \u00e0 caract\u00e8re personnel sur la base de votre consentement ou afin d&rsquo;ex\u00e9cuter les obligations contractuelles que nous avons envers vous, vous avez le droit, dans la mesure o\u00f9 cela ne porte pas atteinte aux droits et libert\u00e9s d&rsquo;autres personnes, d&rsquo;obtenir les donn\u00e9es que vous nous avez fournies sous une forme structur\u00e9e, fr\u00e9quemment utilis\u00e9e et lisible par machine ou, si cela est techniquement possible, de nous demander de transf\u00e9rer les donn\u00e9es \u00e0 un tiers.[\/vc_column_text][vc_custom_heading text=\u00a0\u00bbDroit de plainte\u00a0\u00bb font_container=\u00a0\u00bbtag:h6|text_align:left\u00a0\u00bb use_theme_fonts=\u00a0\u00bbyes\u00a0\u00bb el_class=\u00a0\u00bbbold\u00a0\u00bb][vc_column_text]L&rsquo;autorit\u00e9 comp\u00e9tente en R\u00e9publique de Bulgarie est la Commission de protection des donn\u00e9es personnelles, dont l&rsquo;adresse est la suivante<\/p>\n<p>Sofia, 1592<br \/>\n2, Prof. Tsvetan Lazarov Blvd.<br \/>\nT\u00e9l. : 02\/915 &#8211; 3518<br \/>\nCourriel : kzld@cpdp.bg[\/vc_column_text][\/vc_column][\/vc_row][vc_row el_id=\u00a0\u00bbX\u00a0\u00bb css=\u00a0\u00bb.vc_custom_1610056458879{padding-bottom: 75px !important;}\u00a0\u00bb][vc_column][vc_custom_heading text=\u00a0\u00bbX. Comment nous contacter\u00a0\u00bb font_container=\u00a0\u00bbtag:h4|text_align:center|line_height:1&Prime; use_theme_fonts=\u00a0\u00bbyes\u00a0\u00bb el_class=\u00a0\u00bbuppercase letter-spacing-1px\u00a0\u00bb css=\u00a0\u00bb.vc_custom_1610056411470{margin-top: 25px !important;margin-bottom: 25px !important;}\u00a0\u00bb][vc_column_text]Pour toute question relative au traitement de vos donn\u00e9es personnelles ou \u00e0 l&rsquo;exercice de vos droits, vous pouvez contacter notre d\u00e9l\u00e9gu\u00e9 \u00e0 la protection des donn\u00e9es de l&rsquo;une des mani\u00e8res suivantes :<\/p>\n<p><strong>Par courrier \u00e9lectronique<\/strong>, en envoyant un message \u00e9lectronique \u00e0 dpo@walltopia.com.<\/p>\n<p>ou<\/p>\n<p><strong>Par courrier<\/strong>, \u00e0 l&rsquo;adresse postale : Sofia 1784, 111V Tsarigradsko Shose Blvd, fl. 3[\/vc_column_text][\/vc_column][\/vc_row]\n<\/div>","protected":false},"excerpt":{"rendered":"[vc_row css=\u00a0\u00bb.vc_custom_1610054112370{padding-top: 100px !important;}\u00a0\u00bb el_id=\u00a0\u00bbI\u00a0\u00bb][vc_column][vc_custom_heading text=\u00a0\u00bbPolitique g\u00e9n\u00e9rale de protection des donn\u00e9es personnelles\u00a0\u00bb font_container=\u00a0\u00bbtag:h3|text_align:center|line_height:1&Prime; use_theme_fonts=\u00a0\u00bbyes\u00a0\u00bb el_class=\u00a0\u00bbuppercase letter-spacing-1px\u00a0\u00bb css=\u00a0\u00bb.vc_custom_1610048606009{margin-top: 0px !important;margin-bottom: 25px&#8230;","protected":false},"author":5,"featured_media":0,"parent":0,"menu_order":0,"comment_status":"closed","ping_status":"closed","template":"page-small-header.php","meta":{"_acf_changed":false,"inline_featured_image":false,"footnotes":""},"class_list":["post-111029","page","type-page","status-publish","hentry"],"acf":[],"yoast_head":"<!-- This site is optimized with the Yoast SEO Premium plugin v28.3 (Yoast SEO v28.3) - https:\/\/yoast.com\/product\/yoast-seo-premium-wordpress\/ -->\n<title>Politique de confidentialit\u00e9 | Walltopia<\/title>\n<meta name=\"robots\" content=\"index, follow, max-snippet:-1, max-image-preview:large, max-video-preview:-1\" \/>\n<link rel=\"canonical\" href=\"https:\/\/walltopia.com\/fr\/politique-de-confidentialite\/\" \/>\n<meta property=\"og:locale\" content=\"fr_FR\" \/>\n<meta property=\"og:type\" content=\"article\" \/>\n<meta property=\"og:title\" content=\"Politique de confidentialit\u00e9\" \/>\n<meta property=\"og:description\" content=\"[vc_row css=\u00a0\u00bb.vc_custom_1610054112370{padding-top: 100px !important;}\u00a0\u00bb el_id=\u00a0\u00bbI\u00a0\u00bb][vc_column][vc_custom_heading text=\u00a0\u00bbPolitique g\u00e9n\u00e9rale de protection des donn\u00e9es personnelles\u00a0\u00bb font_container=\u00a0\u00bbtag:h3|text_align:center|line_height:1&Prime; use_theme_fonts=\u00a0\u00bbyes\u00a0\u00bb el_class=\u00a0\u00bbuppercase letter-spacing-1px\u00a0\u00bb css=\u00a0\u00bb.vc_custom_1610048606009{margin-top: 0px !important;margin-bottom: 25px...\" \/>\n<meta property=\"og:url\" content=\"https:\/\/walltopia.com\/fr\/politique-de-confidentialite\/\" \/>\n<meta property=\"og:site_name\" content=\"Walltopia\" \/>\n<meta property=\"article:publisher\" content=\"https:\/\/www.facebook.com\/walltopiaclimbing\/\" \/>\n<meta property=\"article:modified_time\" content=\"2024-07-09T09:04:06+00:00\" \/>\n<meta name=\"twitter:card\" content=\"summary_large_image\" \/>\n<meta name=\"twitter:site\" content=\"@walltopiabg\" \/>\n<script type=\"application\/ld+json\" class=\"yoast-schema-graph\">{\"@context\":\"https:\\\/\\\/schema.org\",\"@graph\":[{\"@type\":\"WebPage\",\"@id\":\"https:\\\/\\\/walltopia.com\\\/fr\\\/politique-de-confidentialite\\\/\",\"url\":\"https:\\\/\\\/walltopia.com\\\/fr\\\/politique-de-confidentialite\\\/\",\"name\":\"Politique de confidentialit\u00e9 | Walltopia\",\"isPartOf\":{\"@id\":\"https:\\\/\\\/walltopia.com\\\/fr\\\/#website\"},\"datePublished\":\"2021-07-13T11:22:25+00:00\",\"dateModified\":\"2024-07-09T09:04:06+00:00\",\"breadcrumb\":{\"@id\":\"https:\\\/\\\/walltopia.com\\\/fr\\\/politique-de-confidentialite\\\/#breadcrumb\"},\"inLanguage\":\"fr-FR\",\"potentialAction\":[{\"@type\":\"ReadAction\",\"target\":[\"https:\\\/\\\/walltopia.com\\\/fr\\\/politique-de-confidentialite\\\/\"]}]},{\"@type\":\"BreadcrumbList\",\"@id\":\"https:\\\/\\\/walltopia.com\\\/fr\\\/politique-de-confidentialite\\\/#breadcrumb\",\"itemListElement\":[{\"@type\":\"ListItem\",\"position\":1,\"name\":\"Home\",\"item\":\"https:\\\/\\\/walltopia.com\\\/fr\\\/accueil-fr\\\/\"},{\"@type\":\"ListItem\",\"position\":2,\"name\":\"Politique de confidentialit\u00e9\"}]},{\"@type\":\"WebSite\",\"@id\":\"https:\\\/\\\/walltopia.com\\\/fr\\\/#website\",\"url\":\"https:\\\/\\\/walltopia.com\\\/fr\\\/\",\"name\":\"Walltopia\",\"description\":\"World leader in the design and production of climbing walls and active entertainment attractions\",\"publisher\":{\"@id\":\"https:\\\/\\\/walltopia.com\\\/fr\\\/#organization\"},\"potentialAction\":[{\"@type\":\"SearchAction\",\"target\":{\"@type\":\"EntryPoint\",\"urlTemplate\":\"https:\\\/\\\/walltopia.com\\\/fr\\\/?s={search_term_string}\"},\"query-input\":{\"@type\":\"PropertyValueSpecification\",\"valueRequired\":true,\"valueName\":\"search_term_string\"}}],\"inLanguage\":\"fr-FR\"},{\"@type\":\"Organization\",\"@id\":\"https:\\\/\\\/walltopia.com\\\/fr\\\/#organization\",\"name\":\"Walltopia\",\"url\":\"https:\\\/\\\/walltopia.com\\\/fr\\\/\",\"logo\":{\"@type\":\"ImageObject\",\"inLanguage\":\"fr-FR\",\"@id\":\"https:\\\/\\\/walltopia.com\\\/fr\\\/#\\\/schema\\\/logo\\\/image\\\/\",\"url\":\"\",\"contentUrl\":\"\",\"caption\":\"Walltopia\"},\"image\":{\"@id\":\"https:\\\/\\\/walltopia.com\\\/fr\\\/#\\\/schema\\\/logo\\\/image\\\/\"},\"sameAs\":[\"https:\\\/\\\/www.facebook.com\\\/walltopiaclimbing\\\/\",\"https:\\\/\\\/x.com\\\/walltopiabg\",\"https:\\\/\\\/www.instagram.com\\\/walltopia.active\\\/\",\"https:\\\/\\\/www.linkedin.com\\\/company\\\/walltopia-ltd.\",\"https:\\\/\\\/www.youtube.com\\\/user\\\/WALLTOPIA\"]}]}<\/script>\n<!-- \/ Yoast SEO Premium plugin. -->","yoast_head_json":{"title":"Politique de confidentialit\u00e9 | Walltopia","robots":{"index":"index","follow":"follow","max-snippet":"max-snippet:-1","max-image-preview":"max-image-preview:large","max-video-preview":"max-video-preview:-1"},"canonical":"https:\/\/walltopia.com\/fr\/politique-de-confidentialite\/","og_locale":"fr_FR","og_type":"article","og_title":"Politique de confidentialit\u00e9","og_description":"[vc_row css=\u00a0\u00bb.vc_custom_1610054112370{padding-top: 100px !important;}\u00a0\u00bb el_id=\u00a0\u00bbI\u00a0\u00bb][vc_column][vc_custom_heading text=\u00a0\u00bbPolitique g\u00e9n\u00e9rale de protection des donn\u00e9es personnelles\u00a0\u00bb font_container=\u00a0\u00bbtag:h3|text_align:center|line_height:1&Prime; use_theme_fonts=\u00a0\u00bbyes\u00a0\u00bb el_class=\u00a0\u00bbuppercase letter-spacing-1px\u00a0\u00bb css=\u00a0\u00bb.vc_custom_1610048606009{margin-top: 0px !important;margin-bottom: 25px...","og_url":"https:\/\/walltopia.com\/fr\/politique-de-confidentialite\/","og_site_name":"Walltopia","article_publisher":"https:\/\/www.facebook.com\/walltopiaclimbing\/","article_modified_time":"2024-07-09T09:04:06+00:00","twitter_card":"summary_large_image","twitter_site":"@walltopiabg","schema":{"@context":"https:\/\/schema.org","@graph":[{"@type":"WebPage","@id":"https:\/\/walltopia.com\/fr\/politique-de-confidentialite\/","url":"https:\/\/walltopia.com\/fr\/politique-de-confidentialite\/","name":"Politique de confidentialit\u00e9 | Walltopia","isPartOf":{"@id":"https:\/\/walltopia.com\/fr\/#website"},"datePublished":"2021-07-13T11:22:25+00:00","dateModified":"2024-07-09T09:04:06+00:00","breadcrumb":{"@id":"https:\/\/walltopia.com\/fr\/politique-de-confidentialite\/#breadcrumb"},"inLanguage":"fr-FR","potentialAction":[{"@type":"ReadAction","target":["https:\/\/walltopia.com\/fr\/politique-de-confidentialite\/"]}]},{"@type":"BreadcrumbList","@id":"https:\/\/walltopia.com\/fr\/politique-de-confidentialite\/#breadcrumb","itemListElement":[{"@type":"ListItem","position":1,"name":"Home","item":"https:\/\/walltopia.com\/fr\/accueil-fr\/"},{"@type":"ListItem","position":2,"name":"Politique de confidentialit\u00e9"}]},{"@type":"WebSite","@id":"https:\/\/walltopia.com\/fr\/#website","url":"https:\/\/walltopia.com\/fr\/","name":"Walltopia","description":"World leader in the design and production of climbing walls and active entertainment attractions","publisher":{"@id":"https:\/\/walltopia.com\/fr\/#organization"},"potentialAction":[{"@type":"SearchAction","target":{"@type":"EntryPoint","urlTemplate":"https:\/\/walltopia.com\/fr\/?s={search_term_string}"},"query-input":{"@type":"PropertyValueSpecification","valueRequired":true,"valueName":"search_term_string"}}],"inLanguage":"fr-FR"},{"@type":"Organization","@id":"https:\/\/walltopia.com\/fr\/#organization","name":"Walltopia","url":"https:\/\/walltopia.com\/fr\/","logo":{"@type":"ImageObject","inLanguage":"fr-FR","@id":"https:\/\/walltopia.com\/fr\/#\/schema\/logo\/image\/","url":"","contentUrl":"","caption":"Walltopia"},"image":{"@id":"https:\/\/walltopia.com\/fr\/#\/schema\/logo\/image\/"},"sameAs":["https:\/\/www.facebook.com\/walltopiaclimbing\/","https:\/\/x.com\/walltopiabg","https:\/\/www.instagram.com\/walltopia.active\/","https:\/\/www.linkedin.com\/company\/walltopia-ltd.","https:\/\/www.youtube.com\/user\/WALLTOPIA"]}]}},"_links":{"self":[{"href":"https:\/\/walltopia.com\/fr\/wp-json\/wp\/v2\/pages\/111029","targetHints":{"allow":["GET"]}}],"collection":[{"href":"https:\/\/walltopia.com\/fr\/wp-json\/wp\/v2\/pages"}],"about":[{"href":"https:\/\/walltopia.com\/fr\/wp-json\/wp\/v2\/types\/page"}],"author":[{"embeddable":true,"href":"https:\/\/walltopia.com\/fr\/wp-json\/wp\/v2\/users\/5"}],"replies":[{"embeddable":true,"href":"https:\/\/walltopia.com\/fr\/wp-json\/wp\/v2\/comments?post=111029"}],"version-history":[{"count":0,"href":"https:\/\/walltopia.com\/fr\/wp-json\/wp\/v2\/pages\/111029\/revisions"}],"wp:attachment":[{"href":"https:\/\/walltopia.com\/fr\/wp-json\/wp\/v2\/media?parent=111029"}],"curies":[{"name":"wp","href":"https:\/\/api.w.org\/{rel}","templated":true}]}}