{"id":123783,"date":"2021-07-13T14:22:25","date_gmt":"2021-07-13T11:22:25","guid":{"rendered":"http:\/\/walltopia.com\/polityka-prywatnosci\/"},"modified":"2024-06-04T09:15:32","modified_gmt":"2024-06-04T06:15:32","slug":"polityka-prywatnosci","status":"publish","type":"page","link":"https:\/\/walltopia.com\/pl\/polityka-prywatnosci\/","title":{"rendered":"Polityka prywatno\u015bci"},"content":{"rendered":"<div class=\"wpb-content-wrapper\">[vc_row css=&#8221;.vc_custom_1610054112370{padding-top: 100px !important;}&#8221; el_id=&#8221;I&#8221;][vc_column][vc_custom_heading text=&#8221;Og\u00f3lna polityka ochrony danych osobowych&#8221; font_container=&#8221;tag:h3|text_align:center|line_height:1&#8243; use_theme_fonts=&#8221;yes&#8221; el_class=&#8221;uppercase letter-spacing-1px&#8221; css=&#8221;.vc_custom_1610048606009{margin-top: 0px !important;margin-bottom: 25px !important;}&#8221;][vc_column_text el_class=&#8221;text-align-center&#8221;](obowi\u0105zuj\u0105cy od 24.05.2018 r.)<\/p>\n[\/vc_column_text][vc_custom_heading text=&#8221;I. Zakres i zastosowanie&#8221; font_container=&#8221;tag:h4|text_align:center|line_height:1&#8243; use_theme_fonts=&#8221;yes&#8221; el_class=&#8221;uppercase letter-spacing-1px&#8221; css=&#8221;.vc_custom_1610052713789{margin-top: 25px !important;margin-bottom: 25px !important;}&#8221;][vc_column_text]\n<p>Walltopia AD (&#8222;Walltopia&#8221;, &#8222;my&#8221;, &#8222;nasz&#8221; lub &#8222;nas&#8221;), UIC 204143670, adres siedziby i rejestracji: Letnitsa 5570, 1B Bulgaria Blvd., jako administrator danych osobowych, zdaje sobie spraw\u0119 ze znaczenia ochrony danych osobowych u\u017cytkownik\u00f3w.<\/p>\n<p>Celem niniejszej Og\u00f3lnej polityki ochrony danych osobowych (&#8222;Og\u00f3lna polityka&#8221;) jest poinformowanie u\u017cytkownika o nast\u0119puj\u0105cych kwestiach:<\/p>\n<ol>\n<li>\n              <strong>Kategorie danych osobowych, kt\u00f3re gromadzimy i przetwarzamy:<\/strong>\n            <\/li>\n<\/ol>\n<p>(i) podczas rejestracji lub korzystania z naszej strony internetowej www.walltopia.com lub niekt\u00f3rych powi\u0105zanych z ni\u0105 witryn lub stron w mediach spo\u0142eczno\u015bciowych, lub podczas korzystania z innej aplikacji lub us\u0142ugi online odnosz\u0105cej si\u0119 do niniejszej polityki ochrony danych osobowych (zwanych dalej <strong>&#8222;Us\u0142ugami&#8221;)<\/strong>;<\/p>\n<p>(ii) gdy u\u017cytkownik aplikuje na og\u0142oszone przez nas stanowisko pracy lub w trakcie procesu rekrutacji lub zatrudniania u\u017cytkownika jako naszego pracownika, pracownika lub podwykonawcy;<\/p>\n<p>(iii) gdy u\u017cytkownik kontaktuje si\u0119 z nami (w tym za po\u015brednictwem niekt\u00f3rych naszych stron internetowych) lub prosi nas o przekazanie informacji dotycz\u0105cych oferowanych przez nas towar\u00f3w i us\u0142ug;<\/p>\n<p>(iv) gdy wykonujemy prac\u0119 zlecon\u0105 nam przez u\u017cytkownika, w tym sprzeda\u017c oferowanych przez nas towar\u00f3w i us\u0142ug.<\/p>\n<ol start=\"2\">\n<li>\n              <strong>\u0179r\u00f3d\u0142a i metody gromadzenia i ochrony przetwarzanych przez nas danych osobowych.<\/strong>\n            <\/li>\n<li>\n              <strong>Cele przetwarzania danych osobowych u\u017cytkownika i podstawa prawna takiego przetwarzania.<\/strong>\n            <\/li>\n<li>\n              <strong>Gromadzenie i przetwarzanie danych osobowych dzieci.<\/strong>\n            <\/li>\n<li>\n              <strong>Przypadki, w kt\u00f3rych przekazujemy dane osobowe u\u017cytkownika stronom trzecim.<\/strong>\n            <\/li>\n<li>\n              <strong>Okres, przez kt\u00f3ry przechowujemy dane osobowe u\u017cytkownika i kiedy je usuwamy.<\/strong>\n            <\/li>\n<li>\n              <strong>Prawa u\u017cytkownika zwi\u0105zane z przetwarzaniem danych osobowych.<\/strong>\n            <\/li>\n<li>\n              <strong>Ochrona danych osobowych u\u017cytkownika.<\/strong>\n            <\/li>\n<li>\n              <strong>\u015arodki, za pomoc\u0105 kt\u00f3rych mo\u017cna skontaktowa\u0107 si\u0119 z nami w sprawach zwi\u0105zanych z przetwarzaniem danych osobowych.<\/strong>\n            <\/li>\n<\/ol>\n<p>Niniejsze Og\u00f3lne zasady ochrony danych osobowych maj\u0105 zastosowanie za ka\u017cdym razem, gdy przetwarzamy dane osobowe u\u017cytkownika. Opr\u00f3cz niniejszych Zasad og\u00f3lnych obowi\u0105zuj\u0105 nasze specjalne zasady ochrony okre\u015blonych kategorii danych.<\/p>\n<p>Od czasu do czasu mo\u017cemy aktualizowa\u0107 niniejsze Og\u00f3lne zasady ochrony danych osobowych. Gdy to zrobimy, opublikujemy na naszej stronie internetowej powiadomienie o aktualizacji, a tak\u017ce zmienion\u0105 wersj\u0119 polityki.<\/p>\n<p>W przypadku jakichkolwiek pyta\u0144 zwi\u0105zanych z niniejsz\u0105 Polityk\u0105 Og\u00f3ln\u0105, prosimy o kontakt z nami za po\u015brednictwem jednej z metod opisanych na ko\u0144cu niniejszego dokumentu.<\/p>\n<p>Dla cel\u00f3w niniejszej Polityki Og\u00f3lnej:<\/p>\n<p><strong>&#8222;Dane osobowe&#8221;<\/strong>  oznacza wszelkie informacje dotycz\u0105ce zidentyfikowanej lub mo\u017cliwej do zidentyfikowania osoby fizycznej (&#8222;osoby, kt\u00f3rej dane dotycz\u0105&#8221;); mo\u017cliwa do zidentyfikowania osoba fizyczna to osoba, kt\u00f3r\u0105 mo\u017cna bezpo\u015brednio lub po\u015brednio zidentyfikowa\u0107, w szczeg\u00f3lno\u015bci na podstawie identyfikatora takiego jak imi\u0119 i nazwisko, numer identyfikacyjny, dane o lokalizacji, identyfikator internetowy lub jeden b\u0105d\u017a kilka szczeg\u00f3lnych czynnik\u00f3w okre\u015blaj\u0105cych fizyczn\u0105, fizjologiczn\u0105, genetyczn\u0105, psychiczn\u0105, umys\u0142ow\u0105, ekonomiczn\u0105, kulturow\u0105 lub spo\u0142eczn\u0105 to\u017csamo\u015b\u0107 osoby fizycznej<\/p>\n<p><strong>&#8222;Wra\u017cliwe dane osobowe&#8221;<\/strong>  obejmuje dane osobowe ujawniaj\u0105ce pochodzenie rasowe lub etniczne, pogl\u0105dy polityczne, przekonania religijne lub \u015bwiatopogl\u0105dowe, przynale\u017cno\u015b\u0107 do zwi\u0105zk\u00f3w zawodowych oraz przetwarzanie danych genetycznych, danych biometrycznych w celu jednoznacznego zidentyfikowania osoby fizycznej, danych dotycz\u0105cych zdrowia lub danych dotycz\u0105cych \u017cycia seksualnego lub orientacji seksualnej osoby fizycznej<\/p>\n<p>Nie przetwarzamy wra\u017cliwych danych osobowych, chyba \u017ce jest to konieczne do wype\u0142nienia naszych obowi\u0105zk\u00f3w regulacyjnych, na przyk\u0142ad obowi\u0105zk\u00f3w wynikaj\u0105cych z przepis\u00f3w prawa pracy lub przepis\u00f3w antydyskryminacyjnych. Prosimy o nieprzesy\u0142anie ani nieprzekazywanie nam w inny spos\u00f3b \u017cadnych wra\u017cliwych danych osobowych dotycz\u0105cych u\u017cytkownika (lub innej osoby), chyba \u017ce zostaniemy o to wyra\u017anie poproszeni na pi\u015bmie i po potwierdzeniu, \u017ce posiadamy niezb\u0119dne zgody oraz \u017ce zosta\u0142y spe\u0142nione wszystkie inne wymogi prawne dotycz\u0105ce przetwarzania danych.<\/p>\n<p><strong>&#8222;Dane osobowe&#8221;<\/strong> nie obejmuj\u0105 danych, kt\u00f3rych nie mo\u017cna powi\u0105za\u0107 z konkretn\u0105 osob\u0105 fizyczn\u0105.<\/p>\n[\/vc_column_text][\/vc_column][\/vc_row][vc_row el_id=&#8221;II&#8221;][vc_column][vc_custom_heading text=&#8221;II. Kategorie przetwarzanych przez nas danych osobowych&#8221; font_container=&#8221;tag:h4|text_align:center|line_height:1&#8243; use_theme_fonts=&#8221;yes&#8221; el_class=&#8221;uppercase letter-spacing-1px&#8221; css=&#8221;.vc_custom_1610052554807{margin-top: 25px !important;margin-bottom: 25px !important;}&#8221;][vc_column_text]Przetwarzane przez nas dane osobowe obejmuj\u0105:<\/p>\n<p><strong>Podstawowe informacje<\/strong>, takie jak imi\u0119 i nazwisko (w tym tytu\u0142), organizacja, kt\u00f3r\u0105 reprezentujesz lub dla kt\u00f3rej pracujesz, oraz zajmowane w niej stanowisko.<\/p>\n<p><strong>Informacje kontaktowe<\/strong>, takie jak adres pocztowy, adres e-mail, numer telefonu, numer faksu i nazwa Skype.<\/p>\n<p><strong>Informacje finansowe<\/strong>, takie jak numer karty kredytowej\/debetowej lub konta bankowego w odniesieniu do konkretnej transakcji lub serii powi\u0105zanych transakcji.<\/p>\n<p><strong>Informacje techniczne<\/strong>, takie jak dane wygenerowane w wyniku korzystania przez u\u017cytkownika ze strony internetowej lub wbudowanej w ni\u0105 aplikacji (aplikacja, wtyczka itp.), a tak\u017ce informacje dotycz\u0105ce materia\u0142\u00f3w i komunikacji otrzymanych od u\u017cytkownika lub wys\u0142anych do niego drog\u0105 elektroniczn\u0105.<\/p>\n<p><strong>Informacje zwi\u0105zane ze spotkaniami biznesowymi<\/strong>, takie jak wszelkie informacje przekazane nam przez u\u017cytkownika dotycz\u0105ce jego udzia\u0142u w seminariach biznesowych, konferencjach i innych podobnych wydarzeniach komercyjnych organizowanych przez nas lub niekt\u00f3re z powi\u0105zanych z nami firm.<\/p>\n<p><strong>Inne dane osobowe<\/strong> przekazane nam przez u\u017cytkownika lub w jego imieniu lub wygenerowane w zwi\u0105zku z przygotowaniem lub realizacj\u0105 zam\u00f3wienia z\u0142o\u017conego u nas przez u\u017cytkownika, takie jak historia zam\u00f3wie\u0144 i p\u0142atno\u015bci.[\/vc_column_text][\/vc_column][\/vc_row][vc_row el_id=&#8221;III&#8221;][vc_column][vc_custom_heading text=&#8221;III. \u0179r\u00f3d\u0142a i metody gromadzenia danych osobowych&#8221; font_container=&#8221;tag:h4|text_align:center|line_height:1&#8243; use_theme_fonts=&#8221;yes&#8221; el_class=&#8221;uppercase letter-spacing-1px&#8221; css=&#8221;.vc_custom_1610052560794{margin-top: 25px !important;margin-bottom: 25px !important;}&#8221;][vc_custom_heading text=&#8221;01. Dane osobowe przekazywane nam bezpo\u015brednio przez u\u017cytkownika&#8221; font_container=&#8221;tag:h6|text_align:left&#8221; use_theme_fonts=&#8221;yes&#8221; el_class=&#8221;bold&#8221;][vc_column_text]Cz\u0119\u015b\u0107 danych osobowych, kt\u00f3re gromadzimy i przetwarzamy, jest dostarczana bezpo\u015brednio przez u\u017cytkownika (np. podczas rejestracji lub korzystania z niekt\u00f3rych obs\u0142ugiwanych przez nas stron internetowych lub kontaktowania si\u0119 z nami telefonicznie lub online w celu ubiegania si\u0119 o prac\u0119 lub uzyskania informacji na temat dostarczanych przez nas towar\u00f3w i us\u0142ug lub statusu realizacji zam\u00f3wienia).<\/p>\n<p>Dane osobowe, kt\u00f3re u\u017cytkownik przekazuje nam bezpo\u015brednio, obejmuj\u0105:<\/p>\n<p>Dane identyfikacyjne, takie jak imi\u0119 i nazwisko, data urodzenia, sta\u0142y adres, adres dostawy lub adres korespondencyjny, numer telefonu, adres e-mail, has\u0142o i nazwa u\u017cytkownika podczas tworzenia w\u0142asnego konta klienta w niekt\u00f3rych obs\u0142ugiwanych przez nas witrynach internetowych (o ile dana witryna obs\u0142uguje tak\u0105 funkcj\u0119);<\/p>\n<p>W niekt\u00f3rych przypadkach podane przez u\u017cytkownika dane osobowe mog\u0105 obejmowa\u0107 wiek, p\u0142e\u0107, zainteresowania lub cz\u0142onkostwo w organizacji bran\u017cowej;<\/p>\n<p>Dane osobowe zawarte w przes\u0142anej nam komunikacji elektronicznej, takie jak dane zawarte w wiadomo\u015bci e-mail skierowanej do nas, naszego pracownika lub przedstawiciela handlowego;<\/p>\n<p>Dane utworzone przez u\u017cytkownika w kontek\u015bcie przypisywania i realizacji zlece\u0144 utworzonych przez u\u017cytkownika za po\u015brednictwem obs\u0142ugiwanej przez nas strony internetowej lub w inny spos\u00f3b, takie jak historia zlece\u0144, w tym dane dotycz\u0105ce daty przypisania i\/lub przyj\u0119cia zlece\u0144 oraz statusu ich realizacji;<\/p>\n<p>Informacje finansowe, takie jak numer karty kredytowej\/debetowej lub konta bankowego w celu realizacji okre\u015blonej transakcji finansowej lub serii takich transakcji;<\/p>\n<p>Dane osobowe wygenerowane przez u\u017cytkownika lub zwi\u0105zane z jego kontem klienta w odpowiedniej witrynie internetowej, takie jak dane wprowadzone podczas aktualizacji konta klienta lub informacje o produktach dodanych do koszyka lub listy \u017cycze\u0144;<\/p>\n<p>Dane generowane przez u\u017cytkownika podczas korzystania z okre\u015blonych wtyczek medi\u00f3w spo\u0142eczno\u015bciowych, takich jak wtyczki Facebooka &#8222;Lubi\u0119 to&#8221; lub &#8222;Obserwuj&#8221;, w celu wyra\u017cenia swojego stosunku do okre\u015blonych materia\u0142\u00f3w lub tre\u015bci publikowanych na naszych stronach internetowych lub stronach medi\u00f3w spo\u0142eczno\u015bciowych;<\/p>\n<p>Inne dane osobowe dostarczone przez u\u017cytkownika na nasz\u0105 pro\u015bb\u0119, gdy prawo wymaga lub zezwala nam na gromadzenie takich danych w celu identyfikacji u\u017cytkownika lub potwierdzenia informacji, kt\u00f3re ju\u017c posiadamy.<\/p>\n<p>W niekt\u00f3rych przypadkach, gdy jest to dozwolone przez prawo, gromadzimy dane zwi\u0105zane z wyrokami skazuj\u0105cymi i przest\u0119pstwami. Na przyk\u0142ad, gdy prawo zabrania nam zatrudniania na okre\u015blonych stanowiskach os\u00f3b, kt\u00f3re zosta\u0142y skazane za okre\u015blone przest\u0119pstwa, b\u0119dziemy przetwarza\u0107 dane podane przez u\u017cytkownika tylko tak d\u0142ugo, jak b\u0119dzie to konieczne do wype\u0142nienia naszego obowi\u0105zku prawnego.[\/vc_column_text][vc_custom_heading text=&#8221;02. Automatycznie gromadzone dane osobowe&#8221; font_container=&#8221;tag:h6|text_align:left&#8221; use_theme_fonts=&#8221;yes&#8221; el_class=&#8221;bold&#8221;][vc_column_text]Cz\u0119\u015b\u0107 przetwarzanych przez nas danych osobowych jest gromadzona automatycznie podczas rejestracji lub korzystania z obs\u0142ugiwanej przez nas strony internetowej w celu skontaktowania si\u0119 z nami lub z\u0142o\u017cenia zam\u00f3wienia. Informacje te s\u0105 dostarczane przez urz\u0105dzenia (takie jak komputer osobisty lub s\u0142u\u017cbowy, smartfon, tablet itp.) u\u017cywane do uzyskiwania dost\u0119pu do naszych witryn internetowych, stron medi\u00f3w spo\u0142eczno\u015bciowych lub aplikacji i innych oferowanych przez nas us\u0142ug online i obejmuj\u0105 identyfikator urz\u0105dzenia lub unikalny identyfikator zwi\u0105zany z u\u017cywanym urz\u0105dzeniem lub przegl\u0105dark\u0105, dane o lokalizacji, typ u\u017cywanego urz\u0105dzenia lub przegl\u0105darki.<\/p>\n<p>Gromadzimy dane dotycz\u0105ce interakcji u\u017cytkownika z naszymi witrynami internetowymi i stronami medi\u00f3w spo\u0142eczno\u015bciowych, takie jak informacje o jego lokalizacji i adresie IP. U\u017cywamy plik\u00f3w cookie i innych podobnych technologii, takich jak znaczniki pikselowe lub sygna\u0142y nawigacyjne, do zbierania informacji statystycznych pozwalaj\u0105cych nam lepiej zrozumie\u0107 zachowanie u\u017cytkownik\u00f3w naszych us\u0142ug i oceni\u0107 skuteczno\u015b\u0107 naszych reklam internetowych, takich jak informacje o odwiedzanych witrynach internetowych i linkach opublikowanych w naszych witrynach internetowych, kt\u00f3re zosta\u0142y klikni\u0119te. Wi\u0119cej informacji na temat u\u017cywanych przez nas plik\u00f3w cookie i sposob\u00f3w ich kontrolowania mo\u017cna znale\u017a\u0107 w naszej polityce dotycz\u0105cej plik\u00f3w cookie i innych podobnych technologii.<\/p>\n<p>Nie stosujemy zautomatyzowanego podejmowania decyzji, w tym profilowania w wyniku zautomatyzowanego przetwarzania danych osobowych.[\/vc_column_text][vc_custom_heading text=&#8221;03. Dane osobowe gromadzone przez nas z innych \u017ar\u00f3de\u0142&#8221; font_container=&#8221;tag:h6|text_align:left&#8221; use_theme_fonts=&#8221;yes&#8221; el_class=&#8221;bold&#8221;][vc_column_text]Opr\u00f3cz danych osobowych, kt\u00f3re zbieramy bezpo\u015brednio od u\u017cytkownika lub urz\u0105dzenia, z kt\u00f3rego korzysta, zbieramy dane z innych \u017ar\u00f3de\u0142. Na przyk\u0142ad, w niekt\u00f3rych przypadkach, je\u015bli nie jest to zabronione przez prawo, gromadzimy informacje zwi\u0105zane z histori\u0105 kredytow\u0105 u\u017cytkownika, a tak\u017ce inne podobne informacje dostarczone przez biuro kredytowe lub licencjonowane instytucje kredytowe lub finansowe, z kt\u00f3rymi u\u017cytkownik mia\u0142 lub ma relacje finansowe lub biznesowe.<\/p>\n<p>Dane osobowe dostarczane przez osoby trzecie obejmuj\u0105 dane zawarte w publicznym profilu u\u017cytkownika w mediach spo\u0142eczno\u015bciowych, do kt\u00f3rych uzyskujemy dost\u0119p, gdy u\u017cytkownik zdecyduje si\u0119 zalogowa\u0107 na swoje konto klienta za pomoc\u0105 konta w mediach spo\u0142eczno\u015bciowych, takich jak Facebook lub G+. Nale\u017cy pami\u0119ta\u0107, \u017ce wi\u0119kszo\u015b\u0107 danych publikowanych w profilach u\u017cytkownik\u00f3w w mediach spo\u0142eczno\u015bciowych, takich jak profil publiczny, dane dotycz\u0105ce lokalizacji, j\u0119zyk, publiczne posty i komentarze, s\u0105 publicznie dost\u0119pne, co prowadzi do pewnych obowi\u0105zk\u00f3w i stwarza pewne zagro\u017cenia dla nienaruszalno\u015bci przestrzeni osobistej u\u017cytkownika. U\u017cytkownik kontroluje, jakie dane udost\u0119pnia nam za po\u015brednictwem ustawie\u0144 witryny odpowiednich medi\u00f3w spo\u0142eczno\u015bciowych, a tak\u017ce wyra\u017ca zgod\u0119 na przetwarzanie swoich danych osobowych zawartych w witrynach medi\u00f3w spo\u0142eczno\u015bciowych.[\/vc_column_text][\/vc_column][\/vc_row][vc_row el_id=&#8221;IV&#8221;][vc_column][vc_custom_heading text=&#8221;IV. Cele przetwarzania danych osobowych u\u017cytkownika i podstawa prawna takiego przetwarzania&#8221; font_container=&#8221;tag:h4|text_align:center|line_height:1&#8243; use_theme_fonts=&#8221;yes&#8221; el_class=&#8221;uppercase letter-spacing-1px&#8221; css=&#8221;.vc_custom_1610053359442{margin-top: 25px !important;margin-bottom: 25px !important;}&#8221;][vc_column_text]\n<p>Gromadzimy, przechowujemy i w inny spos\u00f3b przetwarzamy dane osobowe tak d\u0142ugo, jak jest to zgodne z prawem i naszymi zasadami ochrony danych osobowych. Przetwarzamy dane osobowe w r\u00f3\u017cnych celach biznesowych i na r\u00f3\u017cnych podstawach prawnych. Zgodnie z obowi\u0105zuj\u0105cym prawem musimy mie\u0107 podstaw\u0119 prawn\u0105 do przetwarzania danych osobowych u\u017cytkownika. W zale\u017cno\u015bci od podstawy, na jakiej przetwarzamy dane osobowe u\u017cytkownika, przys\u0142uguj\u0105 mu okre\u015blone prawa. Wi\u0119cej informacji na temat swoich praw mo\u017cna znale\u017a\u0107 w sekcji IX.<\/p>\n<p>W szczeg\u00f3lno\u015bci przetwarzamy dane osobowe, kt\u00f3re zebrali\u015bmy w oparciu o podstawy prawne wymienione poni\u017cej, w jednym lub kilku z nast\u0119puj\u0105cych cel\u00f3w:<\/p>\n<p>\n            <strong>Przetwarzamy dane osobowe u\u017cytkownika w celu zawarcia i wykonania umowy z u\u017cytkownikiem.<\/strong>\n          <\/p>\n<p>Mo\u017cemy gromadzi\u0107 i przetwarza\u0107 dane osobowe u\u017cytkownika w celu zawarcia i wykonania umowy z u\u017cytkownikiem oraz podj\u0119cia okre\u015blonych krok\u00f3w przed zawarciem umowy na \u017c\u0105danie u\u017cytkownika. G\u0142\u00f3wne cele przetwarzania danych osobowych u\u017cytkownika na tej podstawie s\u0105 nast\u0119puj\u0105ce:<\/p>\n[\/vc_column_text][vc_column_text]\n<ul>\n<li>w celu identyfikacji klienta, kt\u00f3ry chce zam\u00f3wi\u0107 lub zam\u00f3wi\u0142 oferowane przez nas produkty i us\u0142ugi oraz os\u00f3b, kt\u00f3re chc\u0105 zosta\u0107 lub ju\u017c zosta\u0142y naszymi dostawcami lub podwykonawcami;<\/li>\n<li>w celu ustalenia podstawy prawnej zawarcia umowy, a tak\u017ce dodatkowych wymog\u00f3w dla wa\u017cno\u015bci umowy, takich jak obecno\u015b\u0107 zg\u00f3d os\u00f3b trzecich;<\/li>\n<li>do przygotowywania i przekazywania ofert wykonania lub zmiany umowy, projekt\u00f3w um\u00f3w i um\u00f3w zawieranych na odleg\u0142o\u015b\u0107;<\/li>\n<li>udzielanie dodatkowych informacji i wyja\u015bnie\u0144 dotycz\u0105cych w\u0142a\u015bciwo\u015bci i sposobu korzystania z oferowanych przez nas produkt\u00f3w i us\u0142ug;<\/li>\n<li>w celu realizacji zam\u00f3wienia na produkty i us\u0142ugi z\u0142o\u017cone przez klienta;<\/li>\n<li>w celu przygotowania rachunk\u00f3w, faktur, not kredytowych\/debetowych i o\u015bwiadcze\u0144 dotycz\u0105cych naszej sprzeda\u017cy lub bezp\u0142atnych dostaw produkt\u00f3w i us\u0142ug;<\/li>\n<li>do \u015bledzenia p\u0142atno\u015bci za z\u0142o\u017cone zam\u00f3wienia;<\/li>\n<li>kontaktowania si\u0119 z klientami, dostawcami i podwykonawcami w sprawach zwi\u0105zanych z realizacj\u0105 lub zmian\u0105 zawartych um\u00f3w na dostaw\u0119 towar\u00f3w i us\u0142ug;<\/li>\n<li>udzielania ustnych i pisemnych porad i informacji technicznych, w tym porad dotycz\u0105cych optymalnego i bezpiecznego korzystania z oferowanych przez nas produkt\u00f3w i us\u0142ug;<\/li>\n<li>do wysy\u0142ania wiadomo\u015bci, newsletter\u00f3w i powiadomie\u0144 o wycofaniu okre\u015blonych produkt\u00f3w z rynku;<\/li>\n<li>do wykonywania naszych zobowi\u0105za\u0144 wynikaj\u0105cych z udzielanych przez nas gwarancji na produkty;<\/li>\n<li>koordynowanie realizacji konkretnej umowy z klientem lub podwykonawc\u0105;<\/li>\n<li>w celu przeprowadzenia oceny ryzyka kredytowego, w tym w przypadku odroczenia p\u0142atno\u015bci zobowi\u0105za\u0144 umownych;<\/li>\n<li>przegl\u0105danie i analizowanie skarg i sygna\u0142\u00f3w zwi\u0105zanych z naszymi produktami i us\u0142ugami w celu podj\u0119cia niezb\u0119dnych \u015brodk\u00f3w w celu wyeliminowania kwestii zwi\u0105zanych z wykonywaniem zawartych przez nas um\u00f3w lub korzystaniem z dostarczonych przez nas produkt\u00f3w lub us\u0142ug;<\/li>\n<li>w celu ustalenia i zapobiegania wszelkim niezgodnym z prawem dzia\u0142aniom klient\u00f3w, w tym dzia\u0142aniom sprzecznym z prawnie wi\u0105\u017c\u0105c\u0105 umow\u0105 z nami;<\/li>\n<li>aby zapobiec nieautoryzowanemu ujawnieniu, wykorzystaniu, zmianie lub zniszczeniu informacji poufnych lub innych informacji prawnie chronionych;<\/li>\n<li>zapewnienie normalnego funkcjonowania obs\u0142ugiwanych przez nas sklep\u00f3w elektronicznych lub innych kana\u0142\u00f3w sprzeda\u017cy i dystrybucji naszych produkt\u00f3w i us\u0142ug;<\/li>\n<li>w celu rejestracji kont klient\u00f3w na utrzymywanych i obs\u0142ugiwanych przez nas stronach internetowych.<\/li>\n<\/ul>\n[\/vc_column_text][vc_column_text]<strong>Przetwarzamy dane osobowe u\u017cytkownik\u00f3w w celu wype\u0142nienia zobowi\u0105za\u0144 prawnych wynikaj\u0105cych z prawa Unii Europejskiej i pa\u0144stw cz\u0142onkowskich UE.<\/strong><\/p>\n<p>W szczeg\u00f3lno\u015bci przetwarzamy dane osobowe, gdy wykonujemy obowi\u0105zki prawne wynikaj\u0105ce z faktu, \u017ce jeste\u015bmy jednocze\u015bnie pracodawc\u0105 i sprzedawc\u0105\/kupuj\u0105cym towary i us\u0142ugi. W zwi\u0105zku z tym przetwarzamy dane osobowe w celu wype\u0142nienia naszych szczeg\u00f3lnych obowi\u0105zk\u00f3w, kt\u00f3re wynikaj\u0105 lub s\u0105 zwi\u0105zane z nast\u0119puj\u0105cymi kwestiami:[\/vc_column_text][vc_column_text]\n<ul>\n<li>prawa do zabezpieczenia spo\u0142ecznego pracownik\u00f3w, wsp\u00f3\u0142pracownik\u00f3w i podwykonawc\u00f3w, w tym obowi\u0105zki wynikaj\u0105ce z kodeksu ubezpiecze\u0144 spo\u0142ecznych, ustawy o ubezpieczeniu zdrowotnym oraz ustaw reguluj\u0105cych indywidualne opodatkowanie os\u00f3b fizycznych, a tak\u017ce ich odpowiednik\u00f3w w innych pa\u0144stwach cz\u0142onkowskich UE;<\/li>\n<li>sprzeda\u017c (w tym sprzeda\u017c na odleg\u0142o\u015b\u0107) towar\u00f3w i us\u0142ug konsumentom w rozumieniu ustawy o ochronie konsument\u00f3w;<\/li>\n<li>identyfikacja klient\u00f3w, gdy jest to konieczne do wype\u0142nienia obowi\u0105zk\u00f3w wynikaj\u0105cych z ustawy o przeciwdzia\u0142aniu praniu pieni\u0119dzy lub ustawy o przeciwdzia\u0142aniu finansowaniu terroryzmu;<\/li>\n<li>zgodne z prawem rozliczanie operacji gospodarczych, w kt\u00f3rych uczestniczymy, w tym opodatkowanie dostaw towar\u00f3w i us\u0142ug wykonanych lub otrzymanych przez nas;<\/li>\n<li>nasz obowi\u0105zek udzielania pomocy w\u0142a\u015bciwym organom w trakcie przeprowadzanych przez nie audyt\u00f3w, rewizji i inspekcji oraz w innych przypadkach, gdy organy te wykonuj\u0105 swoje uprawnienia kontrolne na podstawie przepis\u00f3w prawa;<\/li>\n<li>nasz udzia\u0142 w post\u0119powaniach s\u0105dowych i powi\u0105zanych procedurach w charakterze strony lub osoby trzeciej odpowiedzialnej, takich jak na przyk\u0142ad obowi\u0105zek dostarczenia danych i informacji niezb\u0119dnych do rozstrzygni\u0119cia konkretnego sporu prawnego;<\/li>\n<\/ul>\n[\/vc_column_text][vc_column_text]<strong>Mo\u017cemy gromadzi\u0107 i przetwarza\u0107 dane osobowe u\u017cytkownika za jego zgod\u0105<\/strong>\n          <\/p>\n<p>W niekt\u00f3rych przypadkach, po otrzymaniu zgody u\u017cytkownika na przetwarzanie jego danych osobowych w okre\u015blonym celu, mo\u017cemy wykorzystywa\u0107 te dane w nast\u0119puj\u0105cy spos\u00f3b:<\/p>\n<ul>\n<li>do cel\u00f3w <strong>marketingu bezpo\u015bredniego<\/strong> w odniesieniu do produkt\u00f3w i us\u0142ug oferowanych przez nas lub nasze podmioty stowarzyszone, gdzie marketing mo\u017ce by\u0107 prowadzony w formie po\u0142\u0105cze\u0144 telefonicznych, wysy\u0142ania list\u00f3w, SMS-\u00f3w lub wiadomo\u015bci e-mail. Na przyk\u0142ad, je\u015bli u\u017cytkownik subskrybuje nasz biuletyn lub chce otrzymywa\u0107 oferty promocyjne, mo\u017cemy poprosi\u0107 go o podanie nam danych osobowych, takich jak imi\u0119 i nazwisko, numer telefonu, adres e-mail, a tak\u017ce innych istotnych informacji. Je\u015bli u\u017cytkownik nie chce ju\u017c otrzymywa\u0107 od nas wiadomo\u015bci promocyjnych i marketingowych, mo\u017ce nas o tym powiadomi\u0107 w dowolnym momencie lub po prostu post\u0119powa\u0107 zgodnie z instrukcjami rezygnacji z subskrypcji zawartymi w wysy\u0142anych do niego komunikatach i wiadomo\u015bciach. Podejmujemy \u015brodki w celu ograniczenia wysy\u0142anych przez nas tre\u015bci marketingowych do rozs\u0105dnej i proporcjonalnej ilo\u015bci, wysy\u0142aj\u0105c u\u017cytkownikowi tylko tre\u015bci, kt\u00f3re naszym zdaniem mog\u0105 by\u0107 dla niego interesuj\u0105ce lub istotne w oparciu o posiadane przez nas informacje;<\/li>\n<li>na potrzeby udzia\u0142u u\u017cytkownika w r\u00f3\u017cnych sonda\u017cach, ankietach i wydarzeniach o charakterze komercyjnym lub niekomercyjnym, takich jak imprezy organizowane przez nas lub niekt\u00f3re z naszych firm stowarzyszonych;<\/li>\n<li>w celu wykonania okre\u015blonych zobowi\u0105za\u0144 wobec u\u017cytkownika wynikaj\u0105cych z przepis\u00f3w prawa lub umowy, o ile przetwarzanie odpowiednich danych osobowych (na przyk\u0142ad informacji zdrowotnych lub innych wra\u017cliwych danych osobowych) nie jest zabronione przez prawo.<\/li>\n<\/ul>\n<p>U\u017cytkownik ma prawo do wycofania zgody na przetwarzanie danych osobowych w dowolnym momencie. Wi\u0119cej informacji na temat tego prawa mo\u017cna znale\u017a\u0107 poni\u017cej.<\/p>\n<p><strong>Mo\u017cemy przetwarza\u0107 dane osobowe u\u017cytkownika, gdy mamy do tego prawny (uzasadniony) interes<\/strong>, taki jak na przyk\u0142ad nasz uzasadniony interes do:<\/p>\n<ul>\n<li>ci\u0105g\u0142ego ulepszania i rozwijania oferowanych przez nas produkt\u00f3w i us\u0142ug, w tym ich funkcjonalno\u015bci, projektu i\/lub tre\u015bci;<\/li>\n<li>zach\u0119canie i monitorowanie wprowadzania i wdra\u017cania ulepszonych i\/lub innowacyjnych \u015brodk\u00f3w bezpiecznego korzystania z produkt\u00f3w i us\u0142ug oferowanych przez nas lub nasze podmioty stowarzyszone;<\/li>\n<li>monitorowa\u0107 i analizowa\u0107 nasze wyniki na danym rynku;<\/li>\n<li>rozwijanie umiej\u0119tno\u015bci naszych pracownik\u00f3w i podwykonawc\u00f3w w zakresie wsp\u00f3\u0142pracy z klientami na poszczeg\u00f3lnych rynkach;<\/li>\n<li>spersonalizowania dostarczanych przez nas produkt\u00f3w i us\u0142ug w celu zwi\u0119kszenia og\u00f3lnego zadowolenia u\u017cytkownika z nich i komunikacji z nami;<\/li>\n<li>monitorowanie stanu technicznego naszych system\u00f3w informatycznych i zasob\u00f3w, w tym naszych sklep\u00f3w elektronicznych i innych stron internetowych, a tak\u017ce eliminowanie problem\u00f3w z ich prawid\u0142owym funkcjonowaniem, bezpiecze\u0144stwem i integralno\u015bci\u0105.<strong><br \/>\n<\/strong><\/li>\n<\/ul>\n[\/vc_column_text][\/vc_column][\/vc_row][vc_row el_id=&#8221;V&#8221;][vc_column][vc_custom_heading text=&#8221;V. Gromadzenie i przetwarzanie danych osobowych dzieci&#8221; font_container=&#8221;tag:h4|text_align:center|line_height:1&#8243; use_theme_fonts=&#8221;yes&#8221; el_class=&#8221;uppercase letter-spacing-1px&#8221; css=&#8221;.vc_custom_1610054313645{margin-top: 25px !important;margin-bottom: 25px !important;}&#8221;][vc_column_text]Rozumiemy, jak wa\u017cne jest podejmowanie dodatkowych \u015brodk\u00f3w w celu ochrony danych osobowych dzieci, kt\u00f3re korzystaj\u0105 z naszych produkt\u00f3w i us\u0142ug, w tym obs\u0142ugiwanych przez nas witryn internetowych. Nie gromadzimy danych osobowych dzieci w wieku poni\u017cej 16 lat ani danych dotycz\u0105cych dzieci w wieku poni\u017cej 16 lat bez zgody rodzic\u00f3w lub, w stosownych przypadkach, bez zgody innej osoby, kt\u00f3ra mo\u017ce zgodnie z prawem wyrazi\u0107 zgod\u0119 na przetwarzanie danych osobowych dziecka (np. opiekuna dziecka).<\/p>\n<p>Nie zezwalamy dzieciom w wieku poni\u017cej 16 lat na tworzenie w\u0142asnych kont klient\u00f3w na obs\u0142ugiwanych przez nas stronach internetowych ani na przekazywanie nam swoich danych osobowych w inny spos\u00f3b.<\/p>\n<p>Je\u015bli dowiemy si\u0119, \u017ce zebrali\u015bmy lub przetwarzali\u015bmy dane osobowe dziecka bez wymaganej prawem zgody rodzic\u00f3w, podejmiemy \u015brodki w celu zniszczenia takich informacji bez zb\u0119dnej zw\u0142oki.<br \/>\n[\/vc_column_text][\/vc_column][\/vc_row][vc_row el_id=&#8221;VI&#8221;][vc_column][vc_custom_heading text=&#8221;VI. W jakich przypadkach przekazujemy dane osobowe u\u017cytkownika stronom trzecim?&#8221; font_container=&#8221;tag:h4|text_align:center|line_height:1&#8243; use_theme_fonts=&#8221;yes&#8221; el_class=&#8221;uppercase letter-spacing-1px&#8221; css=&#8221;.vc_custom_1610054420156{margin-top: 25px !important;margin-bottom: 25px !important;}&#8221;][vc_custom_heading text=&#8221;01. Osoby trzecie przetwarzaj\u0105ce dane w imieniu Sp\u00f3\u0142ki&#8221; font_container=&#8221;tag:h6|text_align:left&#8221; use_theme_fonts=&#8221;yes&#8221; el_class=&#8221;bold&#8221;][vc_column_text]Mo\u017cemy powierzy\u0107 przetwarzanie danych osobowych u\u017cytkownika stronom trzecim &#8211; podwykonawcom, kt\u00f3rzy pomagaj\u0105 nam w przetwarzaniu danych. Te osoby trzecie przetwarzaj\u0105 dane u\u017cytkownika w naszym imieniu i zgodnie z naszymi instrukcjami dla wszystkich lub niekt\u00f3rych cel\u00f3w wskazanych w niniejszych Zasadach og\u00f3lnych. Nie zezwalamy stronom trzecim &#8211; podwykonawcom na wykorzystywanie danych osobowych u\u017cytkownika do w\u0142asnych cel\u00f3w, w tym do marketingu bezpo\u015bredniego.<\/p>\n<p>Wymagamy od wszystkich stron trzecich, kt\u00f3re przetwarzaj\u0105 dane osobowe u\u017cytkownika w naszym imieniu, aby przetwarza\u0142y dane zgodnie z obowi\u0105zuj\u0105cym prawem i gwarantowa\u0142y bezpiecze\u0144stwo danych, w tym poprzez podj\u0119cie niezb\u0119dnych \u015brodk\u00f3w technicznych i organizacyjnych w celu ochrony danych osobowych. Kategorie odbiorc\u00f3w przetwarzaj\u0105cych dane osobowe w naszym imieniu to:<\/p>\n<ul>\n<li>firmom ksi\u0119gowym i audytorskim, kt\u00f3re przetwarzaj\u0105 dane osobowe na potrzeby ksi\u0119gowo\u015bci i audytu naszych sprawozda\u0144 finansowych, a tak\u017ce w celu wype\u0142nienia naszych obowi\u0105zk\u00f3w wynikaj\u0105cych z przepis\u00f3w prawa pracy, prawa podatkowego i prawa ubezpieczeniowego;<\/li>\n<li>podmiotom \u015bwiadcz\u0105cym us\u0142ugi spo\u0142ecze\u0144stwa informacyjnego, w tym us\u0142ugi hostingu i\/lub us\u0142ugi informacyjne i techniczne zwi\u0105zane z utrzymaniem, bezpiecze\u0144stwem i rozwojem naszej infrastruktury i zasob\u00f3w teleinformatycznych;<\/li>\n<li>licencjonowanym operatorom pocztowym i firmom transportowym lub spedycyjnym, gdy dostarczamy zam\u00f3wione przez u\u017cytkownika produkty, a tak\u017ce licencjonowanym dostawcom us\u0142ug p\u0142atniczych w celu przetwarzania p\u0142atno\u015bci od\/do u\u017cytkownika;<\/li>\n<li>firmy ochroniarskie posiadaj\u0105ce licencj\u0119 na \u015bwiadczenie prywatnych us\u0142ug ochroniarskich w celu zagwarantowania bezpiecze\u0144stwa i kontrolowanego dost\u0119pu do budynk\u00f3w i lokali, kt\u00f3rych jeste\u015bmy w\u0142a\u015bcicielem lub z kt\u00f3rych korzystamy na podstawie przepis\u00f3w prawa; oraz<\/li>\n<\/ul>\n[\/vc_column_text][vc_custom_heading text=&#8221;02. Ochrona naszych uzasadnionych interes\u00f3w&#8221; font_container=&#8221;tag:h6|text_align:left&#8221; use_theme_fonts=&#8221;yes&#8221; el_class=&#8221;bold&#8221;][vc_column_text]W niekt\u00f3rych przypadkach, gdy jest to konieczne do ochrony naszych uzasadnionych interes\u00f3w, mo\u017cemy ujawni\u0107 dane osobowe u\u017cytkownika stronom trzecim, takim jak:<\/p>\n<ul>\n<li>naszym radcom prawnym i przedstawicielom w celu uzyskania porady prawnej lub przygotowania i zorganizowania naszej reprezentacji w tocz\u0105cych si\u0119 lub potencjalnych sporach prawnych, w tym w celu udzia\u0142u w procedurze mediacji lub innym dobrowolnym post\u0119powaniu w sprawie rozstrzygania spor\u00f3w;<\/li>\n<li>podmioty, kt\u00f3re naby\u0142y cz\u0119\u015b\u0107 lub ca\u0142o\u015b\u0107 naszego przedsi\u0119biorstwa lub dzia\u0142alno\u015bci w wyniku reorganizacji (takiej jak fuzja, przej\u0119cie itp.), transakcji handlowej z nami (takiej jak sprzeda\u017c, wymiana) lub aktu w\u0142a\u015bciwego organu.<\/li>\n<\/ul>\n[\/vc_column_text][vc_custom_heading text=&#8221;03. Podmioty, w odniesieniu do kt\u00f3rych otrzymali\u015bmy zgod\u0119 u\u017cytkownika, takie jak:&#8221; font_container=&#8221;tag:h6|text_align:left&#8221; use_theme_fonts=&#8221;yes&#8221; el_class=&#8221;bold&#8221;][vc_column_text]Firmy, kt\u00f3re mog\u0105 dostarcza\u0107 informacje lub oferty dotycz\u0105ce w\u0142asnych produkt\u00f3w i us\u0142ug.[\/vc_column_text][\/vc_column][\/vc_row][vc_row el_id=&#8221;VII&#8221;][vc_column][vc_custom_heading text=&#8221;VII. Okres, przez jaki przechowujemy dane osobowe u\u017cytkownika i kiedy je usuwamy&#8221; font_container=&#8221;tag:h4|text_align:center|line_height:1&#8243; use_theme_fonts=&#8221;yes&#8221; el_class=&#8221;uppercase letter-spacing-1px&#8221; css=&#8221;.vc_custom_1610055031841{margin-top: 25px !important;margin-bottom: 25px !important;}&#8221;][vc_column_text]\n<p>Przechowujemy dane osobowe u\u017cytkownika przez okres wymagany lub dozwolony do realizacji cel\u00f3w, dla kt\u00f3rych przetwarzamy te dane. Po spe\u0142nieniu tych cel\u00f3w lub w przypadku, gdy nie mamy ju\u017c uzasadnionego interesu lub podstawy prawnej do przetwarzania danych (na przyk\u0142ad, gdy zgoda na przetwarzanie zosta\u0142a wycofana), usuniemy dane osobowe u\u017cytkownika bez zb\u0119dnej zw\u0142oki.<\/p>\n<p>Kryteria stanowi\u0105ce podstaw\u0119 do okre\u015blenia okresu przechowywania danych osobowych u\u017cytkownika obejmuj\u0105: (\u0430) okres, przez kt\u00f3ry utrzymujemy z Tob\u0105 relacje handlowe i \u015bwiadczymy Ci nasze us\u0142ugi, (b) okresy przechowywania danych okre\u015blone w obowi\u0105zuj\u0105cych nas przepisach prawa, oraz (c) okres, przez kt\u00f3ry wymagane jest przechowywanie danych u\u017cytkownika w zwi\u0105zku z naszym udzia\u0142em i ochron\u0105 naszych praw i interes\u00f3w prawnych w post\u0119powaniach s\u0105dowych i administracyjnych oraz up\u0142yw odpowiednich okres\u00f3w przedawnienia.<\/p>\n<p>B\u0119dziemy przechowywa\u0107 dane osobowe zawarte w naszych ksi\u0119gach rachunkowych przez okresy okre\u015blone w ustawie o rachunkowo\u015bci.[\/vc_column_text][\/vc_column][\/vc_row][vc_row el_id=&#8221;VIII&#8221;][vc_column][vc_custom_heading text=&#8221;VIII. Jak chronione s\u0105 dane osobowe u\u017cytkownik\u00f3w&#8221; font_container=&#8221;tag:h4|text_align:center|line_height:1&#8243; use_theme_fonts=&#8221;yes&#8221; el_class=&#8221;uppercase letter-spacing-1px&#8221; css=&#8221;.vc_custom_1610055559609{margin-top: 25px !important;margin-bottom: 25px !important;}&#8221;][vc_column_text]Podczas przetwarzania danych osobowych u\u017cytkownika podejmujemy niezb\u0119dne \u015brodki techniczne i organizacyjne w celu ochrony takich danych przed nieuprawnionym dost\u0119pem, zmian\u0105 lub usuni\u0119ciem. \u015arodki te obejmuj\u0105 nast\u0119puj\u0105ce elementy:<\/p>\n<ul>\n<li>ustanowienie wewn\u0119trznych zasad przetwarzania danych osobowych w celu zapobiegania nieautoryzowanemu dost\u0119powi do system\u00f3w i pomieszcze\u0144, w kt\u00f3rych przechowujemy dane osobowe u\u017cytkownika;<\/li>\n<li>okre\u015blaj\u0105ce obowi\u0105zek zachowania poufno\u015bci przez naszych pracownik\u00f3w, podwykonawc\u00f3w i dostawc\u00f3w;<\/li>\n<li>powierzenie przetwarzania danych osobowych U\u017cytkownika wy\u0142\u0105cznie organizacji, kt\u00f3ra przetwarza dane osobowe zgodnie z prawem i zapewnia gwarancj\u0119 bezpiecze\u0144stwa tych danych, w tym poprzez podj\u0119cie wymaganych \u015brodk\u00f3w technicznych i organizacyjnych zapewniaj\u0105cych ochron\u0119 danych osobowych U\u017cytkownika.<\/li>\n<\/ul>\n[\/vc_column_text][\/vc_column][\/vc_row][vc_row el_id=&#8221;IX&#8221;][vc_column][vc_custom_heading text=&#8221;IX. Prawa u\u017cytkownika zwi\u0105zane z przetwarzaniem danych osobowych&#8221; font_container=&#8221;tag:h4|text_align:center|line_height:1&#8243; use_theme_fonts=&#8221;yes&#8221; el_class=&#8221;uppercase letter-spacing-1px&#8221; css=&#8221;.vc_custom_1610055837434{margin-top: 25px !important;margin-bottom: 25px !important;}&#8221;][vc_column_text]Przez ca\u0142y okres przetwarzania danych osobowych u\u017cytkownikowi przys\u0142uguj\u0105 pewne prawa wymienione poni\u017cej.<\/p>\n<p>U\u017cytkownik mo\u017ce skorzysta\u0107 ze swoich praw wynikaj\u0105cych z niniejszej Polityki i og\u00f3lnego rozporz\u0105dzenia o ochronie danych, wysy\u0142aj\u0105c wiadomo\u015b\u0107 e-mail lub list do naszego inspektora ochrony danych z opisem konkretnego \u017c\u0105dania. Je\u015bli to mo\u017cliwe, wniosek nale\u017cy podpisa\u0107 odr\u0119cznie lub kwalifikowanym podpisem elektronicznym. Je\u015bli u\u017cytkownik nie jest w stanie podpisa\u0107 wniosku w jeden z wy\u017cej wymienionych sposob\u00f3w, mo\u017cemy poprosi\u0107 go o podanie dodatkowych informacji w celu ustalenia jego to\u017csamo\u015bci.<\/p>\n<p>Odpowiemy na Twoje \u017c\u0105danie bezp\u0142atnie i bez zb\u0119dnej zw\u0142oki. W przypadku otrzymania zduplikowanych \u017c\u0105da\u0144 mo\u017cemy odm\u00f3wi\u0107 podj\u0119cia dzia\u0142a\u0144 w zwi\u0105zku z \u017c\u0105daniem lub ustali\u0107 op\u0142at\u0119 (w oparciu o koszty po naszej stronie), kt\u00f3r\u0105 u\u017cytkownik b\u0119dzie musia\u0142 ui\u015bci\u0107 w celu dostarczenia mu informacji lub komunikacji lub podj\u0119cia \u017c\u0105danych dzia\u0142a\u0144.[\/vc_column_text][vc_custom_heading text=&#8221;Prawo dost\u0119pu i informacji&#8221; font_container=&#8221;tag:h6|text_align:left&#8221; use_theme_fonts=&#8221;yes&#8221; el_class=&#8221;bold&#8221;][vc_column_text]U\u017cytkownik ma prawo za\u017c\u0105da\u0107 i otrzyma\u0107:<\/p>\n<ul>\n<li>informacje o celach przetwarzania danych osobowych u\u017cytkownika, kategoriach przetwarzanych danych osobowych oraz odbiorcach lub kategoriach odbiorc\u00f3w, kt\u00f3rym ujawniamy dane osobowe u\u017cytkownika, a tak\u017ce wszelkie inne informacje dotycz\u0105ce \u017ar\u00f3d\u0142a danych osobowych u\u017cytkownika;<\/li>\n<li>kopi\u0119 przetwarzanych przez nas danych osobowych w formie elektronicznej lub innej odpowiedniej formie.<\/li>\n<\/ul>\n[\/vc_column_text][vc_custom_heading text=&#8221;Prawo do sprostowania i uzupe\u0142nienia&#8221; font_container=&#8221;tag:h6|text_align:left&#8221; use_theme_fonts=&#8221;yes&#8221; el_class=&#8221;bold&#8221;][vc_column_text]Je\u015bli u\u017cytkownik stwierdzi, \u017ce przetwarzane przez nas dane osobowe s\u0105 niedok\u0142adne i\/lub niekompletne, mo\u017ce zwr\u00f3ci\u0107 si\u0119 do nas o ich sprostowanie i\/lub uzupe\u0142nienie.[\/vc_column_text][vc_custom_heading text=&#8221;Prawo do sprzeciwu&#8221; font_container=&#8221;tag:h6|text_align:left&#8221; use_theme_fonts=&#8221;yes&#8221; el_class=&#8221;bold&#8221;][vc_column_text]Gdy przetwarzamy dane osobowe u\u017cytkownika w oparciu o nasz uzasadniony interes, u\u017cytkownik ma prawo sprzeciwi\u0107 si\u0119 takiemu przetwarzaniu. Zaprzestaniemy przetwarzania danych u\u017cytkownika bez zb\u0119dnej zw\u0142oki i usuniemy te dane, chyba \u017ce b\u0119dziemy mie\u0107 wa\u017cne i uzasadnione podstawy do dalszego przetwarzania danych, kt\u00f3re s\u0105 nadrz\u0119dne wobec praw i interes\u00f3w prawnych u\u017cytkownika lub je\u015bli przetwarzanie danych osobowych u\u017cytkownika jest wymagane do ustalenia, dochodzenia lub obrony roszcze\u0144 prawnych. Ponadto u\u017cytkownik ma prawo w dowolnym momencie sprzeciwi\u0107 si\u0119 przetwarzaniu jego danych osobowych w celach marketingowych i reklamowych. Zako\u0144czymy przetwarzanie bez zb\u0119dnej zw\u0142oki, natychmiast po otrzymaniu sprzeciwu u\u017cytkownika.[\/vc_column_text][vc_custom_heading text=&#8221;Prawo do ograniczenia przetwarzania&#8221; font_container=&#8221;tag:h6|text_align:left&#8221; use_theme_fonts=&#8221;yes&#8221; el_class=&#8221;bold&#8221;][vc_column_text]U\u017cytkownik ma prawo poprosi\u0107 nas o zawieszenie przetwarzania jego danych osobowych w przysz\u0142o\u015bci, gdy:<\/p>\n<ul>\n<li>u\u017cytkownik uwa\u017ca, \u017ce przetwarzane przez nas dane osobowe s\u0105 niedok\u0142adne i chce, aby\u015bmy je poprawili przez okres niezb\u0119dny do zweryfikowania przez nas dok\u0142adno\u015bci danych u\u017cytkownika i dokonania wymaganych poprawek;<\/li>\n<li>ustalono, \u017ce z jakiego\u015b powodu przetwarzamy dane osobowe u\u017cytkownika niezgodnie z prawem, ale u\u017cytkownik nie chce usuni\u0119cia swoich danych, lecz chce, aby\u015bmy przetwarzali tylko cz\u0119\u015b\u0107 jego danych;<\/li>\n<li>nie potrzebujemy ju\u017c danych u\u017cytkownika, ale u\u017cytkownik chce, aby\u015bmy je zachowali w celu egzekwowania jego praw lub obrony przed roszczeniami prawnymi stron trzecich, lub<\/li>\n<li>u\u017cytkownik sprzeciwi\u0142 si\u0119 przetwarzaniu jego danych osobowych (gdy przetwarzamy dane w oparciu o nasz uzasadniony interes), ale musimy zweryfikowa\u0107, czy mamy uzasadnione podstawy lub obowi\u0105zek prawny przetwarzania jego danych osobowych.<\/li>\n<\/ul>\n[\/vc_column_text][vc_custom_heading text=&#8221;Prawo do usuni\u0119cia danych (&quot;prawo do bycia zapomnianym&quot;)&#8221; font_container=&#8221;tag:h6|text_align:left&#8221; use_theme_fonts=&#8221;yes&#8221; el_class=&#8221;bold&#8221;][vc_column_text]U\u017cytkownik ma prawo poprosi\u0107 nas o usuni\u0119cie jego danych osobowych, a my jeste\u015bmy zobowi\u0105zani do usuni\u0119cia tych danych bez zb\u0119dnej zw\u0142oki, gdy:<\/p>\n<ul>\n<li>dane osobowe u\u017cytkownika nie s\u0105 ju\u017c niezb\u0119dne do cel\u00f3w, dla kt\u00f3rych zosta\u0142y zgromadzone lub w inny spos\u00f3b przetwarzane;<\/li>\n<li>u\u017cytkownik wycofa\u0142 zgod\u0119, na podstawie kt\u00f3rej przetwarzano dane, i nie ma innej podstawy prawnej przetwarzania;<\/li>\n<li>u\u017cytkownik sprzeciwi\u0142 si\u0119 przetwarzaniu danych, a my nie mamy uzasadnionych podstaw nadrz\u0119dnych wobec jego interes\u00f3w, praw i wolno\u015bci;<\/li>\n<li>dane osobowe u\u017cytkownika by\u0142y przetwarzane niezgodnie z prawem;<\/li>\n<li>dane osobowe u\u017cytkownika musz\u0105 zosta\u0107 usuni\u0119te zgodnie z naszym obowi\u0105zkiem prawnym;<\/li>\n<li>Dane osobowe u\u017cytkownika zosta\u0142y zebrane w zwi\u0105zku z oferowaniem us\u0142ug spo\u0142ecze\u0144stwa informacyjnego.<\/li>\n<\/ul>\n<p>W niekt\u00f3rych przypadkach nie b\u0119dziemy w stanie spe\u0142ni\u0107 \u017c\u0105dania u\u017cytkownika, np. gdy przetwarzanie danych osobowych u\u017cytkownika jest niezb\u0119dne do nast\u0119puj\u0105cych cel\u00f3w:<\/p>\n<ul>\n<li>korzystanie z prawa do wolno\u015bci wypowiedzi i informacji;<\/li>\n<li>zgodno\u015b\u0107 z ci\u0105\u017c\u0105cym na nas obowi\u0105zkiem prawnym;<\/li>\n<li>ustalenia, dochodzenia lub obrony roszcze\u0144 prawnych.<\/li>\n<\/ul>\n[\/vc_column_text][vc_custom_heading text=&#8221;Prawo do wycofania zgody&#8221; font_container=&#8221;tag:h6|text_align:left&#8221; use_theme_fonts=&#8221;yes&#8221; el_class=&#8221;bold&#8221;][vc_column_text]W przypadku, gdy przetwarzanie danych osobowych u\u017cytkownika opiera si\u0119 na jego zgodzie, u\u017cytkownik ma prawo wycofa\u0107 swoj\u0105 zgod\u0119 ze skutkiem natychmiastowym. W takim przypadku zaprzestaniemy przetwarzania danych osobowych u\u017cytkownika w przysz\u0142o\u015bci.[\/vc_column_text][vc_custom_heading text=&#8221;Mo\u017cliwo\u015b\u0107 przenoszenia danych&#8221; font_container=&#8221;tag:h6|text_align:left&#8221; use_theme_fonts=&#8221;yes&#8221; el_class=&#8221;bold&#8221;][vc_column_text]Gdy przetwarzamy dane osobowe u\u017cytkownika na podstawie jego zgody lub w celu wykonania jakichkolwiek zobowi\u0105za\u0144 umownych, kt\u00f3re mamy wobec niego, o ile nie wp\u0142ywa to niekorzystnie na prawa i wolno\u015bci innych os\u00f3b, u\u017cytkownik ma prawo do uzyskania danych, kt\u00f3re nam przekaza\u0142, w strukturalnej, cz\u0119sto u\u017cywanej formie nadaj\u0105cej si\u0119 do odczytu maszynowego lub, je\u015bli jest to technicznie mo\u017cliwe, do zwr\u00f3cenia si\u0119 do nas o przekazanie danych stronie trzeciej.[\/vc_column_text][vc_custom_heading text=&#8221;Prawo do z\u0142o\u017cenia skargi&#8221; font_container=&#8221;tag:h6|text_align:left&#8221; use_theme_fonts=&#8221;yes&#8221; el_class=&#8221;bold&#8221;][vc_column_text]W\u0142a\u015bciwym organem w Republice Bu\u0142garii jest Komisja Ochrony Danych Osobowych z adresem:<\/p>\n<p>Sofia, 1592 r.<br \/>\n2, Prof. Tsvetan Lazarov Blvd.<br \/>\ntel.: 02\/915 &#8211; 3518<br \/>\nE-mail: kzld@cpdp.bg[\/vc_column_text][\/vc_column][\/vc_row][vc_row el_id=&#8221;X&#8221; css=&#8221;.vc_custom_1610056458879{padding-bottom: 75px !important;}&#8221;][vc_column][vc_custom_heading text=&#8221;X. Jak si\u0119 z nami skontaktowa\u0107&#8221; font_container=&#8221;tag:h4|text_align:center|line_height:1&#8243; use_theme_fonts=&#8221;yes&#8221; el_class=&#8221;uppercase letter-spacing-1px&#8221; css=&#8221;.vc_custom_1610056411470{margin-top: 25px !important;margin-bottom: 25px !important;}&#8221;][vc_column_text]We wszystkich sprawach zwi\u0105zanych z przetwarzaniem danych osobowych lub wykonywaniem swoich praw u\u017cytkownik mo\u017ce skontaktowa\u0107 si\u0119 z naszym inspektorem ochrony danych w jeden z nast\u0119puj\u0105cych sposob\u00f3w:<\/p>\n<p><strong>Za po\u015brednictwem poczty elektronicznej<\/strong>, wysy\u0142aj\u0105c wiadomo\u015b\u0107 elektroniczn\u0105 na adres dpo@walltopia.com.<\/p>\n<p>lub<\/p>\n<p><strong>Poczt\u0105<\/strong> na adres: Sofia 1784, 111V Tsarigradsko Shose Blvd., fl. 3[\/vc_column_text][\/vc_column][\/vc_row]\n<\/div>","protected":false},"excerpt":{"rendered":"[vc_row css=&#8221;.vc_custom_1610054112370{padding-top: 100px !important;}&#8221; el_id=&#8221;I&#8221;][vc_column][vc_custom_heading text=&#8221;Og\u00f3lna polityka ochrony danych osobowych&#8221; font_container=&#8221;tag:h3|text_align:center|line_height:1&#8243; use_theme_fonts=&#8221;yes&#8221; el_class=&#8221;uppercase letter-spacing-1px&#8221; css=&#8221;.vc_custom_1610048606009{margin-top: 0px !important;margin-bottom: 25px !important;}&#8221;][vc_column_text el_class=&#8221;text-align-center&#8221;](obowi\u0105zuj\u0105cy&#8230;","protected":false},"author":5,"featured_media":0,"parent":0,"menu_order":0,"comment_status":"closed","ping_status":"closed","template":"page-small-header.php","meta":{"_acf_changed":false,"inline_featured_image":false,"footnotes":""},"class_list":["post-123783","page","type-page","status-publish","hentry"],"acf":[],"yoast_head":"<!-- This site is optimized with the Yoast SEO Premium plugin v28.3 (Yoast SEO v28.3) - https:\/\/yoast.com\/product\/yoast-seo-premium-wordpress\/ -->\n<title>Polityka prywatno\u015bci | Walltopia<\/title>\n<meta name=\"robots\" content=\"index, follow, max-snippet:-1, max-image-preview:large, max-video-preview:-1\" \/>\n<link rel=\"canonical\" href=\"https:\/\/walltopia.com\/pl\/polityka-prywatnosci\/\" \/>\n<meta property=\"og:locale\" content=\"pl_PL\" \/>\n<meta property=\"og:type\" content=\"article\" \/>\n<meta property=\"og:title\" content=\"Polityka prywatno\u015bci\" \/>\n<meta property=\"og:description\" content=\"[vc_row css=&#8221;.vc_custom_1610054112370{padding-top: 100px !important;}&#8221; el_id=&#8221;I&#8221;][vc_column][vc_custom_heading text=&#8221;Og\u00f3lna polityka ochrony danych osobowych&#8221; font_container=&#8221;tag:h3|text_align:center|line_height:1&#8243; use_theme_fonts=&#8221;yes&#8221; el_class=&#8221;uppercase letter-spacing-1px&#8221; css=&#8221;.vc_custom_1610048606009{margin-top: 0px !important;margin-bottom: 25px !important;}&#8221;][vc_column_text el_class=&#8221;text-align-center&#8221;](obowi\u0105zuj\u0105cy...\" \/>\n<meta property=\"og:url\" content=\"https:\/\/walltopia.com\/pl\/polityka-prywatnosci\/\" \/>\n<meta property=\"og:site_name\" content=\"Walltopia\" \/>\n<meta property=\"article:publisher\" content=\"https:\/\/www.facebook.com\/walltopiaclimbing\/\" \/>\n<meta property=\"article:modified_time\" content=\"2024-06-04T06:15:32+00:00\" \/>\n<meta name=\"twitter:card\" content=\"summary_large_image\" \/>\n<meta name=\"twitter:site\" content=\"@walltopiabg\" \/>\n<script type=\"application\/ld+json\" class=\"yoast-schema-graph\">{\"@context\":\"https:\\\/\\\/schema.org\",\"@graph\":[{\"@type\":\"WebPage\",\"@id\":\"https:\\\/\\\/walltopia.com\\\/pl\\\/polityka-prywatnosci\\\/\",\"url\":\"https:\\\/\\\/walltopia.com\\\/pl\\\/polityka-prywatnosci\\\/\",\"name\":\"Polityka prywatno\u015bci | Walltopia\",\"isPartOf\":{\"@id\":\"https:\\\/\\\/walltopia.com\\\/pl\\\/#website\"},\"datePublished\":\"2021-07-13T11:22:25+00:00\",\"dateModified\":\"2024-06-04T06:15:32+00:00\",\"breadcrumb\":{\"@id\":\"https:\\\/\\\/walltopia.com\\\/pl\\\/polityka-prywatnosci\\\/#breadcrumb\"},\"inLanguage\":\"pl-PL\",\"potentialAction\":[{\"@type\":\"ReadAction\",\"target\":[\"https:\\\/\\\/walltopia.com\\\/pl\\\/polityka-prywatnosci\\\/\"]}]},{\"@type\":\"BreadcrumbList\",\"@id\":\"https:\\\/\\\/walltopia.com\\\/pl\\\/polityka-prywatnosci\\\/#breadcrumb\",\"itemListElement\":[{\"@type\":\"ListItem\",\"position\":1,\"name\":\"Home\",\"item\":\"https:\\\/\\\/walltopia.com\\\/pl\\\/strona-glowna-pl\\\/\"},{\"@type\":\"ListItem\",\"position\":2,\"name\":\"Polityka prywatno\u015bci\"}]},{\"@type\":\"WebSite\",\"@id\":\"https:\\\/\\\/walltopia.com\\\/pl\\\/#website\",\"url\":\"https:\\\/\\\/walltopia.com\\\/pl\\\/\",\"name\":\"Walltopia\",\"description\":\"World leader in the design and production of climbing walls and active entertainment attractions\",\"publisher\":{\"@id\":\"https:\\\/\\\/walltopia.com\\\/pl\\\/#organization\"},\"potentialAction\":[{\"@type\":\"SearchAction\",\"target\":{\"@type\":\"EntryPoint\",\"urlTemplate\":\"https:\\\/\\\/walltopia.com\\\/pl\\\/?s={search_term_string}\"},\"query-input\":{\"@type\":\"PropertyValueSpecification\",\"valueRequired\":true,\"valueName\":\"search_term_string\"}}],\"inLanguage\":\"pl-PL\"},{\"@type\":\"Organization\",\"@id\":\"https:\\\/\\\/walltopia.com\\\/pl\\\/#organization\",\"name\":\"Walltopia\",\"url\":\"https:\\\/\\\/walltopia.com\\\/pl\\\/\",\"logo\":{\"@type\":\"ImageObject\",\"inLanguage\":\"pl-PL\",\"@id\":\"https:\\\/\\\/walltopia.com\\\/pl\\\/#\\\/schema\\\/logo\\\/image\\\/\",\"url\":\"\",\"contentUrl\":\"\",\"caption\":\"Walltopia\"},\"image\":{\"@id\":\"https:\\\/\\\/walltopia.com\\\/pl\\\/#\\\/schema\\\/logo\\\/image\\\/\"},\"sameAs\":[\"https:\\\/\\\/www.facebook.com\\\/walltopiaclimbing\\\/\",\"https:\\\/\\\/x.com\\\/walltopiabg\",\"https:\\\/\\\/www.instagram.com\\\/walltopia.active\\\/\",\"https:\\\/\\\/www.linkedin.com\\\/company\\\/walltopia-ltd.\",\"https:\\\/\\\/www.youtube.com\\\/user\\\/WALLTOPIA\"]}]}<\/script>\n<!-- \/ Yoast SEO Premium plugin. -->","yoast_head_json":{"title":"Polityka prywatno\u015bci | Walltopia","robots":{"index":"index","follow":"follow","max-snippet":"max-snippet:-1","max-image-preview":"max-image-preview:large","max-video-preview":"max-video-preview:-1"},"canonical":"https:\/\/walltopia.com\/pl\/polityka-prywatnosci\/","og_locale":"pl_PL","og_type":"article","og_title":"Polityka prywatno\u015bci","og_description":"[vc_row css=&#8221;.vc_custom_1610054112370{padding-top: 100px !important;}&#8221; el_id=&#8221;I&#8221;][vc_column][vc_custom_heading text=&#8221;Og\u00f3lna polityka ochrony danych osobowych&#8221; font_container=&#8221;tag:h3|text_align:center|line_height:1&#8243; use_theme_fonts=&#8221;yes&#8221; el_class=&#8221;uppercase letter-spacing-1px&#8221; css=&#8221;.vc_custom_1610048606009{margin-top: 0px !important;margin-bottom: 25px !important;}&#8221;][vc_column_text el_class=&#8221;text-align-center&#8221;](obowi\u0105zuj\u0105cy...","og_url":"https:\/\/walltopia.com\/pl\/polityka-prywatnosci\/","og_site_name":"Walltopia","article_publisher":"https:\/\/www.facebook.com\/walltopiaclimbing\/","article_modified_time":"2024-06-04T06:15:32+00:00","twitter_card":"summary_large_image","twitter_site":"@walltopiabg","schema":{"@context":"https:\/\/schema.org","@graph":[{"@type":"WebPage","@id":"https:\/\/walltopia.com\/pl\/polityka-prywatnosci\/","url":"https:\/\/walltopia.com\/pl\/polityka-prywatnosci\/","name":"Polityka prywatno\u015bci | Walltopia","isPartOf":{"@id":"https:\/\/walltopia.com\/pl\/#website"},"datePublished":"2021-07-13T11:22:25+00:00","dateModified":"2024-06-04T06:15:32+00:00","breadcrumb":{"@id":"https:\/\/walltopia.com\/pl\/polityka-prywatnosci\/#breadcrumb"},"inLanguage":"pl-PL","potentialAction":[{"@type":"ReadAction","target":["https:\/\/walltopia.com\/pl\/polityka-prywatnosci\/"]}]},{"@type":"BreadcrumbList","@id":"https:\/\/walltopia.com\/pl\/polityka-prywatnosci\/#breadcrumb","itemListElement":[{"@type":"ListItem","position":1,"name":"Home","item":"https:\/\/walltopia.com\/pl\/strona-glowna-pl\/"},{"@type":"ListItem","position":2,"name":"Polityka prywatno\u015bci"}]},{"@type":"WebSite","@id":"https:\/\/walltopia.com\/pl\/#website","url":"https:\/\/walltopia.com\/pl\/","name":"Walltopia","description":"World leader in the design and production of climbing walls and active entertainment attractions","publisher":{"@id":"https:\/\/walltopia.com\/pl\/#organization"},"potentialAction":[{"@type":"SearchAction","target":{"@type":"EntryPoint","urlTemplate":"https:\/\/walltopia.com\/pl\/?s={search_term_string}"},"query-input":{"@type":"PropertyValueSpecification","valueRequired":true,"valueName":"search_term_string"}}],"inLanguage":"pl-PL"},{"@type":"Organization","@id":"https:\/\/walltopia.com\/pl\/#organization","name":"Walltopia","url":"https:\/\/walltopia.com\/pl\/","logo":{"@type":"ImageObject","inLanguage":"pl-PL","@id":"https:\/\/walltopia.com\/pl\/#\/schema\/logo\/image\/","url":"","contentUrl":"","caption":"Walltopia"},"image":{"@id":"https:\/\/walltopia.com\/pl\/#\/schema\/logo\/image\/"},"sameAs":["https:\/\/www.facebook.com\/walltopiaclimbing\/","https:\/\/x.com\/walltopiabg","https:\/\/www.instagram.com\/walltopia.active\/","https:\/\/www.linkedin.com\/company\/walltopia-ltd.","https:\/\/www.youtube.com\/user\/WALLTOPIA"]}]}},"_links":{"self":[{"href":"https:\/\/walltopia.com\/pl\/wp-json\/wp\/v2\/pages\/123783","targetHints":{"allow":["GET"]}}],"collection":[{"href":"https:\/\/walltopia.com\/pl\/wp-json\/wp\/v2\/pages"}],"about":[{"href":"https:\/\/walltopia.com\/pl\/wp-json\/wp\/v2\/types\/page"}],"author":[{"embeddable":true,"href":"https:\/\/walltopia.com\/pl\/wp-json\/wp\/v2\/users\/5"}],"replies":[{"embeddable":true,"href":"https:\/\/walltopia.com\/pl\/wp-json\/wp\/v2\/comments?post=123783"}],"version-history":[{"count":0,"href":"https:\/\/walltopia.com\/pl\/wp-json\/wp\/v2\/pages\/123783\/revisions"}],"wp:attachment":[{"href":"https:\/\/walltopia.com\/pl\/wp-json\/wp\/v2\/media?parent=123783"}],"curies":[{"name":"wp","href":"https:\/\/api.w.org\/{rel}","templated":true}]}}